{"version":"1.0","provider_name":"Feuerwehr Passau - L\u00f6schzug Hauptwache","provider_url":"https:\/\/www.ffpassau.de\/hauptwache","author_name":"Markus Kornexl","author_url":"https:\/\/www.ffpassau.de\/hauptwache\/author\/markuskornexl\/","title":"Transporter f\u00fcr die Freiwillige Feuerwehr Passau - Feuerwehr Passau - L\u00f6schzug Hauptwache","type":"rich","width":600,"height":338,"html":"<blockquote class=\"wp-embedded-content\" data-secret=\"KVnB1tqYRa\"><a href=\"https:\/\/www.ffpassau.de\/hauptwache\/2020\/07\/01\/transporter-fuer-die-freiwillige-feuerwehr-passau\/\">Transporter f\u00fcr die Freiwillige Feuerwehr Passau<\/a><\/blockquote><iframe sandbox=\"allow-scripts\" security=\"restricted\" src=\"https:\/\/www.ffpassau.de\/hauptwache\/2020\/07\/01\/transporter-fuer-die-freiwillige-feuerwehr-passau\/embed\/#?secret=KVnB1tqYRa\" width=\"600\" height=\"338\" title=\"&#8222;Transporter f\u00fcr die Freiwillige Feuerwehr Passau&#8220; &#8211; Feuerwehr Passau - L\u00f6schzug Hauptwache\" data-secret=\"KVnB1tqYRa\" frameborder=\"0\" marginwidth=\"0\" marginheight=\"0\" scrolling=\"no\" class=\"wp-embedded-content\"><\/iframe><script type=\"text\/javascript\">\n\/* <![CDATA[ *\/\n\/*! This file is auto-generated *\/\n!function(d,l){\"use strict\";l.querySelector&&d.addEventListener&&\"undefined\"!=typeof URL&&(d.wp=d.wp||{},d.wp.receiveEmbedMessage||(d.wp.receiveEmbedMessage=function(e){var t=e.data;if((t||t.secret||t.message||t.value)&&!\/[^a-zA-Z0-9]\/.test(t.secret)){for(var s,r,n,a=l.querySelectorAll('iframe[data-secret=\"'+t.secret+'\"]'),o=l.querySelectorAll('blockquote[data-secret=\"'+t.secret+'\"]'),c=new RegExp(\"^https?:$\",\"i\"),i=0;i<o.length;i++)o[i].style.display=\"none\";for(i=0;i<a.length;i++)s=a[i],e.source===s.contentWindow&&(s.removeAttribute(\"style\"),\"height\"===t.message?(1e3<(r=parseInt(t.value,10))?r=1e3:~~r<200&&(r=200),s.height=r):\"link\"===t.message&&(r=new URL(s.getAttribute(\"src\")),n=new URL(t.value),c.test(n.protocol))&&n.host===r.host&&l.activeElement===s&&(d.top.location.href=t.value))}},d.addEventListener(\"message\",d.wp.receiveEmbedMessage,!1),l.addEventListener(\"DOMContentLoaded\",function(){for(var e,t,s=l.querySelectorAll(\"iframe.wp-embedded-content\"),r=0;r<s.length;r++)(t=(e=s[r]).getAttribute(\"data-secret\"))||(t=Math.random().toString(36).substring(2,12),e.src+=\"#?secret=\"+t,e.setAttribute(\"data-secret\",t)),e.contentWindow.postMessage({message:\"ready\",secret:t},\"*\")},!1)))}(window,document);\n\/* ]]> *\/\n<\/script>\n","thumbnail_url":"https:\/\/www.ffpassau.de\/hauptwache\/wp-content\/uploads\/sites\/4\/2020\/07\/20200618_mK_ffP_Uebergab_MTW_OB_-27-scaled.jpg","thumbnail_width":2560,"thumbnail_height":1707,"description":"Oberb\u00fcrgermeister J\u00fcrgen Dupper \u00fcbergibt L\u00f6schzug Hauptwache neues Fahrzeug Um f\u00fcr Eins\u00e4tze optimal ger\u00fcstet zu sein, hat die Stadt Passau f\u00fcr die Freiwillige Feuerwehr Passau einen neuen Mannschaftstransportwagen angeschafft. Den etwa 95.000 Euro teuren Neuerwerb hat Oberb\u00fcrgermeister J\u00fcrgen Dupper bei einem Ortstermin in der Hauptwache an Stadtbrandrat Andreas Dittlmann und die zust\u00e4ndigen Feuerwehrleute des L\u00f6schzugs Hauptwache \u00fcbergeben. Oberb\u00fcrgermeister J\u00fcrgen Dupper: \u201eUnsere Feuerwehren verrichten einen unsch\u00e4tzbar wertvollen Dienst an der gesamten B\u00fcrgerschaft. Neben dem ehrenamtlichen Engagement der Aktiven ist daf\u00fcr eine Ausstattung vonn\u00f6ten, die stets den aktuellen Anforderungen und Standards entspricht. Ich freue mich deswegen sehr, dass nun der L\u00f6schzug Hauptwache ein einsatztaktisch optimal ausgestattetes Fahrzeug erhalten hat.\u201c Der neue Mannschaftstransportwagen f\u00fcr die Hauptwache hat ein MAN Fahrgestell mit Allrad. Durch das Klappdisplay auf dem Dach hat das Fahrzeug eine Zusatzausstattung, die vor allem bei Verkehrsunf\u00e4llen die weiteren Verkehrsteilnehmer warnen und die [&hellip;]"}