{"version":"1.0","provider_name":"Feuerwehr Passau - L\u00f6schzug Hauptwache","provider_url":"https:\/\/www.ffpassau.de\/hauptwache","author_name":"Markus Kornexl","author_url":"https:\/\/www.ffpassau.de\/hauptwache\/author\/markuskornexl\/","title":"#freiwilligf\u00fcrPAssau |\u00a0#PAckmitan - Feuerwehr Passau - L\u00f6schzug Hauptwache","type":"rich","width":600,"height":338,"html":"<blockquote class=\"wp-embedded-content\" data-secret=\"ZoMWrLt2Z9\"><a href=\"https:\/\/www.ffpassau.de\/hauptwache\/2020\/12\/05\/freiwilligfuerpassau-packmitan\/\">#freiwilligf\u00fcrPAssau |\u00a0#PAckmitan<\/a><\/blockquote><iframe sandbox=\"allow-scripts\" security=\"restricted\" src=\"https:\/\/www.ffpassau.de\/hauptwache\/2020\/12\/05\/freiwilligfuerpassau-packmitan\/embed\/#?secret=ZoMWrLt2Z9\" width=\"600\" height=\"338\" title=\"&#8222;#freiwilligf\u00fcrPAssau |\u00a0#PAckmitan&#8220; &#8211; Feuerwehr Passau - L\u00f6schzug Hauptwache\" data-secret=\"ZoMWrLt2Z9\" frameborder=\"0\" marginwidth=\"0\" marginheight=\"0\" scrolling=\"no\" class=\"wp-embedded-content\"><\/iframe><script type=\"text\/javascript\">\n\/* <![CDATA[ *\/\n\/*! This file is auto-generated *\/\n!function(d,l){\"use strict\";l.querySelector&&d.addEventListener&&\"undefined\"!=typeof URL&&(d.wp=d.wp||{},d.wp.receiveEmbedMessage||(d.wp.receiveEmbedMessage=function(e){var t=e.data;if((t||t.secret||t.message||t.value)&&!\/[^a-zA-Z0-9]\/.test(t.secret)){for(var s,r,n,a=l.querySelectorAll('iframe[data-secret=\"'+t.secret+'\"]'),o=l.querySelectorAll('blockquote[data-secret=\"'+t.secret+'\"]'),c=new RegExp(\"^https?:$\",\"i\"),i=0;i<o.length;i++)o[i].style.display=\"none\";for(i=0;i<a.length;i++)s=a[i],e.source===s.contentWindow&&(s.removeAttribute(\"style\"),\"height\"===t.message?(1e3<(r=parseInt(t.value,10))?r=1e3:~~r<200&&(r=200),s.height=r):\"link\"===t.message&&(r=new URL(s.getAttribute(\"src\")),n=new URL(t.value),c.test(n.protocol))&&n.host===r.host&&l.activeElement===s&&(d.top.location.href=t.value))}},d.addEventListener(\"message\",d.wp.receiveEmbedMessage,!1),l.addEventListener(\"DOMContentLoaded\",function(){for(var e,t,s=l.querySelectorAll(\"iframe.wp-embedded-content\"),r=0;r<s.length;r++)(t=(e=s[r]).getAttribute(\"data-secret\"))||(t=Math.random().toString(36).substring(2,12),e.src+=\"#?secret=\"+t,e.setAttribute(\"data-secret\",t)),e.contentWindow.postMessage({message:\"ready\",secret:t},\"*\")},!1)))}(window,document);\n\/* ]]> *\/\n<\/script>\n","thumbnail_url":"https:\/\/www.ffpassau.de\/hauptwache\/wp-content\/uploads\/sites\/4\/2020\/12\/Plakat_Mitgliederwerbung_FB-scaled.jpg","thumbnail_width":2560,"thumbnail_height":1808,"description":"Wir haben ein Ziel. Wir haben einen Plan.\u00a0Werbung ist wichtig. Die Ergebnisse einiger Modellberechnungen machen deutlich, was viele bereits vermuten: die Mitgliederzahlen bei den Freiwilligen Feuerwehren werden zur\u00fcckgehen. In zehn Jahren werden die Feuerwehren voraussichtlich \u00fcber rund 15% weniger Personal verf\u00fcgen. Die demografische Entwicklung l\u00e4sst sich nicht aufhalten, aber es gibt keinen Grund den Kopf in den Sand zu stecken. Man muss dieser Entwicklung bereits heute gegensteuern. Um das Ehrenamt Feuerwehr auch f\u00fcr die Zukunft zu sichern. In Zeiten der Digitalisierung und Schnelllebigkeit k\u00f6nnen sich nur noch wenige Menschen f\u00fcr ein ehrenamtliches Engagement in einem Verein wie der Feuerwehr begeistern. Dabei ist diese Beteiligung ein elementarer Baustein und hat gro\u00dfe Bedeutung f\u00fcr den gesellschaftlichen Zusammenhalt. Ein Verein lebt von seinen Mitgliedern. Und neue Mitglieder zu finden wird immer schwieriger. Wir m\u00f6chten jedoch noch viele Mitb\u00fcrgerinnen und Mitb\u00fcrger dazu bewegen, sich [&hellip;]"}