{"id":25,"date":"2020-02-11T11:23:55","date_gmt":"2020-02-11T10:23:55","guid":{"rendered":"http:\/\/localhost\/hauptwache\/?page_id=25"},"modified":"2020-03-21T14:20:48","modified_gmt":"2020-03-21T13:20:48","slug":"aktive","status":"publish","type":"page","link":"https:\/\/www.ffpassau.de\/hauptwache\/aktive\/","title":{"rendered":"Aktive"},"content":{"rendered":"<div id=\"pl-25\"  class=\"panel-layout\" ><div id=\"pg-25-0\"  class=\"panel-grid panel-no-style\" ><div id=\"pgc-25-0-0\"  class=\"panel-grid-cell panel-grid-cell-mobile-last\" ><div id=\"panel-25-0-0-0\" class=\"so-panel widget widget_sow-editor panel-first-child panel-last-child\" data-index=\"0\" ><div\n\t\t\t\n\t\t\tclass=\"so-widget-sow-editor so-widget-sow-editor-base\"\n\t\t\t\n\t\t>\n<div class=\"siteorigin-widget-tinymce textwidget\">\n\t<h3>Aktive Mannschaft Feuerwehr Passau L\u00f6schzug Hauptwache<\/h3>\n<p>Wer in Passau den Notruf 112 w\u00e4hlt, bekommt innerhalb weniger Minuten Hilfe von der Feuerwehr. Dabei handelt es sich um <strong>freiwillige Kr\u00e4fte.<\/strong> Unsere vier Hauptziele sind: Retten, L\u00f6schen, Bergen, Sch\u00fctzen.<\/p>\n<p>Ohne diese Aktiven g\u00e4be es kein Ehrenamt Feuerwehr.<\/p>\n<blockquote>\n<p><strong>\"Pers\u00f6nlichkeiten werden nicht durch sch\u00f6ne Reden geformt, sondern durch Arbeit und eigene Leistung.\"<\/strong><\/p>\n<\/blockquote>\n<p style=\"text-align: right;\">Albert Einstein<\/p>\n<blockquote>\n<pre><\/pre>\n<\/blockquote>\n<\/div>\n<\/div><\/div><\/div><div id=\"pgc-25-0-1\"  class=\"panel-grid-cell panel-grid-cell-empty\" ><\/div><\/div><div id=\"pg-25-1\"  class=\"panel-grid panel-has-style\" ><div class=\"inverted padded streched panel-row-style panel-row-style-for-25-1\" ><div id=\"pgc-25-1-0\"  class=\"panel-grid-cell\" ><div id=\"panel-25-1-0-0\" class=\"widget_text so-panel widget widget_custom_html panel-first-child panel-last-child\" data-index=\"1\" ><div class=\"textwidget custom-html-widget\">\n\n<div class=\"members-wrapper\">\n\n\t\t<div class=\"members-item\">\n\t\t\t<div class=\"members-item__wrapper\">\n\t\t\t\t<div class=\"members-item__top\">\n\t\t\t\t\t<div class=\"members-item__image\">\n\t\t\t\t\t\t\t\t\t\t<div class=\"members-item__image--inner members-item__image--member\" style=\"background-image: url('https:\/\/www.ffpassau.de\/hauptwache\/wp-content\/uploads\/sites\/4\/2022\/09\/Dittlmann_Andreas_1-e1728499903944.jpg');\"><\/div>\t\n\t\t\t\t\t\t\t\t\t\t<\/div>\n\n\n\t\t\t\t\t\t\t\t\t\t<div class=\"members-item__meta\">\n\t\t\t\t\t\tStadtbrandrat\t\t\t\t\t<\/div>\n\t\t\t\t\t\t\n\t\t\t\t\t<div class=\"members-item__header\">\n\t\t\t\t\t\tAndreas Dittlmann\t\t\t\t\t<\/div>\n\t\t\t\t\t\t\t\t\t\t<div class=\"members-item__dienst\">\n\t\t\t\t\t\tKommandant der Feuerwehr Passau\t\t\t\t\t<\/div>\n\t\t\t\t\t\t\t\t\t\t\t\t\t\t\n\t\t\t\t\t\n\t\t\t\t\t\t\t\t\t\t\t\t\t\t\t<div class=\"members-item__email\">\n\t\t\t\t\t<span class=\"lnr lnr-envelope\"><\/span> <a href=\"mailto:sbr@feuerwehr-passau.de\" target=\"_blank\">sbr@feuerwehr-passau.de<\/a>\n\t\t\t\t\t<\/div>\n\t\t\t\t\t\n\t\t\t\t<\/div>\n\t\t\t<\/div>\n\t\t<\/div>\n\n\t\t\t\t<div class=\"members-item\">\n\t\t\t<div class=\"members-item__wrapper\">\n\t\t\t\t<div class=\"members-item__top\">\n\t\t\t\t\t<div class=\"members-item__image\">\n\t\t\t\t\t\t\t\t\t\t<div class=\"members-item__image--inner members-item__image--member\" style=\"background-image: url('https:\/\/www.ffpassau.de\/hauptwache\/wp-content\/uploads\/sites\/4\/2025\/01\/Dillinger_Fl.jpg');\"><\/div>\t\n\t\t\t\t\t\t\t\t\t\t<\/div>\n\n\n\t\t\t\t\t\t\t\t\t\t<div class=\"members-item__meta\">\n\t\t\t\t\t\tStadtbrandinspektor\t\t\t\t\t<\/div>\n\t\t\t\t\t\t\n\t\t\t\t\t<div class=\"members-item__header\">\n\t\t\t\t\t\tFlorian Dillinger\t\t\t\t\t<\/div>\n\t\t\t\t\t\t\t\t\t\t<div class=\"members-item__dienst\">\n\t\t\t\t\t\tStellv. Kommandant der Feuerwehr Passau\t\t\t\t\t<\/div>\n\t\t\t\t\t\t\t\t\t\t\t\t\t\t\n\t\t\t\t\t\n\t\t\t\t\t\t\t\t\t\t\t\t\t\t\t<div class=\"members-item__email\">\n\t\t\t\t\t<span class=\"lnr lnr-envelope\"><\/span> <a href=\"mailto:sbi@feuerwehr-passau.de\" target=\"_blank\">sbi@feuerwehr-passau.de<\/a>\n\t\t\t\t\t<\/div>\n\t\t\t\t\t\n\t\t\t\t<\/div>\n\t\t\t<\/div>\n\t\t<\/div>\n\n\t\t\t\t<div class=\"members-item\">\n\t\t\t<div class=\"members-item__wrapper\">\n\t\t\t\t<div class=\"members-item__top\">\n\t\t\t\t\t<div class=\"members-item__image\">\n\t\t\t\t\t\t\t\t\t\t<div class=\"members-item__image--inner members-item__image--member\" style=\"background-image: url('https:\/\/www.ffpassau.de\/hauptwache\/wp-content\/uploads\/sites\/4\/2022\/09\/Gleixner_Tobias_1-e1728500410514.jpg');\"><\/div>\t\n\t\t\t\t\t\t\t\t\t\t<\/div>\n\n\n\t\t\t\t\t\t\t\t\t\t<div class=\"members-item__meta\">\n\t\t\t\t\t\tBrandmeister\t\t\t\t\t<\/div>\n\t\t\t\t\t\t\n\t\t\t\t\t<div class=\"members-item__header\">\n\t\t\t\t\t\tTobias Gleixner\t\t\t\t\t<\/div>\n\t\t\t\t\t\t\t\t\t\t<div class=\"members-item__dienst\">\n\t\t\t\t\t\tZugf\u00fchrer\t\t\t\t\t<\/div>\n\t\t\t\t\t\t\t\t\t\t\t\t\t\t\n\t\t\t\t\t\t\t\t\t\t<div class=\"members-item__content\">\n\t\t\t\t\t\t<p>Stadtbrandmeister Vorbeugender Brandschutz<\/p>\n\t\t\t\t\t<\/div>\n\t\t\t\t\t\n\t\t\t\t\t\t\t\t\t\t\t\t\t\t\t<div class=\"members-item__email\">\n\t\t\t\t\t<span class=\"lnr lnr-envelope\"><\/span> <a href=\"mailto:tobias.gleixner@feuerwehr-passau.de\" target=\"_blank\">tobias.gleixner@feuerwehr-passau.de<\/a>\n\t\t\t\t\t<\/div>\n\t\t\t\t\t\n\t\t\t\t<\/div>\n\t\t\t<\/div>\n\t\t<\/div>\n\n\t\t\t\t<div class=\"members-item\">\n\t\t\t<div class=\"members-item__wrapper\">\n\t\t\t\t<div class=\"members-item__top\">\n\t\t\t\t\t<div class=\"members-item__image\">\n\t\t\t\t\t\t\t\t\t\t<div class=\"members-item__image--inner members-item__image--member\" style=\"background-image: url('https:\/\/www.ffpassau.de\/hauptwache\/wp-content\/uploads\/sites\/4\/2022\/09\/Freudenstein_Stefan_1-e1728500562105.jpg');\"><\/div>\t\n\t\t\t\t\t\t\t\t\t\t<\/div>\n\n\n\t\t\t\t\t\t\t\t\t\t<div class=\"members-item__meta\">\n\t\t\t\t\t\tHauptl\u00f6schmeister\t\t\t\t\t<\/div>\n\t\t\t\t\t\t\n\t\t\t\t\t<div class=\"members-item__header\">\n\t\t\t\t\t\tStefan Freudenstein\t\t\t\t\t<\/div>\n\t\t\t\t\t\t\t\t\t\t<div class=\"members-item__dienst\">\n\t\t\t\t\t\t1. Stellvertretender Zugf\u00fchrer\t\t\t\t\t<\/div>\n\t\t\t\t\t\t\t\t\t\t\t\t\t\t\n\t\t\t\t\t\t\t\t\t\t<div class=\"members-item__content\">\n\t\t\t\t\t\t<p>Ausbilder f\u00fcr Motors\u00e4genf\u00fchrer<\/p>\n\t\t\t\t\t<\/div>\n\t\t\t\t\t\n\t\t\t\t\t\t\t\t\t\t\t\t\t\t\t<div class=\"members-item__email\">\n\t\t\t\t\t<span class=\"lnr lnr-envelope\"><\/span> <a href=\"mailto:stefan.freudenstein@feuerwehr-passau.de\" target=\"_blank\">stefan.freudenstein@feuerwehr-passau.de<\/a>\n\t\t\t\t\t<\/div>\n\t\t\t\t\t\n\t\t\t\t<\/div>\n\t\t\t<\/div>\n\t\t<\/div>\n\n\t\t\t\t<div class=\"members-item\">\n\t\t\t<div class=\"members-item__wrapper\">\n\t\t\t\t<div class=\"members-item__top\">\n\t\t\t\t\t<div class=\"members-item__image\">\n\t\t\t\t\t\t\t\t\t\t<div class=\"members-item__image--inner members-item__image--member\" style=\"background-image: url('https:\/\/www.ffpassau.de\/hauptwache\/wp-content\/uploads\/sites\/4\/2022\/09\/Kornexl_Markus_2-e1728500087846.jpg');\"><\/div>\t\n\t\t\t\t\t\t\t\t\t\t<\/div>\n\n\n\t\t\t\t\t\t\t\t\t\t<div class=\"members-item__meta\">\n\t\t\t\t\t\tHauptl\u00f6schmeister\t\t\t\t\t<\/div>\n\t\t\t\t\t\t\n\t\t\t\t\t<div class=\"members-item__header\">\n\t\t\t\t\t\tMarkus Kornexl\t\t\t\t\t<\/div>\n\t\t\t\t\t\t\t\t\t\t<div class=\"members-item__dienst\">\n\t\t\t\t\t\t2. Stellvertretender Zugf\u00fchrer L\u00f6schzug Hauptwache\t\t\t\t\t<\/div>\n\t\t\t\t\t\t\t\t\t\t\t\t\t\t\n\t\t\t\t\t\t\t\t\t\t<div class=\"members-item__content\">\n\t\t\t\t\t\t<p>Presse- und \u00d6ffentlichkeitsarbeit Einsatzdokumentation<\/p>\n<p>Leitung Feuerwehreinsatzzentrale (FEZ)<\/p>\n<p>Leitung F\u00fchrungsunterst\u00fctzung (F\u00fcU)<\/p>\n\t\t\t\t\t<\/div>\n\t\t\t\t\t\n\t\t\t\t\t\t\t\t\t\t\t\t\t\t\t<div class=\"members-item__email\">\n\t\t\t\t\t<span class=\"lnr lnr-envelope\"><\/span> <a href=\"mailto:markus.kornexl@feuerwehr-passau.de\" target=\"_blank\">markus.kornexl@feuerwehr-passau.de<\/a>\n\t\t\t\t\t<\/div>\n\t\t\t\t\t\n\t\t\t\t<\/div>\n\t\t\t<\/div>\n\t\t<\/div>\n\n\t\t\t\t<div class=\"members-item\">\n\t\t\t<div class=\"members-item__wrapper\">\n\t\t\t\t<div class=\"members-item__top\">\n\t\t\t\t\t<div class=\"members-item__image\">\n\t\t\t\t\t\t\t\t\t\t<div class=\"members-item__image--inner members-item__image--member\" style=\"background-image: url('https:\/\/www.ffpassau.de\/hauptwache\/wp-content\/uploads\/sites\/4\/2022\/09\/Fussan_Carsten_1-e1728500357381.jpg');\"><\/div>\t\n\t\t\t\t\t\t\t\t\t\t<\/div>\n\n\n\t\t\t\t\t\t\t\t\t\t<div class=\"members-item__meta\">\n\t\t\t\t\t\tOberl\u00f6schmeister\t\t\t\t\t<\/div>\n\t\t\t\t\t\t\n\t\t\t\t\t<div class=\"members-item__header\">\n\t\t\t\t\t\tCarsten Fussan\t\t\t\t\t<\/div>\n\t\t\t\t\t\t\t\t\t\t<div class=\"members-item__dienst\">\n\t\t\t\t\t\tGruppenf\u00fchrer Gruppe 1\t\t\t\t\t<\/div>\n\t\t\t\t\t\t\t\t\t\t\t\t\t\t\n\t\t\t\t\t\t\t\t\t\t<div class=\"members-item__content\">\n\t\t\t\t\t\t<p>Ausbilder der Maschinisten<\/p>\n\t\t\t\t\t<\/div>\n\t\t\t\t\t\n\t\t\t\t\t\t\t\t\t\t\t\t\t\t\t<div class=\"members-item__email\">\n\t\t\t\t\t<span class=\"lnr lnr-envelope\"><\/span> <a href=\"mailto:carsten.fussan@feuerwehr-passau.de\" target=\"_blank\">carsten.fussan@feuerwehr-passau.de<\/a>\n\t\t\t\t\t<\/div>\n\t\t\t\t\t\n\t\t\t\t<\/div>\n\t\t\t<\/div>\n\t\t<\/div>\n\n\t\t\t\t<div class=\"members-item\">\n\t\t\t<div class=\"members-item__wrapper\">\n\t\t\t\t<div class=\"members-item__top\">\n\t\t\t\t\t<div class=\"members-item__image\">\n\t\t\t\t\t\t\t\t\t\t<div class=\"members-item__image--inner members-item__image--member\" style=\"background-image: url('https:\/\/www.ffpassau.de\/hauptwache\/wp-content\/uploads\/sites\/4\/2022\/09\/Fasching_Manfred_1-e1728500001366.jpg');\"><\/div>\t\n\t\t\t\t\t\t\t\t\t\t<\/div>\n\n\n\t\t\t\t\t\t\t\t\t\t<div class=\"members-item__meta\">\n\t\t\t\t\t\tBrandmeister\t\t\t\t\t<\/div>\n\t\t\t\t\t\t\n\t\t\t\t\t<div class=\"members-item__header\">\n\t\t\t\t\t\tManfred Fasching\t\t\t\t\t<\/div>\n\t\t\t\t\t\t\t\t\t\t<div class=\"members-item__dienst\">\n\t\t\t\t\t\tGruppenf\u00fchrer Gruppe 2\t\t\t\t\t<\/div>\n\t\t\t\t\t\t\t\t\t\t\t\t\t\t\n\t\t\t\t\t\t\t\t\t\t<div class=\"members-item__content\">\n\t\t\t\t\t\t<p>Leiter H\u00f6hensicherungsgruppe<\/p>\n<p>Sicherheitswachen<\/p>\n\t\t\t\t\t<\/div>\n\t\t\t\t\t\n\t\t\t\t\t\t\t\t\t\t\t\t\t\t\t<div class=\"members-item__email\">\n\t\t\t\t\t<span class=\"lnr lnr-envelope\"><\/span> <a href=\"mailto:manfred.fasching@feuerwehr-passau.de\" target=\"_blank\">manfred.fasching@feuerwehr-passau.de<\/a>\n\t\t\t\t\t<\/div>\n\t\t\t\t\t\n\t\t\t\t<\/div>\n\t\t\t<\/div>\n\t\t<\/div>\n\n\t\t\t\t<div class=\"members-item\">\n\t\t\t<div class=\"members-item__wrapper\">\n\t\t\t\t<div class=\"members-item__top\">\n\t\t\t\t\t<div class=\"members-item__image\">\n\t\t\t\t\t\t\t\t\t\t<div class=\"members-item__image--inner members-item__image--member\" style=\"background-image: url('https:\/\/www.ffpassau.de\/hauptwache\/wp-content\/uploads\/sites\/4\/2026\/04\/RANG_TONI_PSA_1.jpg');\"><\/div>\t\n\t\t\t\t\t\t\t\t\t\t<\/div>\n\n\n\t\t\t\t\t\t\t\t\t\t<div class=\"members-item__meta\">\n\t\t\t\t\t\tStadtbrandmeister Atemschutzwesen und CBRN-E\t\t\t\t\t<\/div>\n\t\t\t\t\t\t\n\t\t\t\t\t<div class=\"members-item__header\">\n\t\t\t\t\t\tToni Rang\t\t\t\t\t<\/div>\n\t\t\t\t\t\t\t\t\t\t<div class=\"members-item__dienst\">\n\t\t\t\t\t\tStellvertretender Gruppenf\u00fchrer Gruppe 1\t\t\t\t\t<\/div>\n\t\t\t\t\t\t\t\t\t\t\t\t\t\t\n\t\t\t\t\t\t\t\t\t\t<div class=\"members-item__content\">\n\t\t\t\t\t\t<p>Leiter Atemschutz | Ausbilder Atemschutz<\/p>\n\t\t\t\t\t<\/div>\n\t\t\t\t\t\n\t\t\t\t\t\t\t\t\t\t\t\t\t\t\t<div class=\"members-item__email\">\n\t\t\t\t\t<span class=\"lnr lnr-envelope\"><\/span> <a href=\"mailto:toni.rang@feuerwehr-passau.de\" target=\"_blank\">toni.rang@feuerwehr-passau.de<\/a>\n\t\t\t\t\t<\/div>\n\t\t\t\t\t\n\t\t\t\t<\/div>\n\t\t\t<\/div>\n\t\t<\/div>\n\n\t\t\t\t<div class=\"members-item\">\n\t\t\t<div class=\"members-item__wrapper\">\n\t\t\t\t<div class=\"members-item__top\">\n\t\t\t\t\t<div class=\"members-item__image\">\n\t\t\t\t\t\t\t\t\t\t<div class=\"members-item__image--inner members-item__image--member\" style=\"background-image: url('https:\/\/www.ffpassau.de\/hauptwache\/wp-content\/uploads\/sites\/4\/2022\/09\/Schlarb_Maximilian_1-e1728500590285.jpg');\"><\/div>\t\n\t\t\t\t\t\t\t\t\t\t<\/div>\n\n\n\t\t\t\t\t\t\t\t\t\t<div class=\"members-item__meta\">\n\t\t\t\t\t\tL\u00f6schmeister\t\t\t\t\t<\/div>\n\t\t\t\t\t\t\n\t\t\t\t\t<div class=\"members-item__header\">\n\t\t\t\t\t\tMaximilian Schlarb\t\t\t\t\t<\/div>\n\t\t\t\t\t\t\t\t\t\t<div class=\"members-item__dienst\">\n\t\t\t\t\t\tStellvertretender Gruppenf\u00fchrer Gruppe 2\t\t\t\t\t<\/div>\n\t\t\t\t\t\t\t\t\t\t\t\t\t\t\n\t\t\t\t\t\t\t\t\t\t<div class=\"members-item__content\">\n\t\t\t\t\t\t<p><strong>Jugendwart<\/strong><\/p>\n<p>Ausbilder H\u00f6hensicherungsgruppe<\/p>\n<p>Stellvertretende Leitung Feuerwehreinsatzzentrale (FEZ)<\/p>\n<p>Stellvertretende Leitung F\u00fchrungsunterst\u00fctzung (F\u00fcU)<\/p>\n\t\t\t\t\t<\/div>\n\t\t\t\t\t\n\t\t\t\t\t\t\t\t\t\t\t\t\t\t\t<div class=\"members-item__email\">\n\t\t\t\t\t<span class=\"lnr lnr-envelope\"><\/span> <a href=\"mailto:maximilian.schlarb@feuerwehr-passau.de\" target=\"_blank\">maximilian.schlarb@feuerwehr-passau.de<\/a>\n\t\t\t\t\t<\/div>\n\t\t\t\t\t\n\t\t\t\t<\/div>\n\t\t\t<\/div>\n\t\t<\/div>\n\n\t\t\t\t<div class=\"members-item\">\n\t\t\t<div class=\"members-item__wrapper\">\n\t\t\t\t<div class=\"members-item__top\">\n\t\t\t\t\t<div class=\"members-item__image\">\n\t\t\t\t\t\t\t\t\t\t<div class=\"members-item__image--inner members-item__image--member\" style=\"background-image: url('https:\/\/www.ffpassau.de\/hauptwache\/wp-content\/uploads\/sites\/4\/2022\/09\/Hallhuber_Peter_1-e1728500608675.jpg');\"><\/div>\t\n\t\t\t\t\t\t\t\t\t\t<\/div>\n\n\n\t\t\t\t\t\t\t\t\t\t<div class=\"members-item__meta\">\n\t\t\t\t\t\tBrandmeister\t\t\t\t\t<\/div>\n\t\t\t\t\t\t\n\t\t\t\t\t<div class=\"members-item__header\">\n\t\t\t\t\t\tPeter Hallhuber\t\t\t\t\t<\/div>\n\t\t\t\t\t\t\t\t\t\t<div class=\"members-item__dienst\">\n\t\t\t\t\t\tStellv. Schichtleiter Hauptamtliche Tagwache\t\t\t\t\t<\/div>\n\t\t\t\t\t\t\t\t\t\t\t\t\t\t\n\t\t\t\t\t\t\t\t\t\t<div class=\"members-item__content\">\n\t\t\t\t\t\t<p>F\u00fchrungsdienstgrad THL<\/p>\n\t\t\t\t\t<\/div>\n\t\t\t\t\t\n\t\t\t\t\t\t\t\t\t\t\t\t\t\t\t<div class=\"members-item__email\">\n\t\t\t\t\t<span class=\"lnr lnr-envelope\"><\/span> <a href=\"mailto:peter.hallhuber@feuerwehr-passau.de\" target=\"_blank\">peter.hallhuber@feuerwehr-passau.de<\/a>\n\t\t\t\t\t<\/div>\n\t\t\t\t\t\n\t\t\t\t<\/div>\n\t\t\t<\/div>\n\t\t<\/div>\n\n\t\t\t\t<div class=\"members-item\">\n\t\t\t<div class=\"members-item__wrapper\">\n\t\t\t\t<div class=\"members-item__top\">\n\t\t\t\t\t<div class=\"members-item__image\">\n\t\t\t\t\t\t\t\t\t\t<div class=\"members-item__image--inner members-item__image--member\" style=\"background-image: url('https:\/\/www.ffpassau.de\/hauptwache\/wp-content\/uploads\/sites\/4\/2024\/09\/Kornexl_A-e1728500650114.jpg');\"><\/div>\t\n\t\t\t\t\t\t\t\t\t\t<\/div>\n\n\n\t\t\t\t\t\t\t\t\t\t<div class=\"members-item__meta\">\n\t\t\t\t\t\tStadtbrandmeister Funk\t\t\t\t\t<\/div>\n\t\t\t\t\t\t\n\t\t\t\t\t<div class=\"members-item__header\">\n\t\t\t\t\t\tAlexander Kornexl\t\t\t\t\t<\/div>\n\t\t\t\t\t\t\t\t\t\t<div class=\"members-item__dienst\">\n\t\t\t\t\t\tWachleiter Hauptamtliche Tagwache\t\t\t\t\t<\/div>\n\t\t\t\t\t\t\t\t\t\t\t\t\t\t\n\t\t\t\t\t\n\t\t\t\t\t\t\t\t\t\t\t\t\t\t\t<div class=\"members-item__email\">\n\t\t\t\t\t<span class=\"lnr lnr-envelope\"><\/span> <a href=\"mailto:alexander.kornexl@feuerwehr-passau.de\" target=\"_blank\">alexander.kornexl@feuerwehr-passau.de<\/a>\n\t\t\t\t\t<\/div>\n\t\t\t\t\t\n\t\t\t\t<\/div>\n\t\t\t<\/div>\n\t\t<\/div>\n\n\t\t\t\t<div class=\"members-item\">\n\t\t\t<div class=\"members-item__wrapper\">\n\t\t\t\t<div class=\"members-item__top\">\n\t\t\t\t\t<div class=\"members-item__image\">\n\t\t\t\t\t\t\t\t\t\t<div class=\"members-item__image--inner members-item__image--member\" style=\"background-image: url('https:\/\/www.ffpassau.de\/hauptwache\/wp-content\/uploads\/sites\/4\/2026\/04\/BECKER_JANICA-1-1.jpg');\"><\/div>\t\n\t\t\t\t\t\t\t\t\t\t<\/div>\n\n\n\t\t\t\t\t\t\t\t\t\t<div class=\"members-item__meta\">\n\t\t\t\t\t\tFeuerwehrfrau\t\t\t\t\t<\/div>\n\t\t\t\t\t\t\n\t\t\t\t\t<div class=\"members-item__header\">\n\t\t\t\t\t\tJanica Becker\t\t\t\t\t<\/div>\n\t\t\t\t\t\t\t\t\t\t<div class=\"members-item__dienst\">\n\t\t\t\t\t\tGruppe 2\t\t\t\t\t<\/div>\n\t\t\t\t\t\t\t\t\t\t\t\t\t\t\n\t\t\t\t\t\n\t\t\t\t\t\t\t\t\t\t\n\t\t\t\t<\/div>\n\t\t\t<\/div>\n\t\t<\/div>\n\n\t\t\t\t<div class=\"members-item\">\n\t\t\t<div class=\"members-item__wrapper\">\n\t\t\t\t<div class=\"members-item__top\">\n\t\t\t\t\t<div class=\"members-item__image\">\n\t\t\t\t\t\t\t\t\t\t<div class=\"members-item__image--inner members-item__image--member\" style=\"background-image: url('https:\/\/www.ffpassau.de\/hauptwache\/wp-content\/uploads\/sites\/4\/2026\/04\/BEHRINGER_ANNA-1.jpg');\"><\/div>\t\n\t\t\t\t\t\t\t\t\t\t<\/div>\n\n\n\t\t\t\t\t\t\t\t\t\t<div class=\"members-item__meta\">\n\t\t\t\t\t\tFeuerwehrfrau\t\t\t\t\t<\/div>\n\t\t\t\t\t\t\n\t\t\t\t\t<div class=\"members-item__header\">\n\t\t\t\t\t\tAnna Behringer\t\t\t\t\t<\/div>\n\t\t\t\t\t\t\t\t\t\t<div class=\"members-item__dienst\">\n\t\t\t\t\t\tGruppe 1\t\t\t\t\t<\/div>\n\t\t\t\t\t\t\t\t\t\t\t\t\t\t\n\t\t\t\t\t\n\t\t\t\t\t\t\t\t\t\t\n\t\t\t\t<\/div>\n\t\t\t<\/div>\n\t\t<\/div>\n\n\t\t\t\t<div class=\"members-item\">\n\t\t\t<div class=\"members-item__wrapper\">\n\t\t\t\t<div class=\"members-item__top\">\n\t\t\t\t\t<div class=\"members-item__image\">\n\t\t\t\t\t\t\t\t\t\t<div class=\"members-item__image--inner members-item__image--member\" style=\"background-image: url('https:\/\/www.ffpassau.de\/hauptwache\/wp-content\/uploads\/sites\/4\/2022\/09\/Bosold_Axel_1-e1728500749121.jpg');\"><\/div>\t\n\t\t\t\t\t\t\t\t\t\t<\/div>\n\n\n\t\t\t\t\t\t\t\t\t\t<div class=\"members-item__meta\">\n\t\t\t\t\t\tFeuerwehrmann\t\t\t\t\t<\/div>\n\t\t\t\t\t\t\n\t\t\t\t\t<div class=\"members-item__header\">\n\t\t\t\t\t\tAxel Bosold\t\t\t\t\t<\/div>\n\t\t\t\t\t\t\t\t\t\t<div class=\"members-item__dienst\">\n\t\t\t\t\t\tGruppe 1\t\t\t\t\t<\/div>\n\t\t\t\t\t\t\t\t\t\t\t\t\t\t\n\t\t\t\t\t\n\t\t\t\t\t\t\t\t\t\t\n\t\t\t\t<\/div>\n\t\t\t<\/div>\n\t\t<\/div>\n\n\t\t\t\t<div class=\"members-item\">\n\t\t\t<div class=\"members-item__wrapper\">\n\t\t\t\t<div class=\"members-item__top\">\n\t\t\t\t\t<div class=\"members-item__image\">\n\t\t\t\t\t\t\t\t\t\t<div class=\"members-item__image--inner members-item__image--member\" style=\"background-image: url('https:\/\/www.ffpassau.de\/hauptwache\/wp-content\/uploads\/sites\/4\/2022\/09\/Brandstetter_Dominik_1-1-e1728500837203.jpg');\"><\/div>\t\n\t\t\t\t\t\t\t\t\t\t<\/div>\n\n\n\t\t\t\t\t\t\t\t\t\t<div class=\"members-item__meta\">\n\t\t\t\t\t\tHauptfeuerwehrmann\t\t\t\t\t<\/div>\n\t\t\t\t\t\t\n\t\t\t\t\t<div class=\"members-item__header\">\n\t\t\t\t\t\tDominik Brandstetter\t\t\t\t\t<\/div>\n\t\t\t\t\t\t\t\t\t\t<div class=\"members-item__dienst\">\n\t\t\t\t\t\tGruppe 2\t\t\t\t\t<\/div>\n\t\t\t\t\t\t\t\t\t\t\t\t\t\t\n\t\t\t\t\t\n\t\t\t\t\t\t\t\t\t\t\n\t\t\t\t<\/div>\n\t\t\t<\/div>\n\t\t<\/div>\n\n\t\t\t\t<div class=\"members-item\">\n\t\t\t<div class=\"members-item__wrapper\">\n\t\t\t\t<div class=\"members-item__top\">\n\t\t\t\t\t<div class=\"members-item__image\">\n\t\t\t\t\t\t\t\t\t\t<div class=\"members-item__image--inner members-item__image--member\" style=\"background-image: url('https:\/\/www.ffpassau.de\/hauptwache\/wp-content\/uploads\/sites\/4\/2022\/09\/Buchmeier_Georgi_1-e1728500852110.jpg');\"><\/div>\t\n\t\t\t\t\t\t\t\t\t\t<\/div>\n\n\n\t\t\t\t\t\t\t\t\t\t<div class=\"members-item__meta\">\n\t\t\t\t\t\tOberfeuerwehrmann\t\t\t\t\t<\/div>\n\t\t\t\t\t\t\n\t\t\t\t\t<div class=\"members-item__header\">\n\t\t\t\t\t\tGeorgi Buchmeier\t\t\t\t\t<\/div>\n\t\t\t\t\t\t\t\t\t\t<div class=\"members-item__dienst\">\n\t\t\t\t\t\tGruppe 2\t\t\t\t\t<\/div>\n\t\t\t\t\t\t\t\t\t\t\t\t\t\t\n\t\t\t\t\t\n\t\t\t\t\t\t\t\t\t\t\n\t\t\t\t<\/div>\n\t\t\t<\/div>\n\t\t<\/div>\n\n\t\t\t\t<div class=\"members-item\">\n\t\t\t<div class=\"members-item__wrapper\">\n\t\t\t\t<div class=\"members-item__top\">\n\t\t\t\t\t<div class=\"members-item__image\">\n\t\t\t\t\t\t\t\t\t\t<div class=\"members-item__image--inner members-item__image--member\" style=\"background-image: url('https:\/\/www.ffpassau.de\/hauptwache\/wp-content\/uploads\/sites\/4\/2023\/11\/Buchwald_Jonas.jpg');\"><\/div>\t\n\t\t\t\t\t\t\t\t\t\t<\/div>\n\n\n\t\t\t\t\t\t\t\t\t\t<div class=\"members-item__meta\">\n\t\t\t\t\t\tFeuerwehranw\u00e4rter\t\t\t\t\t<\/div>\n\t\t\t\t\t\t\n\t\t\t\t\t<div class=\"members-item__header\">\n\t\t\t\t\t\tJonas Buchwald\t\t\t\t\t<\/div>\n\t\t\t\t\t\t\t\t\t\t<div class=\"members-item__dienst\">\n\t\t\t\t\t\tJugendgruppe\t\t\t\t\t<\/div>\n\t\t\t\t\t\t\t\t\t\t\t\t\t\t\n\t\t\t\t\t\n\t\t\t\t\t\t\t\t\t\t\n\t\t\t\t<\/div>\n\t\t\t<\/div>\n\t\t<\/div>\n\n\t\t\t\t<div class=\"members-item\">\n\t\t\t<div class=\"members-item__wrapper\">\n\t\t\t\t<div class=\"members-item__top\">\n\t\t\t\t\t<div class=\"members-item__image\">\n\t\t\t\t\t\t\t\t\t\t<div class=\"members-item__image--inner members-item__image--member\" style=\"background-image: url('https:\/\/www.ffpassau.de\/hauptwache\/wp-content\/uploads\/sites\/4\/2020\/03\/Picture_Blanket.jpg');\"><\/div>\t\n\t\t\t\t\t\t\t\t\t\t<\/div>\n\n\n\t\t\t\t\t\t\t\t\t\t<div class=\"members-item__meta\">\n\t\t\t\t\t\tFeuerwehranw\u00e4rterin\t\t\t\t\t<\/div>\n\t\t\t\t\t\t\n\t\t\t\t\t<div class=\"members-item__header\">\n\t\t\t\t\t\tAlecia Citu\t\t\t\t\t<\/div>\n\t\t\t\t\t\t\t\t\t\t<div class=\"members-item__dienst\">\n\t\t\t\t\t\tJugendgruppe\t\t\t\t\t<\/div>\n\t\t\t\t\t\t\t\t\t\t\t\t\t\t\n\t\t\t\t\t\n\t\t\t\t\t\t\t\t\t\t\n\t\t\t\t<\/div>\n\t\t\t<\/div>\n\t\t<\/div>\n\n\t\t\t\t<div class=\"members-item\">\n\t\t\t<div class=\"members-item__wrapper\">\n\t\t\t\t<div class=\"members-item__top\">\n\t\t\t\t\t<div class=\"members-item__image\">\n\t\t\t\t\t\t\t\t\t\t<div class=\"members-item__image--inner members-item__image--member\" style=\"background-image: url('https:\/\/www.ffpassau.de\/hauptwache\/wp-content\/uploads\/sites\/4\/2025\/08\/Eder_Tobias-scaled.jpg');\"><\/div>\t\n\t\t\t\t\t\t\t\t\t\t<\/div>\n\n\n\t\t\t\t\t\t\t\t\t\t<div class=\"members-item__meta\">\n\t\t\t\t\t\tFeuerwehranw\u00e4rter\t\t\t\t\t<\/div>\n\t\t\t\t\t\t\n\t\t\t\t\t<div class=\"members-item__header\">\n\t\t\t\t\t\tTobias Eder\t\t\t\t\t<\/div>\n\t\t\t\t\t\t\t\t\t\t<div class=\"members-item__dienst\">\n\t\t\t\t\t\tJugendgruppe\t\t\t\t\t<\/div>\n\t\t\t\t\t\t\t\t\t\t\t\t\t\t\n\t\t\t\t\t\n\t\t\t\t\t\t\t\t\t\t\n\t\t\t\t<\/div>\n\t\t\t<\/div>\n\t\t<\/div>\n\n\t\t\t\t<div class=\"members-item\">\n\t\t\t<div class=\"members-item__wrapper\">\n\t\t\t\t<div class=\"members-item__top\">\n\t\t\t\t\t<div class=\"members-item__image\">\n\t\t\t\t\t\t\t\t\t\t<div class=\"members-item__image--inner members-item__image--member\" style=\"background-image: url('https:\/\/www.ffpassau.de\/hauptwache\/wp-content\/uploads\/sites\/4\/2022\/09\/Eichlseder_Andreas_1-e1728500902339.jpg');\"><\/div>\t\n\t\t\t\t\t\t\t\t\t\t<\/div>\n\n\n\t\t\t\t\t\t\t\t\t\t<div class=\"members-item__meta\">\n\t\t\t\t\t\tFeuerwehrmann\t\t\t\t\t<\/div>\n\t\t\t\t\t\t\n\t\t\t\t\t<div class=\"members-item__header\">\n\t\t\t\t\t\tAndreas Eichlseder\t\t\t\t\t<\/div>\n\t\t\t\t\t\t\t\t\t\t<div class=\"members-item__dienst\">\n\t\t\t\t\t\tGruppe 2\t\t\t\t\t<\/div>\n\t\t\t\t\t\t\t\t\t\t\t\t\t\t\n\t\t\t\t\t\t\t\t\t\t<div class=\"members-item__content\">\n\t\t\t\t\t\t<p>Vertrauensmann | Beisitzer Feuerwehr Passau - L\u00f6schzug Hauptwache e.V.<\/p>\n\t\t\t\t\t<\/div>\n\t\t\t\t\t\n\t\t\t\t\t\t\t\t\t\t\n\t\t\t\t<\/div>\n\t\t\t<\/div>\n\t\t<\/div>\n\n\t\t\t\t<div class=\"members-item\">\n\t\t\t<div class=\"members-item__wrapper\">\n\t\t\t\t<div class=\"members-item__top\">\n\t\t\t\t\t<div class=\"members-item__image\">\n\t\t\t\t\t\t\t\t\t\t<div class=\"members-item__image--inner members-item__image--member\" style=\"background-image: url('https:\/\/www.ffpassau.de\/hauptwache\/wp-content\/uploads\/sites\/4\/2020\/03\/Picture_Blanket.jpg');\"><\/div>\t\n\t\t\t\t\t\t\t\t\t\t<\/div>\n\n\n\t\t\t\t\t\t\t\t\t\t<div class=\"members-item__meta\">\n\t\t\t\t\t\tFeuerwehrmann\t\t\t\t\t<\/div>\n\t\t\t\t\t\t\n\t\t\t\t\t<div class=\"members-item__header\">\n\t\t\t\t\t\tAlexander Feicht\t\t\t\t\t<\/div>\n\t\t\t\t\t\t\t\t\t\t<div class=\"members-item__dienst\">\n\t\t\t\t\t\tHauptamtliche Tagwache\t\t\t\t\t<\/div>\n\t\t\t\t\t\t\t\t\t\t\t\t\t\t\n\t\t\t\t\t\n\t\t\t\t\t\t\t\t\t\t\n\t\t\t\t<\/div>\n\t\t\t<\/div>\n\t\t<\/div>\n\n\t\t\t\t<div class=\"members-item\">\n\t\t\t<div class=\"members-item__wrapper\">\n\t\t\t\t<div class=\"members-item__top\">\n\t\t\t\t\t<div class=\"members-item__image\">\n\t\t\t\t\t\t\t\t\t\t<div class=\"members-item__image--inner members-item__image--member\" style=\"background-image: url('https:\/\/www.ffpassau.de\/hauptwache\/wp-content\/uploads\/sites\/4\/2026\/04\/FREUDENSTEIN_FRANZISKA-1.jpg');\"><\/div>\t\n\t\t\t\t\t\t\t\t\t\t<\/div>\n\n\n\t\t\t\t\t\t\t\t\t\t<div class=\"members-item__meta\">\n\t\t\t\t\t\tFeuerwehranw\u00e4rterin\t\t\t\t\t<\/div>\n\t\t\t\t\t\t\n\t\t\t\t\t<div class=\"members-item__header\">\n\t\t\t\t\t\tFranziska Freudenstein\t\t\t\t\t<\/div>\n\t\t\t\t\t\t\t\t\t\t<div class=\"members-item__dienst\">\n\t\t\t\t\t\tJugendgruppe\t\t\t\t\t<\/div>\n\t\t\t\t\t\t\t\t\t\t\t\t\t\t\n\t\t\t\t\t\n\t\t\t\t\t\t\t\t\t\t\n\t\t\t\t<\/div>\n\t\t\t<\/div>\n\t\t<\/div>\n\n\t\t\t\t<div class=\"members-item\">\n\t\t\t<div class=\"members-item__wrapper\">\n\t\t\t\t<div class=\"members-item__top\">\n\t\t\t\t\t<div class=\"members-item__image\">\n\t\t\t\t\t\t\t\t\t\t<div class=\"members-item__image--inner members-item__image--member\" style=\"background-image: url('https:\/\/www.ffpassau.de\/hauptwache\/wp-content\/uploads\/sites\/4\/2020\/03\/Picture_Blanket.jpg');\"><\/div>\t\n\t\t\t\t\t\t\t\t\t\t<\/div>\n\n\n\t\t\t\t\t\t\t\t\t\t<div class=\"members-item__meta\">\n\t\t\t\t\t\tFeuerwehrmann\t\t\t\t\t<\/div>\n\t\t\t\t\t\t\n\t\t\t\t\t<div class=\"members-item__header\">\n\t\t\t\t\t\tAhmad Ghasemi\t\t\t\t\t<\/div>\n\t\t\t\t\t\t\t\t\t\t\t\t\t\t\n\t\t\t\t\t\n\t\t\t\t\t\t\t\t\t\t\n\t\t\t\t<\/div>\n\t\t\t<\/div>\n\t\t<\/div>\n\n\t\t\t\t<div class=\"members-item\">\n\t\t\t<div class=\"members-item__wrapper\">\n\t\t\t\t<div class=\"members-item__top\">\n\t\t\t\t\t<div class=\"members-item__image\">\n\t\t\t\t\t\t\t\t\t\t<div class=\"members-item__image--inner members-item__image--member\" style=\"background-image: url('https:\/\/www.ffpassau.de\/hauptwache\/wp-content\/uploads\/sites\/4\/2020\/03\/Picture_Blanket.jpg');\"><\/div>\t\n\t\t\t\t\t\t\t\t\t\t<\/div>\n\n\n\t\t\t\t\t\t\t\t\t\t<div class=\"members-item__meta\">\n\t\t\t\t\t\tFeuerwehranw\u00e4rter\t\t\t\t\t<\/div>\n\t\t\t\t\t\t\n\t\t\t\t\t<div class=\"members-item__header\">\n\t\t\t\t\t\tWassilios Giannoulis\t\t\t\t\t<\/div>\n\t\t\t\t\t\t\t\t\t\t<div class=\"members-item__dienst\">\n\t\t\t\t\t\tJugendgruppe\t\t\t\t\t<\/div>\n\t\t\t\t\t\t\t\t\t\t\t\t\t\t\n\t\t\t\t\t\n\t\t\t\t\t\t\t\t\t\t\n\t\t\t\t<\/div>\n\t\t\t<\/div>\n\t\t<\/div>\n\n\t\t\t\t<div class=\"members-item\">\n\t\t\t<div class=\"members-item__wrapper\">\n\t\t\t\t<div class=\"members-item__top\">\n\t\t\t\t\t<div class=\"members-item__image\">\n\t\t\t\t\t\t\t\t\t\t<div class=\"members-item__image--inner members-item__image--member\" style=\"background-image: url('https:\/\/www.ffpassau.de\/hauptwache\/wp-content\/uploads\/sites\/4\/2022\/09\/Gleixner_Lorenz_1-e1728500967600.jpg');\"><\/div>\t\n\t\t\t\t\t\t\t\t\t\t<\/div>\n\n\n\t\t\t\t\t\t\t\t\t\t<div class=\"members-item__meta\">\n\t\t\t\t\t\tFeuerwehranw\u00e4rter\t\t\t\t\t<\/div>\n\t\t\t\t\t\t\n\t\t\t\t\t<div class=\"members-item__header\">\n\t\t\t\t\t\tLorenz Gleixner\t\t\t\t\t<\/div>\n\t\t\t\t\t\t\t\t\t\t<div class=\"members-item__dienst\">\n\t\t\t\t\t\tJugendgruppe\t\t\t\t\t<\/div>\n\t\t\t\t\t\t\t\t\t\t\t\t\t\t\n\t\t\t\t\t\n\t\t\t\t\t\t\t\t\t\t\n\t\t\t\t<\/div>\n\t\t\t<\/div>\n\t\t<\/div>\n\n\t\t\t\t<div class=\"members-item\">\n\t\t\t<div class=\"members-item__wrapper\">\n\t\t\t\t<div class=\"members-item__top\">\n\t\t\t\t\t<div class=\"members-item__image\">\n\t\t\t\t\t\t\t\t\t\t<div class=\"members-item__image--inner members-item__image--member\" style=\"background-image: url('https:\/\/www.ffpassau.de\/hauptwache\/wp-content\/uploads\/sites\/4\/2024\/10\/Gleixner_Svea-scaled.jpg');\"><\/div>\t\n\t\t\t\t\t\t\t\t\t\t<\/div>\n\n\n\t\t\t\t\t\t\t\t\t\t<div class=\"members-item__meta\">\n\t\t\t\t\t\tFeuerwehrfrau\t\t\t\t\t<\/div>\n\t\t\t\t\t\t\n\t\t\t\t\t<div class=\"members-item__header\">\n\t\t\t\t\t\tSvea Gleixner\t\t\t\t\t<\/div>\n\t\t\t\t\t\t\t\t\t\t<div class=\"members-item__dienst\">\n\t\t\t\t\t\tGruppe 1\t\t\t\t\t<\/div>\n\t\t\t\t\t\t\t\t\t\t\t\t\t\t\n\t\t\t\t\t\n\t\t\t\t\t\t\t\t\t\t\n\t\t\t\t<\/div>\n\t\t\t<\/div>\n\t\t<\/div>\n\n\t\t\t\t<div class=\"members-item\">\n\t\t\t<div class=\"members-item__wrapper\">\n\t\t\t\t<div class=\"members-item__top\">\n\t\t\t\t\t<div class=\"members-item__image\">\n\t\t\t\t\t\t\t\t\t\t<div class=\"members-item__image--inner members-item__image--member\" style=\"background-image: url('https:\/\/www.ffpassau.de\/hauptwache\/wp-content\/uploads\/sites\/4\/2026\/04\/GROEB_EMANUEL-1-1.jpg');\"><\/div>\t\n\t\t\t\t\t\t\t\t\t\t<\/div>\n\n\n\t\t\t\t\t\t\t\t\t\t<div class=\"members-item__meta\">\n\t\t\t\t\t\tFeuerwehrmann\t\t\t\t\t<\/div>\n\t\t\t\t\t\t\n\t\t\t\t\t<div class=\"members-item__header\">\n\t\t\t\t\t\tEmanuel Gr\u00f6b\t\t\t\t\t<\/div>\n\t\t\t\t\t\t\t\t\t\t<div class=\"members-item__dienst\">\n\t\t\t\t\t\tGruppe 1\t\t\t\t\t<\/div>\n\t\t\t\t\t\t\t\t\t\t\t\t\t\t\n\t\t\t\t\t\n\t\t\t\t\t\t\t\t\t\t\n\t\t\t\t<\/div>\n\t\t\t<\/div>\n\t\t<\/div>\n\n\t\t\t\t<div class=\"members-item\">\n\t\t\t<div class=\"members-item__wrapper\">\n\t\t\t\t<div class=\"members-item__top\">\n\t\t\t\t\t<div class=\"members-item__image\">\n\t\t\t\t\t\t\t\t\t\t<div class=\"members-item__image--inner members-item__image--member\" style=\"background-image: url('https:\/\/www.ffpassau.de\/hauptwache\/wp-content\/uploads\/sites\/4\/2022\/09\/Grotke_Juergen_1-e1728501214382.jpg');\"><\/div>\t\n\t\t\t\t\t\t\t\t\t\t<\/div>\n\n\n\t\t\t\t\t\t\t\t\t\t<div class=\"members-item__meta\">\n\t\t\t\t\t\tHauptfeuerwehrmann\t\t\t\t\t<\/div>\n\t\t\t\t\t\t\n\t\t\t\t\t<div class=\"members-item__header\">\n\t\t\t\t\t\tJ\u00fcrgen Grotke\t\t\t\t\t<\/div>\n\t\t\t\t\t\t\t\t\t\t<div class=\"members-item__dienst\">\n\t\t\t\t\t\tGruppe 2\t\t\t\t\t<\/div>\n\t\t\t\t\t\t\t\t\t\t\t\t\t\t\n\t\t\t\t\t\n\t\t\t\t\t\t\t\t\t\t\n\t\t\t\t<\/div>\n\t\t\t<\/div>\n\t\t<\/div>\n\n\t\t\t\t<div class=\"members-item\">\n\t\t\t<div class=\"members-item__wrapper\">\n\t\t\t\t<div class=\"members-item__top\">\n\t\t\t\t\t<div class=\"members-item__image\">\n\t\t\t\t\t\t\t\t\t\t<div class=\"members-item__image--inner members-item__image--member\" style=\"background-image: url('https:\/\/www.ffpassau.de\/hauptwache\/wp-content\/uploads\/sites\/4\/2020\/02\/Grossmann_Felix.jpg');\"><\/div>\t\n\t\t\t\t\t\t\t\t\t\t<\/div>\n\n\n\t\t\t\t\t\t\t\t\t\t<div class=\"members-item__meta\">\n\t\t\t\t\t\tOberfeuerwehrmann\t\t\t\t\t<\/div>\n\t\t\t\t\t\t\n\t\t\t\t\t<div class=\"members-item__header\">\n\t\t\t\t\t\tFelix Gro\u00dfmann\t\t\t\t\t<\/div>\n\t\t\t\t\t\t\t\t\t\t<div class=\"members-item__dienst\">\n\t\t\t\t\t\tGruppe 1\t\t\t\t\t<\/div>\n\t\t\t\t\t\t\t\t\t\t\t\t\t\t\n\t\t\t\t\t\n\t\t\t\t\t\t\t\t\t\t\n\t\t\t\t<\/div>\n\t\t\t<\/div>\n\t\t<\/div>\n\n\t\t\t\t<div class=\"members-item\">\n\t\t\t<div class=\"members-item__wrapper\">\n\t\t\t\t<div class=\"members-item__top\">\n\t\t\t\t\t<div class=\"members-item__image\">\n\t\t\t\t\t\t\t\t\t\t<div class=\"members-item__image--inner members-item__image--member\" style=\"background-image: url('https:\/\/www.ffpassau.de\/hauptwache\/wp-content\/uploads\/sites\/4\/2020\/03\/Picture_Blanket.jpg');\"><\/div>\t\n\t\t\t\t\t\t\t\t\t\t<\/div>\n\n\n\t\t\t\t\t\t\t\t\t\t<div class=\"members-item__meta\">\n\t\t\t\t\t\tFeuerwehranw\u00e4rter\t\t\t\t\t<\/div>\n\t\t\t\t\t\t\n\t\t\t\t\t<div class=\"members-item__header\">\n\t\t\t\t\t\tJoost Grzesiak\t\t\t\t\t<\/div>\n\t\t\t\t\t\t\t\t\t\t<div class=\"members-item__dienst\">\n\t\t\t\t\t\tGruppe 1\t\t\t\t\t<\/div>\n\t\t\t\t\t\t\t\t\t\t\t\t\t\t\n\t\t\t\t\t\n\t\t\t\t\t\t\t\t\t\t\n\t\t\t\t<\/div>\n\t\t\t<\/div>\n\t\t<\/div>\n\n\t\t\t\t<div class=\"members-item\">\n\t\t\t<div class=\"members-item__wrapper\">\n\t\t\t\t<div class=\"members-item__top\">\n\t\t\t\t\t<div class=\"members-item__image\">\n\t\t\t\t\t\t\t\t\t\t<div class=\"members-item__image--inner members-item__image--member\" style=\"background-image: url('https:\/\/www.ffpassau.de\/hauptwache\/wp-content\/uploads\/sites\/4\/2020\/03\/Picture_Blanket.jpg');\"><\/div>\t\n\t\t\t\t\t\t\t\t\t\t<\/div>\n\n\n\t\t\t\t\t\t\t\t\t\t<div class=\"members-item__meta\">\n\t\t\t\t\t\tFeuerwehranw\u00e4rter\t\t\t\t\t<\/div>\n\t\t\t\t\t\t\n\t\t\t\t\t<div class=\"members-item__header\">\n\t\t\t\t\t\tSebastian Hafner\t\t\t\t\t<\/div>\n\t\t\t\t\t\t\t\t\t\t<div class=\"members-item__dienst\">\n\t\t\t\t\t\tJugendgruppe\t\t\t\t\t<\/div>\n\t\t\t\t\t\t\t\t\t\t\t\t\t\t\n\t\t\t\t\t\n\t\t\t\t\t\t\t\t\t\t\n\t\t\t\t<\/div>\n\t\t\t<\/div>\n\t\t<\/div>\n\n\t\t\t\t<div class=\"members-item\">\n\t\t\t<div class=\"members-item__wrapper\">\n\t\t\t\t<div class=\"members-item__top\">\n\t\t\t\t\t<div class=\"members-item__image\">\n\t\t\t\t\t\t\t\t\t\t<div class=\"members-item__image--inner members-item__image--member\" style=\"background-image: url('https:\/\/www.ffpassau.de\/hauptwache\/wp-content\/uploads\/sites\/4\/2022\/09\/Herting_Jasper_1-1-e1728501252833.jpg');\"><\/div>\t\n\t\t\t\t\t\t\t\t\t\t<\/div>\n\n\n\t\t\t\t\t\t\t\t\t\t<div class=\"members-item__meta\">\n\t\t\t\t\t\tOberfeuerwehrmann\t\t\t\t\t<\/div>\n\t\t\t\t\t\t\n\t\t\t\t\t<div class=\"members-item__header\">\n\t\t\t\t\t\tJasper Herting\t\t\t\t\t<\/div>\n\t\t\t\t\t\t\t\t\t\t<div class=\"members-item__dienst\">\n\t\t\t\t\t\tGruppe 1\t\t\t\t\t<\/div>\n\t\t\t\t\t\t\t\t\t\t\t\t\t\t\n\t\t\t\t\t\t\t\t\t\t<div class=\"members-item__content\">\n\t\t\t\t\t\t<p><strong>Stellvertretender Jugendwart<\/strong><\/p>\n\t\t\t\t\t<\/div>\n\t\t\t\t\t\n\t\t\t\t\t\t\t\t\t\t\t\t\t\t\t<div class=\"members-item__email\">\n\t\t\t\t\t<span class=\"lnr lnr-envelope\"><\/span> <a href=\"mailto:jasper.herting@feuerwehr-passau.de\" target=\"_blank\">jasper.herting@feuerwehr-passau.de<\/a>\n\t\t\t\t\t<\/div>\n\t\t\t\t\t\n\t\t\t\t<\/div>\n\t\t\t<\/div>\n\t\t<\/div>\n\n\t\t\t\t<div class=\"members-item\">\n\t\t\t<div class=\"members-item__wrapper\">\n\t\t\t\t<div class=\"members-item__top\">\n\t\t\t\t\t<div class=\"members-item__image\">\n\t\t\t\t\t\t\t\t\t\t<div class=\"members-item__image--inner members-item__image--member\" style=\"background-image: url('https:\/\/www.ffpassau.de\/hauptwache\/wp-content\/uploads\/sites\/4\/2022\/09\/Hoedl_Alexander_1-e1728501293522.jpg');\"><\/div>\t\n\t\t\t\t\t\t\t\t\t\t<\/div>\n\n\n\t\t\t\t\t\t\t\t\t\t<div class=\"members-item__meta\">\n\t\t\t\t\t\tHauptfeuerwehrmann\t\t\t\t\t<\/div>\n\t\t\t\t\t\t\n\t\t\t\t\t<div class=\"members-item__header\">\n\t\t\t\t\t\tAlexander H\u00f6dl\t\t\t\t\t<\/div>\n\t\t\t\t\t\t\t\t\t\t<div class=\"members-item__dienst\">\n\t\t\t\t\t\tGruppe 1\t\t\t\t\t<\/div>\n\t\t\t\t\t\t\t\t\t\t\t\t\t\t\n\t\t\t\t\t\n\t\t\t\t\t\t\t\t\t\t\n\t\t\t\t<\/div>\n\t\t\t<\/div>\n\t\t<\/div>\n\n\t\t\t\t<div class=\"members-item\">\n\t\t\t<div class=\"members-item__wrapper\">\n\t\t\t\t<div class=\"members-item__top\">\n\t\t\t\t\t<div class=\"members-item__image\">\n\t\t\t\t\t\t\t\t\t\t<div class=\"members-item__image--inner members-item__image--member\" style=\"background-image: url('https:\/\/www.ffpassau.de\/hauptwache\/wp-content\/uploads\/sites\/4\/2025\/08\/Hofbauer_Felix-scaled.jpg');\"><\/div>\t\n\t\t\t\t\t\t\t\t\t\t<\/div>\n\n\n\t\t\t\t\t\t\t\t\t\t<div class=\"members-item__meta\">\n\t\t\t\t\t\tFeuerwehranw\u00e4rter\t\t\t\t\t<\/div>\n\t\t\t\t\t\t\n\t\t\t\t\t<div class=\"members-item__header\">\n\t\t\t\t\t\tFelix Hofbauer\t\t\t\t\t<\/div>\n\t\t\t\t\t\t\t\t\t\t<div class=\"members-item__dienst\">\n\t\t\t\t\t\tJugendgruppe\t\t\t\t\t<\/div>\n\t\t\t\t\t\t\t\t\t\t\t\t\t\t\n\t\t\t\t\t\n\t\t\t\t\t\t\t\t\t\t\n\t\t\t\t<\/div>\n\t\t\t<\/div>\n\t\t<\/div>\n\n\t\t\t\t<div class=\"members-item\">\n\t\t\t<div class=\"members-item__wrapper\">\n\t\t\t\t<div class=\"members-item__top\">\n\t\t\t\t\t<div class=\"members-item__image\">\n\t\t\t\t\t\t\t\t\t\t<div class=\"members-item__image--inner members-item__image--member\" style=\"background-image: url('https:\/\/www.ffpassau.de\/hauptwache\/wp-content\/uploads\/sites\/4\/2025\/08\/Hofbauer_Franz-scaled.jpg');\"><\/div>\t\n\t\t\t\t\t\t\t\t\t\t<\/div>\n\n\n\t\t\t\t\t\t\t\t\t\t<div class=\"members-item__meta\">\n\t\t\t\t\t\tFeuerwehrmann\t\t\t\t\t<\/div>\n\t\t\t\t\t\t\n\t\t\t\t\t<div class=\"members-item__header\">\n\t\t\t\t\t\tFranz Hofbauer\t\t\t\t\t<\/div>\n\t\t\t\t\t\t\t\t\t\t<div class=\"members-item__dienst\">\n\t\t\t\t\t\tGruppe 1\t\t\t\t\t<\/div>\n\t\t\t\t\t\t\t\t\t\t\t\t\t\t\n\t\t\t\t\t\n\t\t\t\t\t\t\t\t\t\t\n\t\t\t\t<\/div>\n\t\t\t<\/div>\n\t\t<\/div>\n\n\t\t\t\t<div class=\"members-item\">\n\t\t\t<div class=\"members-item__wrapper\">\n\t\t\t\t<div class=\"members-item__top\">\n\t\t\t\t\t<div class=\"members-item__image\">\n\t\t\t\t\t\t\t\t\t\t<div class=\"members-item__image--inner members-item__image--member\" style=\"background-image: url('https:\/\/www.ffpassau.de\/hauptwache\/wp-content\/uploads\/sites\/4\/2025\/08\/Hofbauer_Jonas-scaled.jpg');\"><\/div>\t\n\t\t\t\t\t\t\t\t\t\t<\/div>\n\n\n\t\t\t\t\t\t\t\t\t\t<div class=\"members-item__meta\">\n\t\t\t\t\t\tFeuerwehranw\u00e4rter\t\t\t\t\t<\/div>\n\t\t\t\t\t\t\n\t\t\t\t\t<div class=\"members-item__header\">\n\t\t\t\t\t\tJonas Hofbauer\t\t\t\t\t<\/div>\n\t\t\t\t\t\t\t\t\t\t<div class=\"members-item__dienst\">\n\t\t\t\t\t\tJugendgruppe\t\t\t\t\t<\/div>\n\t\t\t\t\t\t\t\t\t\t\t\t\t\t\n\t\t\t\t\t\n\t\t\t\t\t\t\t\t\t\t\n\t\t\t\t<\/div>\n\t\t\t<\/div>\n\t\t<\/div>\n\n\t\t\t\t<div class=\"members-item\">\n\t\t\t<div class=\"members-item__wrapper\">\n\t\t\t\t<div class=\"members-item__top\">\n\t\t\t\t\t<div class=\"members-item__image\">\n\t\t\t\t\t\t\t\t\t\t<div class=\"members-item__image--inner members-item__image--member\" style=\"background-image: url('https:\/\/www.ffpassau.de\/hauptwache\/wp-content\/uploads\/sites\/4\/2025\/08\/Huber_Kristof-scaled.jpg');\"><\/div>\t\n\t\t\t\t\t\t\t\t\t\t<\/div>\n\n\n\t\t\t\t\t\t\t\t\t\t<div class=\"members-item__meta\">\n\t\t\t\t\t\tFeuerwehranw\u00e4rter\t\t\t\t\t<\/div>\n\t\t\t\t\t\t\n\t\t\t\t\t<div class=\"members-item__header\">\n\t\t\t\t\t\tKristof Huber\t\t\t\t\t<\/div>\n\t\t\t\t\t\t\t\t\t\t<div class=\"members-item__dienst\">\n\t\t\t\t\t\tJugendgruppe\t\t\t\t\t<\/div>\n\t\t\t\t\t\t\t\t\t\t\t\t\t\t\n\t\t\t\t\t\n\t\t\t\t\t\t\t\t\t\t\n\t\t\t\t<\/div>\n\t\t\t<\/div>\n\t\t<\/div>\n\n\t\t\t\t<div class=\"members-item\">\n\t\t\t<div class=\"members-item__wrapper\">\n\t\t\t\t<div class=\"members-item__top\">\n\t\t\t\t\t<div class=\"members-item__image\">\n\t\t\t\t\t\t\t\t\t\t<div class=\"members-item__image--inner members-item__image--member\" style=\"background-image: url('https:\/\/www.ffpassau.de\/hauptwache\/wp-content\/uploads\/sites\/4\/2020\/03\/Picture_Blanket.jpg');\"><\/div>\t\n\t\t\t\t\t\t\t\t\t\t<\/div>\n\n\n\t\t\t\t\t\t\t\t\t\t<div class=\"members-item__meta\">\n\t\t\t\t\t\tFeuerwehrmann\t\t\t\t\t<\/div>\n\t\t\t\t\t\t\n\t\t\t\t\t<div class=\"members-item__header\">\n\t\t\t\t\t\tJonas Jahn\t\t\t\t\t<\/div>\n\t\t\t\t\t\t\t\t\t\t\t\t\t\t\n\t\t\t\t\t\n\t\t\t\t\t\t\t\t\t\t\n\t\t\t\t<\/div>\n\t\t\t<\/div>\n\t\t<\/div>\n\n\t\t\t\t<div class=\"members-item\">\n\t\t\t<div class=\"members-item__wrapper\">\n\t\t\t\t<div class=\"members-item__top\">\n\t\t\t\t\t<div class=\"members-item__image\">\n\t\t\t\t\t\t\t\t\t\t<div class=\"members-item__image--inner members-item__image--member\" style=\"background-image: url('https:\/\/www.ffpassau.de\/hauptwache\/wp-content\/uploads\/sites\/4\/2020\/03\/Picture_Blanket.jpg');\"><\/div>\t\n\t\t\t\t\t\t\t\t\t\t<\/div>\n\n\n\t\t\t\t\t\t\t\t\t\t<div class=\"members-item__meta\">\n\t\t\t\t\t\tFeuerwehranw\u00e4rter\t\t\t\t\t<\/div>\n\t\t\t\t\t\t\n\t\t\t\t\t<div class=\"members-item__header\">\n\t\t\t\t\t\tJay Junghahn\t\t\t\t\t<\/div>\n\t\t\t\t\t\t\t\t\t\t\t\t\t\t\n\t\t\t\t\t\n\t\t\t\t\t\t\t\t\t\t\n\t\t\t\t<\/div>\n\t\t\t<\/div>\n\t\t<\/div>\n\n\t\t\t\t<div class=\"members-item\">\n\t\t\t<div class=\"members-item__wrapper\">\n\t\t\t\t<div class=\"members-item__top\">\n\t\t\t\t\t<div class=\"members-item__image\">\n\t\t\t\t\t\t\t\t\t\t<div class=\"members-item__image--inner members-item__image--member\" style=\"background-image: url('https:\/\/www.ffpassau.de\/hauptwache\/wp-content\/uploads\/sites\/4\/2020\/03\/Picture_Blanket.jpg');\"><\/div>\t\n\t\t\t\t\t\t\t\t\t\t<\/div>\n\n\n\t\t\t\t\t\t\t\t\t\t<div class=\"members-item__meta\">\n\t\t\t\t\t\tFeuerwehranw\u00e4rter\t\t\t\t\t<\/div>\n\t\t\t\t\t\t\n\t\t\t\t\t<div class=\"members-item__header\">\n\t\t\t\t\t\tMichael Kaiser\t\t\t\t\t<\/div>\n\t\t\t\t\t\t\t\t\t\t<div class=\"members-item__dienst\">\n\t\t\t\t\t\tJugendgruppe\t\t\t\t\t<\/div>\n\t\t\t\t\t\t\t\t\t\t\t\t\t\t\n\t\t\t\t\t\n\t\t\t\t\t\t\t\t\t\t\n\t\t\t\t<\/div>\n\t\t\t<\/div>\n\t\t<\/div>\n\n\t\t\t\t<div class=\"members-item\">\n\t\t\t<div class=\"members-item__wrapper\">\n\t\t\t\t<div class=\"members-item__top\">\n\t\t\t\t\t<div class=\"members-item__image\">\n\t\t\t\t\t\t\t\t\t\t<div class=\"members-item__image--inner members-item__image--member\" style=\"background-image: url('https:\/\/www.ffpassau.de\/hauptwache\/wp-content\/uploads\/sites\/4\/2024\/10\/Kaehlert_Mika-scaled.jpg');\"><\/div>\t\n\t\t\t\t\t\t\t\t\t\t<\/div>\n\n\n\t\t\t\t\t\t\t\t\t\t<div class=\"members-item__meta\">\n\t\t\t\t\t\tFeuerwehrmann\t\t\t\t\t<\/div>\n\t\t\t\t\t\t\n\t\t\t\t\t<div class=\"members-item__header\">\n\t\t\t\t\t\tMika K\u00e4hlert\t\t\t\t\t<\/div>\n\t\t\t\t\t\t\t\t\t\t<div class=\"members-item__dienst\">\n\t\t\t\t\t\tGruppe 2\t\t\t\t\t<\/div>\n\t\t\t\t\t\t\t\t\t\t\t\t\t\t\n\t\t\t\t\t\n\t\t\t\t\t\t\t\t\t\t\n\t\t\t\t<\/div>\n\t\t\t<\/div>\n\t\t<\/div>\n\n\t\t\t\t<div class=\"members-item\">\n\t\t\t<div class=\"members-item__wrapper\">\n\t\t\t\t<div class=\"members-item__top\">\n\t\t\t\t\t<div class=\"members-item__image\">\n\t\t\t\t\t\t\t\t\t\t<div class=\"members-item__image--inner members-item__image--member\" style=\"background-image: url('https:\/\/www.ffpassau.de\/hauptwache\/wp-content\/uploads\/sites\/4\/2022\/09\/Kahfaji_Ahmed_1-e1728501399284.jpg');\"><\/div>\t\n\t\t\t\t\t\t\t\t\t\t<\/div>\n\n\n\t\t\t\t\t\t\t\t\t\t<div class=\"members-item__meta\">\n\t\t\t\t\t\tFeuerwehrmann\t\t\t\t\t<\/div>\n\t\t\t\t\t\t\n\t\t\t\t\t<div class=\"members-item__header\">\n\t\t\t\t\t\tAhmed Khafaji\t\t\t\t\t<\/div>\n\t\t\t\t\t\t\t\t\t\t<div class=\"members-item__dienst\">\n\t\t\t\t\t\tGruppe 2\t\t\t\t\t<\/div>\n\t\t\t\t\t\t\t\t\t\t\t\t\t\t\n\t\t\t\t\t\n\t\t\t\t\t\t\t\t\t\t\n\t\t\t\t<\/div>\n\t\t\t<\/div>\n\t\t<\/div>\n\n\t\t\t\t<div class=\"members-item\">\n\t\t\t<div class=\"members-item__wrapper\">\n\t\t\t\t<div class=\"members-item__top\">\n\t\t\t\t\t<div class=\"members-item__image\">\n\t\t\t\t\t\t\t\t\t\t<div class=\"members-item__image--inner members-item__image--member\" style=\"background-image: url('https:\/\/www.ffpassau.de\/hauptwache\/wp-content\/uploads\/sites\/4\/2026\/04\/KOLLER_TOBIAS-1-2.jpg');\"><\/div>\t\n\t\t\t\t\t\t\t\t\t\t<\/div>\n\n\n\t\t\t\t\t\t\t\t\t\t<div class=\"members-item__meta\">\n\t\t\t\t\t\tFeuerwehrmann\t\t\t\t\t<\/div>\n\t\t\t\t\t\t\n\t\t\t\t\t<div class=\"members-item__header\">\n\t\t\t\t\t\tTobias Koller\t\t\t\t\t<\/div>\n\t\t\t\t\t\t\t\t\t\t<div class=\"members-item__dienst\">\n\t\t\t\t\t\tGruppe 2\t\t\t\t\t<\/div>\n\t\t\t\t\t\t\t\t\t\t\t\t\t\t\n\t\t\t\t\t\n\t\t\t\t\t\t\t\t\t\t\n\t\t\t\t<\/div>\n\t\t\t<\/div>\n\t\t<\/div>\n\n\t\t\t\t<div class=\"members-item\">\n\t\t\t<div class=\"members-item__wrapper\">\n\t\t\t\t<div class=\"members-item__top\">\n\t\t\t\t\t<div class=\"members-item__image\">\n\t\t\t\t\t\t\t\t\t\t<div class=\"members-item__image--inner members-item__image--member\" style=\"background-image: url('https:\/\/www.ffpassau.de\/hauptwache\/wp-content\/uploads\/sites\/4\/2026\/04\/KORNEXL_ANNEMARIE-1.jpg');\"><\/div>\t\n\t\t\t\t\t\t\t\t\t\t<\/div>\n\n\n\t\t\t\t\t\t\t\t\t\t<div class=\"members-item__meta\">\n\t\t\t\t\t\tFeuerwehranw\u00e4rterin\t\t\t\t\t<\/div>\n\t\t\t\t\t\t\n\t\t\t\t\t<div class=\"members-item__header\">\n\t\t\t\t\t\tAnnemarie Kornexl\t\t\t\t\t<\/div>\n\t\t\t\t\t\t\t\t\t\t<div class=\"members-item__dienst\">\n\t\t\t\t\t\tJugendgruppe\t\t\t\t\t<\/div>\n\t\t\t\t\t\t\t\t\t\t\t\t\t\t\n\t\t\t\t\t\n\t\t\t\t\t\t\t\t\t\t\n\t\t\t\t<\/div>\n\t\t\t<\/div>\n\t\t<\/div>\n\n\t\t\t\t<div class=\"members-item\">\n\t\t\t<div class=\"members-item__wrapper\">\n\t\t\t\t<div class=\"members-item__top\">\n\t\t\t\t\t<div class=\"members-item__image\">\n\t\t\t\t\t\t\t\t\t\t<div class=\"members-item__image--inner members-item__image--member\" style=\"background-image: url('https:\/\/www.ffpassau.de\/hauptwache\/wp-content\/uploads\/sites\/4\/2025\/08\/Kornexl_Gabriel-scaled.jpg');\"><\/div>\t\n\t\t\t\t\t\t\t\t\t\t<\/div>\n\n\n\t\t\t\t\t\t\t\t\t\t<div class=\"members-item__meta\">\n\t\t\t\t\t\tFeuerwehranw\u00e4rter\t\t\t\t\t<\/div>\n\t\t\t\t\t\t\n\t\t\t\t\t<div class=\"members-item__header\">\n\t\t\t\t\t\tGabriel Kornexl\t\t\t\t\t<\/div>\n\t\t\t\t\t\t\t\t\t\t<div class=\"members-item__dienst\">\n\t\t\t\t\t\tJugendgruppe\t\t\t\t\t<\/div>\n\t\t\t\t\t\t\t\t\t\t\t\t\t\t\n\t\t\t\t\t\n\t\t\t\t\t\t\t\t\t\t\n\t\t\t\t<\/div>\n\t\t\t<\/div>\n\t\t<\/div>\n\n\t\t\t\t<div class=\"members-item\">\n\t\t\t<div class=\"members-item__wrapper\">\n\t\t\t\t<div class=\"members-item__top\">\n\t\t\t\t\t<div class=\"members-item__image\">\n\t\t\t\t\t\t\t\t\t\t<div class=\"members-item__image--inner members-item__image--member\" style=\"background-image: url('https:\/\/www.ffpassau.de\/hauptwache\/wp-content\/uploads\/sites\/4\/2020\/03\/Picture_Blanket.jpg');\"><\/div>\t\n\t\t\t\t\t\t\t\t\t\t<\/div>\n\n\n\t\t\t\t\t\t\t\t\t\t<div class=\"members-item__meta\">\n\t\t\t\t\t\tFeuerwehrmann\t\t\t\t\t<\/div>\n\t\t\t\t\t\t\n\t\t\t\t\t<div class=\"members-item__header\">\n\t\t\t\t\t\tJohann Kronschnabl\t\t\t\t\t<\/div>\n\t\t\t\t\t\t\t\t\t\t<div class=\"members-item__dienst\">\n\t\t\t\t\t\tHauptamtliche Tagwache\t\t\t\t\t<\/div>\n\t\t\t\t\t\t\t\t\t\t\t\t\t\t\n\t\t\t\t\t\n\t\t\t\t\t\t\t\t\t\t\n\t\t\t\t<\/div>\n\t\t\t<\/div>\n\t\t<\/div>\n\n\t\t\t\t<div class=\"members-item\">\n\t\t\t<div class=\"members-item__wrapper\">\n\t\t\t\t<div class=\"members-item__top\">\n\t\t\t\t\t<div class=\"members-item__image\">\n\t\t\t\t\t\t\t\t\t\t<div class=\"members-item__image--inner members-item__image--member\" style=\"background-image: url('https:\/\/www.ffpassau.de\/hauptwache\/wp-content\/uploads\/sites\/4\/2024\/10\/Kufner_Sonja-scaled.jpg');\"><\/div>\t\n\t\t\t\t\t\t\t\t\t\t<\/div>\n\n\n\t\t\t\t\t\t\t\t\t\t<div class=\"members-item__meta\">\n\t\t\t\t\t\tFeuerwehrfrau\t\t\t\t\t<\/div>\n\t\t\t\t\t\t\n\t\t\t\t\t<div class=\"members-item__header\">\n\t\t\t\t\t\tSonja Kufner\t\t\t\t\t<\/div>\n\t\t\t\t\t\t\t\t\t\t<div class=\"members-item__dienst\">\n\t\t\t\t\t\tGruppe 1\t\t\t\t\t<\/div>\n\t\t\t\t\t\t\t\t\t\t\t\t\t\t\n\t\t\t\t\t\n\t\t\t\t\t\t\t\t\t\t\n\t\t\t\t<\/div>\n\t\t\t<\/div>\n\t\t<\/div>\n\n\t\t\t\t<div class=\"members-item\">\n\t\t\t<div class=\"members-item__wrapper\">\n\t\t\t\t<div class=\"members-item__top\">\n\t\t\t\t\t<div class=\"members-item__image\">\n\t\t\t\t\t\t\t\t\t\t<div class=\"members-item__image--inner members-item__image--member\" style=\"background-image: url('https:\/\/www.ffpassau.de\/hauptwache\/wp-content\/uploads\/sites\/4\/2020\/03\/Picture_Blanket.jpg');\"><\/div>\t\n\t\t\t\t\t\t\t\t\t\t<\/div>\n\n\n\t\t\t\t\t\t\t\t\t\t<div class=\"members-item__meta\">\n\t\t\t\t\t\tFeuerwehranw\u00e4rterin\t\t\t\t\t<\/div>\n\t\t\t\t\t\t\n\t\t\t\t\t<div class=\"members-item__header\">\n\t\t\t\t\t\tKarla Laprell\t\t\t\t\t<\/div>\n\t\t\t\t\t\t\t\t\t\t\t\t\t\t\n\t\t\t\t\t\n\t\t\t\t\t\t\t\t\t\t\n\t\t\t\t<\/div>\n\t\t\t<\/div>\n\t\t<\/div>\n\n\t\t\t\t<div class=\"members-item\">\n\t\t\t<div class=\"members-item__wrapper\">\n\t\t\t\t<div class=\"members-item__top\">\n\t\t\t\t\t<div class=\"members-item__image\">\n\t\t\t\t\t\t\t\t\t\t<div class=\"members-item__image--inner members-item__image--member\" style=\"background-image: url('https:\/\/www.ffpassau.de\/hauptwache\/wp-content\/uploads\/sites\/4\/2022\/09\/Ledermueller_Martin_2-e1728501495714.jpg');\"><\/div>\t\n\t\t\t\t\t\t\t\t\t\t<\/div>\n\n\n\t\t\t\t\t\t\t\t\t\t<div class=\"members-item__meta\">\n\t\t\t\t\t\tHauptfeuerwehrmann\t\t\t\t\t<\/div>\n\t\t\t\t\t\t\n\t\t\t\t\t<div class=\"members-item__header\">\n\t\t\t\t\t\tMartin Lederm\u00fcller\t\t\t\t\t<\/div>\n\t\t\t\t\t\t\t\t\t\t<div class=\"members-item__dienst\">\n\t\t\t\t\t\tGruppe 1\t\t\t\t\t<\/div>\n\t\t\t\t\t\t\t\t\t\t\t\t\t\t\n\t\t\t\t\t\t\t\t\t\t<div class=\"members-item__content\">\n\t\t\t\t\t\t<p>Ausbilder der Maschinisten<\/p>\n\t\t\t\t\t<\/div>\n\t\t\t\t\t\n\t\t\t\t\t\t\t\t\t\t\n\t\t\t\t<\/div>\n\t\t\t<\/div>\n\t\t<\/div>\n\n\t\t\t\t<div class=\"members-item\">\n\t\t\t<div class=\"members-item__wrapper\">\n\t\t\t\t<div class=\"members-item__top\">\n\t\t\t\t\t<div class=\"members-item__image\">\n\t\t\t\t\t\t\t\t\t\t<div class=\"members-item__image--inner members-item__image--member\" style=\"background-image: url('https:\/\/www.ffpassau.de\/hauptwache\/wp-content\/uploads\/sites\/4\/2025\/08\/Loecker_Moritz-scaled.jpg');\"><\/div>\t\n\t\t\t\t\t\t\t\t\t\t<\/div>\n\n\n\t\t\t\t\t\t\t\t\t\t<div class=\"members-item__meta\">\n\t\t\t\t\t\tFeuerwehranw\u00e4rter\t\t\t\t\t<\/div>\n\t\t\t\t\t\t\n\t\t\t\t\t<div class=\"members-item__header\">\n\t\t\t\t\t\tMoritz L\u00f6cker\t\t\t\t\t<\/div>\n\t\t\t\t\t\t\t\t\t\t<div class=\"members-item__dienst\">\n\t\t\t\t\t\tJugendgruppe\t\t\t\t\t<\/div>\n\t\t\t\t\t\t\t\t\t\t\t\t\t\t\n\t\t\t\t\t\n\t\t\t\t\t\t\t\t\t\t\n\t\t\t\t<\/div>\n\t\t\t<\/div>\n\t\t<\/div>\n\n\t\t\t\t<div class=\"members-item\">\n\t\t\t<div class=\"members-item__wrapper\">\n\t\t\t\t<div class=\"members-item__top\">\n\t\t\t\t\t<div class=\"members-item__image\">\n\t\t\t\t\t\t\t\t\t\t<div class=\"members-item__image--inner members-item__image--member\" style=\"background-image: url('https:\/\/www.ffpassau.de\/hauptwache\/wp-content\/uploads\/sites\/4\/2020\/03\/Picture_Blanket.jpg');\"><\/div>\t\n\t\t\t\t\t\t\t\t\t\t<\/div>\n\n\n\t\t\t\t\t\t\t\t\t\t<div class=\"members-item__meta\">\n\t\t\t\t\t\tFeuerwehranw\u00e4rter\t\t\t\t\t<\/div>\n\t\t\t\t\t\t\n\t\t\t\t\t<div class=\"members-item__header\">\n\t\t\t\t\t\tHenri L\u00f6w\t\t\t\t\t<\/div>\n\t\t\t\t\t\t\t\t\t\t<div class=\"members-item__dienst\">\n\t\t\t\t\t\tJugendgruppe\t\t\t\t\t<\/div>\n\t\t\t\t\t\t\t\t\t\t\t\t\t\t\n\t\t\t\t\t\n\t\t\t\t\t\t\t\t\t\t\n\t\t\t\t<\/div>\n\t\t\t<\/div>\n\t\t<\/div>\n\n\t\t\t\t<div class=\"members-item\">\n\t\t\t<div class=\"members-item__wrapper\">\n\t\t\t\t<div class=\"members-item__top\">\n\t\t\t\t\t<div class=\"members-item__image\">\n\t\t\t\t\t\t\t\t\t\t<div class=\"members-item__image--inner members-item__image--member\" style=\"background-image: url('https:\/\/www.ffpassau.de\/hauptwache\/wp-content\/uploads\/sites\/4\/2020\/03\/Picture_Blanket.jpg');\"><\/div>\t\n\t\t\t\t\t\t\t\t\t\t<\/div>\n\n\n\t\t\t\t\t\t\t\t\t\t<div class=\"members-item__meta\">\n\t\t\t\t\t\tFeuerwehrmann\t\t\t\t\t<\/div>\n\t\t\t\t\t\t\n\t\t\t\t\t<div class=\"members-item__header\">\n\t\t\t\t\t\tFrederic Luft\t\t\t\t\t<\/div>\n\t\t\t\t\t\t\t\t\t\t<div class=\"members-item__dienst\">\n\t\t\t\t\t\tGruppe 2\t\t\t\t\t<\/div>\n\t\t\t\t\t\t\t\t\t\t\t\t\t\t\n\t\t\t\t\t\n\t\t\t\t\t\t\t\t\t\t\n\t\t\t\t<\/div>\n\t\t\t<\/div>\n\t\t<\/div>\n\n\t\t\t\t<div class=\"members-item\">\n\t\t\t<div class=\"members-item__wrapper\">\n\t\t\t\t<div class=\"members-item__top\">\n\t\t\t\t\t<div class=\"members-item__image\">\n\t\t\t\t\t\t\t\t\t\t<div class=\"members-item__image--inner members-item__image--member\" style=\"background-image: url('https:\/\/www.ffpassau.de\/hauptwache\/wp-content\/uploads\/sites\/4\/2026\/04\/MAYET_LARA-1-1.jpg');\"><\/div>\t\n\t\t\t\t\t\t\t\t\t\t<\/div>\n\n\n\t\t\t\t\t\t\t\t\t\t<div class=\"members-item__meta\">\n\t\t\t\t\t\tFeuerwehrfrau\t\t\t\t\t<\/div>\n\t\t\t\t\t\t\n\t\t\t\t\t<div class=\"members-item__header\">\n\t\t\t\t\t\tLarissa Mayet\t\t\t\t\t<\/div>\n\t\t\t\t\t\t\t\t\t\t<div class=\"members-item__dienst\">\n\t\t\t\t\t\tGruppe 1\t\t\t\t\t<\/div>\n\t\t\t\t\t\t\t\t\t\t\t\t\t\t\n\t\t\t\t\t\n\t\t\t\t\t\t\t\t\t\t\n\t\t\t\t<\/div>\n\t\t\t<\/div>\n\t\t<\/div>\n\n\t\t\t\t<div class=\"members-item\">\n\t\t\t<div class=\"members-item__wrapper\">\n\t\t\t\t<div class=\"members-item__top\">\n\t\t\t\t\t<div class=\"members-item__image\">\n\t\t\t\t\t\t\t\t\t\t<div class=\"members-item__image--inner members-item__image--member\" style=\"background-image: url('https:\/\/www.ffpassau.de\/hauptwache\/wp-content\/uploads\/sites\/4\/2026\/04\/MILZ_FLORIAN-1.jpg');\"><\/div>\t\n\t\t\t\t\t\t\t\t\t\t<\/div>\n\n\n\t\t\t\t\t\t\t\t\t\t<div class=\"members-item__meta\">\n\t\t\t\t\t\tHauptfeuerwehrmann\t\t\t\t\t<\/div>\n\t\t\t\t\t\t\n\t\t\t\t\t<div class=\"members-item__header\">\n\t\t\t\t\t\tFlorian Milz\t\t\t\t\t<\/div>\n\t\t\t\t\t\t\t\t\t\t<div class=\"members-item__dienst\">\n\t\t\t\t\t\tGruppe 1\t\t\t\t\t<\/div>\n\t\t\t\t\t\t\t\t\t\t\t\t\t\t\n\t\t\t\t\t\n\t\t\t\t\t\t\t\t\t\t\n\t\t\t\t<\/div>\n\t\t\t<\/div>\n\t\t<\/div>\n\n\t\t\t\t<div class=\"members-item\">\n\t\t\t<div class=\"members-item__wrapper\">\n\t\t\t\t<div class=\"members-item__top\">\n\t\t\t\t\t<div class=\"members-item__image\">\n\t\t\t\t\t\t\t\t\t\t<div class=\"members-item__image--inner members-item__image--member\" style=\"background-image: url('https:\/\/www.ffpassau.de\/hauptwache\/wp-content\/uploads\/sites\/4\/2025\/08\/Mindl_Valentin-scaled.jpg');\"><\/div>\t\n\t\t\t\t\t\t\t\t\t\t<\/div>\n\n\n\t\t\t\t\t\t\t\t\t\t<div class=\"members-item__meta\">\n\t\t\t\t\t\tFeuerwehranw\u00e4rter\t\t\t\t\t<\/div>\n\t\t\t\t\t\t\n\t\t\t\t\t<div class=\"members-item__header\">\n\t\t\t\t\t\tValentin Mindl\t\t\t\t\t<\/div>\n\t\t\t\t\t\t\t\t\t\t<div class=\"members-item__dienst\">\n\t\t\t\t\t\tJugendgruppe\t\t\t\t\t<\/div>\n\t\t\t\t\t\t\t\t\t\t\t\t\t\t\n\t\t\t\t\t\n\t\t\t\t\t\t\t\t\t\t\n\t\t\t\t<\/div>\n\t\t\t<\/div>\n\t\t<\/div>\n\n\t\t\t\t<div class=\"members-item\">\n\t\t\t<div class=\"members-item__wrapper\">\n\t\t\t\t<div class=\"members-item__top\">\n\t\t\t\t\t<div class=\"members-item__image\">\n\t\t\t\t\t\t\t\t\t\t<div class=\"members-item__image--inner members-item__image--member\" style=\"background-image: url('https:\/\/www.ffpassau.de\/hauptwache\/wp-content\/uploads\/sites\/4\/2020\/03\/Picture_Blanket.jpg');\"><\/div>\t\n\t\t\t\t\t\t\t\t\t\t<\/div>\n\n\n\t\t\t\t\t\t\t\t\t\t<div class=\"members-item__meta\">\n\t\t\t\t\t\tFeuerwehrfrau\t\t\t\t\t<\/div>\n\t\t\t\t\t\t\n\t\t\t\t\t<div class=\"members-item__header\">\n\t\t\t\t\t\tJennifer Moser\t\t\t\t\t<\/div>\n\t\t\t\t\t\t\t\t\t\t<div class=\"members-item__dienst\">\n\t\t\t\t\t\tGruppe 2\t\t\t\t\t<\/div>\n\t\t\t\t\t\t\t\t\t\t\t\t\t\t\n\t\t\t\t\t\n\t\t\t\t\t\t\t\t\t\t\n\t\t\t\t<\/div>\n\t\t\t<\/div>\n\t\t<\/div>\n\n\t\t\t\t<div class=\"members-item\">\n\t\t\t<div class=\"members-item__wrapper\">\n\t\t\t\t<div class=\"members-item__top\">\n\t\t\t\t\t<div class=\"members-item__image\">\n\t\t\t\t\t\t\t\t\t\t<div class=\"members-item__image--inner members-item__image--member\" style=\"background-image: url('https:\/\/www.ffpassau.de\/hauptwache\/wp-content\/uploads\/sites\/4\/2020\/03\/Picture_Blanket.jpg');\"><\/div>\t\n\t\t\t\t\t\t\t\t\t\t<\/div>\n\n\n\t\t\t\t\t\t\t\t\t\t<div class=\"members-item__meta\">\n\t\t\t\t\t\tFeuerwehrmann\t\t\t\t\t<\/div>\n\t\t\t\t\t\t\n\t\t\t\t\t<div class=\"members-item__header\">\n\t\t\t\t\t\tFelix Paech\t\t\t\t\t<\/div>\n\t\t\t\t\t\t\t\t\t\t<div class=\"members-item__dienst\">\n\t\t\t\t\t\tGruppe 1\t\t\t\t\t<\/div>\n\t\t\t\t\t\t\t\t\t\t\t\t\t\t\n\t\t\t\t\t\n\t\t\t\t\t\t\t\t\t\t\n\t\t\t\t<\/div>\n\t\t\t<\/div>\n\t\t<\/div>\n\n\t\t\t\t<div class=\"members-item\">\n\t\t\t<div class=\"members-item__wrapper\">\n\t\t\t\t<div class=\"members-item__top\">\n\t\t\t\t\t<div class=\"members-item__image\">\n\t\t\t\t\t\t\t\t\t\t<div class=\"members-item__image--inner members-item__image--member\" style=\"background-image: url('https:\/\/www.ffpassau.de\/hauptwache\/wp-content\/uploads\/sites\/4\/2025\/08\/Plinganser_Paul-scaled.jpg');\"><\/div>\t\n\t\t\t\t\t\t\t\t\t\t<\/div>\n\n\n\t\t\t\t\t\t\t\t\t\t<div class=\"members-item__meta\">\n\t\t\t\t\t\tFeuerwehranw\u00e4rter\t\t\t\t\t<\/div>\n\t\t\t\t\t\t\n\t\t\t\t\t<div class=\"members-item__header\">\n\t\t\t\t\t\tPaul Plinganser\t\t\t\t\t<\/div>\n\t\t\t\t\t\t\t\t\t\t<div class=\"members-item__dienst\">\n\t\t\t\t\t\tJugendgruppe\t\t\t\t\t<\/div>\n\t\t\t\t\t\t\t\t\t\t\t\t\t\t\n\t\t\t\t\t\n\t\t\t\t\t\t\t\t\t\t\n\t\t\t\t<\/div>\n\t\t\t<\/div>\n\t\t<\/div>\n\n\t\t\t\t<div class=\"members-item\">\n\t\t\t<div class=\"members-item__wrapper\">\n\t\t\t\t<div class=\"members-item__top\">\n\t\t\t\t\t<div class=\"members-item__image\">\n\t\t\t\t\t\t\t\t\t\t<div class=\"members-item__image--inner members-item__image--member\" style=\"background-image: url('https:\/\/www.ffpassau.de\/hauptwache\/wp-content\/uploads\/sites\/4\/2025\/08\/Plinganser_Philip-scaled.jpg');\"><\/div>\t\n\t\t\t\t\t\t\t\t\t\t<\/div>\n\n\n\t\t\t\t\t\t\t\t\t\t<div class=\"members-item__meta\">\n\t\t\t\t\t\tFeuerwehranw\u00e4rter\t\t\t\t\t<\/div>\n\t\t\t\t\t\t\n\t\t\t\t\t<div class=\"members-item__header\">\n\t\t\t\t\t\tPhilip Plinganser\t\t\t\t\t<\/div>\n\t\t\t\t\t\t\t\t\t\t<div class=\"members-item__dienst\">\n\t\t\t\t\t\tJugendgruppe\t\t\t\t\t<\/div>\n\t\t\t\t\t\t\t\t\t\t\t\t\t\t\n\t\t\t\t\t\n\t\t\t\t\t\t\t\t\t\t\n\t\t\t\t<\/div>\n\t\t\t<\/div>\n\t\t<\/div>\n\n\t\t\t\t<div class=\"members-item\">\n\t\t\t<div class=\"members-item__wrapper\">\n\t\t\t\t<div class=\"members-item__top\">\n\t\t\t\t\t<div class=\"members-item__image\">\n\t\t\t\t\t\t\t\t\t\t<div class=\"members-item__image--inner members-item__image--member\" style=\"background-image: url('https:\/\/www.ffpassau.de\/hauptwache\/wp-content\/uploads\/sites\/4\/2020\/03\/Picture_Blanket.jpg');\"><\/div>\t\n\t\t\t\t\t\t\t\t\t\t<\/div>\n\n\n\t\t\t\t\t\t\t\t\t\t<div class=\"members-item__meta\">\n\t\t\t\t\t\tFeuerwehrmann\t\t\t\t\t<\/div>\n\t\t\t\t\t\t\n\t\t\t\t\t<div class=\"members-item__header\">\n\t\t\t\t\t\tStefan Putz\t\t\t\t\t<\/div>\n\t\t\t\t\t\t\t\t\t\t<div class=\"members-item__dienst\">\n\t\t\t\t\t\tGruppe 2\t\t\t\t\t<\/div>\n\t\t\t\t\t\t\t\t\t\t\t\t\t\t\n\t\t\t\t\t\n\t\t\t\t\t\t\t\t\t\t\n\t\t\t\t<\/div>\n\t\t\t<\/div>\n\t\t<\/div>\n\n\t\t\t\t<div class=\"members-item\">\n\t\t\t<div class=\"members-item__wrapper\">\n\t\t\t\t<div class=\"members-item__top\">\n\t\t\t\t\t<div class=\"members-item__image\">\n\t\t\t\t\t\t\t\t\t\t<div class=\"members-item__image--inner members-item__image--member\" style=\"background-image: url('https:\/\/www.ffpassau.de\/hauptwache\/wp-content\/uploads\/sites\/4\/2020\/03\/Picture_Blanket.jpg');\"><\/div>\t\n\t\t\t\t\t\t\t\t\t\t<\/div>\n\n\n\t\t\t\t\t\t\t\t\t\t<div class=\"members-item__meta\">\n\t\t\t\t\t\tOberfeuerwehrmann\t\t\t\t\t<\/div>\n\t\t\t\t\t\t\n\t\t\t\t\t<div class=\"members-item__header\">\n\t\t\t\t\t\tClemens Rasmussen\t\t\t\t\t<\/div>\n\t\t\t\t\t\t\t\t\t\t<div class=\"members-item__dienst\">\n\t\t\t\t\t\tGruppe 2\t\t\t\t\t<\/div>\n\t\t\t\t\t\t\t\t\t\t\t\t\t\t\n\t\t\t\t\t\n\t\t\t\t\t\t\t\t\t\t\n\t\t\t\t<\/div>\n\t\t\t<\/div>\n\t\t<\/div>\n\n\t\t\t\t<div class=\"members-item\">\n\t\t\t<div class=\"members-item__wrapper\">\n\t\t\t\t<div class=\"members-item__top\">\n\t\t\t\t\t<div class=\"members-item__image\">\n\t\t\t\t\t\t\t\t\t\t<div class=\"members-item__image--inner members-item__image--member\" style=\"background-image: url('https:\/\/www.ffpassau.de\/hauptwache\/wp-content\/uploads\/sites\/4\/2025\/08\/Rump_Jonathan-scaled.jpg');\"><\/div>\t\n\t\t\t\t\t\t\t\t\t\t<\/div>\n\n\n\t\t\t\t\t\t\t\t\t\t<div class=\"members-item__meta\">\n\t\t\t\t\t\tFeuerwehranw\u00e4rter\t\t\t\t\t<\/div>\n\t\t\t\t\t\t\n\t\t\t\t\t<div class=\"members-item__header\">\n\t\t\t\t\t\tJonathan Rump\t\t\t\t\t<\/div>\n\t\t\t\t\t\t\t\t\t\t<div class=\"members-item__dienst\">\n\t\t\t\t\t\tJugendgruppe\t\t\t\t\t<\/div>\n\t\t\t\t\t\t\t\t\t\t\t\t\t\t\n\t\t\t\t\t\n\t\t\t\t\t\t\t\t\t\t\n\t\t\t\t<\/div>\n\t\t\t<\/div>\n\t\t<\/div>\n\n\t\t\t\t<div class=\"members-item\">\n\t\t\t<div class=\"members-item__wrapper\">\n\t\t\t\t<div class=\"members-item__top\">\n\t\t\t\t\t<div class=\"members-item__image\">\n\t\t\t\t\t\t\t\t\t\t<div class=\"members-item__image--inner members-item__image--member\" style=\"background-image: url('https:\/\/www.ffpassau.de\/hauptwache\/wp-content\/uploads\/sites\/4\/2020\/02\/Sageder_Thomas_2019.jpg');\"><\/div>\t\n\t\t\t\t\t\t\t\t\t\t<\/div>\n\n\n\t\t\t\t\t\t\t\t\t\t<div class=\"members-item__meta\">\n\t\t\t\t\t\tHauptfeuerwehrmann\t\t\t\t\t<\/div>\n\t\t\t\t\t\t\n\t\t\t\t\t<div class=\"members-item__header\">\n\t\t\t\t\t\tThomas Sageder\t\t\t\t\t<\/div>\n\t\t\t\t\t\t\t\t\t\t<div class=\"members-item__dienst\">\n\t\t\t\t\t\tGruppe 1\t\t\t\t\t<\/div>\n\t\t\t\t\t\t\t\t\t\t\t\t\t\t\n\t\t\t\t\t\t\t\t\t\t<div class=\"members-item__content\">\n\t\t\t\t\t\t<p>Ausbilder der Maschinisten<\/p>\n\t\t\t\t\t<\/div>\n\t\t\t\t\t\n\t\t\t\t\t\t\t\t\t\t\t\t\t\t\t<div class=\"members-item__email\">\n\t\t\t\t\t<span class=\"lnr lnr-envelope\"><\/span> <a href=\"mailto:thomas.sageder@feuerwehr-passau.de\" target=\"_blank\">thomas.sageder@feuerwehr-passau.de<\/a>\n\t\t\t\t\t<\/div>\n\t\t\t\t\t\n\t\t\t\t<\/div>\n\t\t\t<\/div>\n\t\t<\/div>\n\n\t\t\t\t<div class=\"members-item\">\n\t\t\t<div class=\"members-item__wrapper\">\n\t\t\t\t<div class=\"members-item__top\">\n\t\t\t\t\t<div class=\"members-item__image\">\n\t\t\t\t\t\t\t\t\t\t<div class=\"members-item__image--inner members-item__image--member\" style=\"background-image: url('https:\/\/www.ffpassau.de\/hauptwache\/wp-content\/uploads\/sites\/4\/2024\/10\/Schell_P-scaled.jpg');\"><\/div>\t\n\t\t\t\t\t\t\t\t\t\t<\/div>\n\n\n\t\t\t\t\t\t\t\t\t\t<div class=\"members-item__meta\">\n\t\t\t\t\t\tFeuerwehranw\u00e4rter\t\t\t\t\t<\/div>\n\t\t\t\t\t\t\n\t\t\t\t\t<div class=\"members-item__header\">\n\t\t\t\t\t\tPeter Schell\t\t\t\t\t<\/div>\n\t\t\t\t\t\t\t\t\t\t<div class=\"members-item__dienst\">\n\t\t\t\t\t\tGruppe 2\t\t\t\t\t<\/div>\n\t\t\t\t\t\t\t\t\t\t\t\t\t\t\n\t\t\t\t\t\n\t\t\t\t\t\t\t\t\t\t\n\t\t\t\t<\/div>\n\t\t\t<\/div>\n\t\t<\/div>\n\n\t\t\t\t<div class=\"members-item\">\n\t\t\t<div class=\"members-item__wrapper\">\n\t\t\t\t<div class=\"members-item__top\">\n\t\t\t\t\t<div class=\"members-item__image\">\n\t\t\t\t\t\t\t\t\t\t<div class=\"members-item__image--inner members-item__image--member\" style=\"background-image: url('https:\/\/www.ffpassau.de\/hauptwache\/wp-content\/uploads\/sites\/4\/2020\/03\/Picture_Blanket.jpg');\"><\/div>\t\n\t\t\t\t\t\t\t\t\t\t<\/div>\n\n\n\t\t\t\t\t\t\t\t\t\t<div class=\"members-item__meta\">\n\t\t\t\t\t\tHauptfeuerwehrmann\t\t\t\t\t<\/div>\n\t\t\t\t\t\t\n\t\t\t\t\t<div class=\"members-item__header\">\n\t\t\t\t\t\tSascha Schiegg\t\t\t\t\t<\/div>\n\t\t\t\t\t\t\t\t\t\t<div class=\"members-item__dienst\">\n\t\t\t\t\t\tGruppe 2\t\t\t\t\t<\/div>\n\t\t\t\t\t\t\t\t\t\t\t\t\t\t\n\t\t\t\t\t\n\t\t\t\t\t\t\t\t\t\t\n\t\t\t\t<\/div>\n\t\t\t<\/div>\n\t\t<\/div>\n\n\t\t\t\t<div class=\"members-item\">\n\t\t\t<div class=\"members-item__wrapper\">\n\t\t\t\t<div class=\"members-item__top\">\n\t\t\t\t\t<div class=\"members-item__image\">\n\t\t\t\t\t\t\t\t\t\t<div class=\"members-item__image--inner members-item__image--member\" style=\"background-image: url('https:\/\/www.ffpassau.de\/hauptwache\/wp-content\/uploads\/sites\/4\/2020\/03\/Picture_Blanket.jpg');\"><\/div>\t\n\t\t\t\t\t\t\t\t\t\t<\/div>\n\n\n\t\t\t\t\t\t\t\t\t\t<div class=\"members-item__meta\">\n\t\t\t\t\t\tFeuerwehrmann\t\t\t\t\t<\/div>\n\t\t\t\t\t\t\n\t\t\t\t\t<div class=\"members-item__header\">\n\t\t\t\t\t\tStefan Schlager\t\t\t\t\t<\/div>\n\t\t\t\t\t\t\t\t\t\t<div class=\"members-item__dienst\">\n\t\t\t\t\t\tHauptamtliche Tagwache\t\t\t\t\t<\/div>\n\t\t\t\t\t\t\t\t\t\t\t\t\t\t\n\t\t\t\t\t\n\t\t\t\t\t\t\t\t\t\t\n\t\t\t\t<\/div>\n\t\t\t<\/div>\n\t\t<\/div>\n\n\t\t\t\t<div class=\"members-item\">\n\t\t\t<div class=\"members-item__wrapper\">\n\t\t\t\t<div class=\"members-item__top\">\n\t\t\t\t\t<div class=\"members-item__image\">\n\t\t\t\t\t\t\t\t\t\t<div class=\"members-item__image--inner members-item__image--member\" style=\"background-image: url('https:\/\/www.ffpassau.de\/hauptwache\/wp-content\/uploads\/sites\/4\/2022\/09\/Speckner_Nadine_2-e1728501841392.jpg');\"><\/div>\t\n\t\t\t\t\t\t\t\t\t\t<\/div>\n\n\n\t\t\t\t\t\t\t\t\t\t<div class=\"members-item__meta\">\n\t\t\t\t\t\tHauptfeuerwehrfrau\t\t\t\t\t<\/div>\n\t\t\t\t\t\t\n\t\t\t\t\t<div class=\"members-item__header\">\n\t\t\t\t\t\tNadine Schlarb\t\t\t\t\t<\/div>\n\t\t\t\t\t\t\t\t\t\t<div class=\"members-item__dienst\">\n\t\t\t\t\t\tGruppe 1\t\t\t\t\t<\/div>\n\t\t\t\t\t\t\t\t\t\t\t\t\t\t\n\t\t\t\t\t\t\t\t\t\t<div class=\"members-item__content\">\n\t\t\t\t\t\t<p>Verantwortliche der Kinderfeuerwehr FF Passau<br \/>\nVertrauensfrau | Beisitzerin Feuerwehr Passau - L\u00f6schzug Hauptwache e.V.<\/p>\n\t\t\t\t\t<\/div>\n\t\t\t\t\t\n\t\t\t\t\t\t\t\t\t\t\t\t\t\t\t<div class=\"members-item__email\">\n\t\t\t\t\t<span class=\"lnr lnr-envelope\"><\/span> <a href=\"mailto:nadine.schlarb@feuerwehr-passau.de\" target=\"_blank\">nadine.schlarb@feuerwehr-passau.de<\/a>\n\t\t\t\t\t<\/div>\n\t\t\t\t\t\n\t\t\t\t<\/div>\n\t\t\t<\/div>\n\t\t<\/div>\n\n\t\t\t\t<div class=\"members-item\">\n\t\t\t<div class=\"members-item__wrapper\">\n\t\t\t\t<div class=\"members-item__top\">\n\t\t\t\t\t<div class=\"members-item__image\">\n\t\t\t\t\t\t\t\t\t\t<div class=\"members-item__image--inner members-item__image--member\" style=\"background-image: url('https:\/\/www.ffpassau.de\/hauptwache\/wp-content\/uploads\/sites\/4\/2026\/04\/SCHMOELLER_ALEX-1.jpg');\"><\/div>\t\n\t\t\t\t\t\t\t\t\t\t<\/div>\n\n\n\t\t\t\t\t\t\t\t\t\t<div class=\"members-item__meta\">\n\t\t\t\t\t\tFeuerwehrmann\t\t\t\t\t<\/div>\n\t\t\t\t\t\t\n\t\t\t\t\t<div class=\"members-item__header\">\n\t\t\t\t\t\tAlexander Schm\u00f6ller\t\t\t\t\t<\/div>\n\t\t\t\t\t\t\t\t\t\t<div class=\"members-item__dienst\">\n\t\t\t\t\t\tGruppe 2\t\t\t\t\t<\/div>\n\t\t\t\t\t\t\t\t\t\t\t\t\t\t\n\t\t\t\t\t\n\t\t\t\t\t\t\t\t\t\t\n\t\t\t\t<\/div>\n\t\t\t<\/div>\n\t\t<\/div>\n\n\t\t\t\t<div class=\"members-item\">\n\t\t\t<div class=\"members-item__wrapper\">\n\t\t\t\t<div class=\"members-item__top\">\n\t\t\t\t\t<div class=\"members-item__image\">\n\t\t\t\t\t\t\t\t\t\t<div class=\"members-item__image--inner members-item__image--member\" style=\"background-image: url('https:\/\/www.ffpassau.de\/hauptwache\/wp-content\/uploads\/sites\/4\/2024\/10\/Schneider_Lisa-scaled.jpg');\"><\/div>\t\n\t\t\t\t\t\t\t\t\t\t<\/div>\n\n\n\t\t\t\t\t\t\t\t\t\t<div class=\"members-item__meta\">\n\t\t\t\t\t\tFeuerwehrfrau\t\t\t\t\t<\/div>\n\t\t\t\t\t\t\n\t\t\t\t\t<div class=\"members-item__header\">\n\t\t\t\t\t\tLisa Schneider\t\t\t\t\t<\/div>\n\t\t\t\t\t\t\t\t\t\t<div class=\"members-item__dienst\">\n\t\t\t\t\t\tGruppe 2\t\t\t\t\t<\/div>\n\t\t\t\t\t\t\t\t\t\t\t\t\t\t\n\t\t\t\t\t\n\t\t\t\t\t\t\t\t\t\t\n\t\t\t\t<\/div>\n\t\t\t<\/div>\n\t\t<\/div>\n\n\t\t\t\t<div class=\"members-item\">\n\t\t\t<div class=\"members-item__wrapper\">\n\t\t\t\t<div class=\"members-item__top\">\n\t\t\t\t\t<div class=\"members-item__image\">\n\t\t\t\t\t\t\t\t\t\t<div class=\"members-item__image--inner members-item__image--member\" style=\"background-image: url('https:\/\/www.ffpassau.de\/hauptwache\/wp-content\/uploads\/sites\/4\/2023\/11\/Schroeder_Michael.jpg');\"><\/div>\t\n\t\t\t\t\t\t\t\t\t\t<\/div>\n\n\n\t\t\t\t\t\t\t\t\t\t<div class=\"members-item__meta\">\n\t\t\t\t\t\tFeuerwehranw\u00e4rter\t\t\t\t\t<\/div>\n\t\t\t\t\t\t\n\t\t\t\t\t<div class=\"members-item__header\">\n\t\t\t\t\t\tMichael Schr\u00f6der\t\t\t\t\t<\/div>\n\t\t\t\t\t\t\t\t\t\t<div class=\"members-item__dienst\">\n\t\t\t\t\t\tGruppe 2\t\t\t\t\t<\/div>\n\t\t\t\t\t\t\t\t\t\t\t\t\t\t\n\t\t\t\t\t\n\t\t\t\t\t\t\t\t\t\t\n\t\t\t\t<\/div>\n\t\t\t<\/div>\n\t\t<\/div>\n\n\t\t\t\t<div class=\"members-item\">\n\t\t\t<div class=\"members-item__wrapper\">\n\t\t\t\t<div class=\"members-item__top\">\n\t\t\t\t\t<div class=\"members-item__image\">\n\t\t\t\t\t\t\t\t\t\t<div class=\"members-item__image--inner members-item__image--member\" style=\"background-image: url('https:\/\/www.ffpassau.de\/hauptwache\/wp-content\/uploads\/sites\/4\/2026\/04\/STIGGER_BENEDIKT_1.jpg');\"><\/div>\t\n\t\t\t\t\t\t\t\t\t\t<\/div>\n\n\n\t\t\t\t\t\t\t\t\t\t<div class=\"members-item__meta\">\n\t\t\t\t\t\tFeuerwehrmann\t\t\t\t\t<\/div>\n\t\t\t\t\t\t\n\t\t\t\t\t<div class=\"members-item__header\">\n\t\t\t\t\t\tBenedikt Stigger\t\t\t\t\t<\/div>\n\t\t\t\t\t\t\t\t\t\t<div class=\"members-item__dienst\">\n\t\t\t\t\t\tGruppe 1\t\t\t\t\t<\/div>\n\t\t\t\t\t\t\t\t\t\t\t\t\t\t\n\t\t\t\t\t\t\t\t\t\t<div class=\"members-item__content\">\n\t\t\t\t\t\t<p>Schriftf\u00fchrer Feuerwehr Passau - L\u00f6schzug Hauptwache e.V.<\/p>\n\t\t\t\t\t<\/div>\n\t\t\t\t\t\n\t\t\t\t\t\t\t\t\t\t\t\t\t\t\t<div class=\"members-item__email\">\n\t\t\t\t\t<span class=\"lnr lnr-envelope\"><\/span> <a href=\"mailto:benedikt.stigger@feuerwehr-passau.de\" target=\"_blank\">benedikt.stigger@feuerwehr-passau.de<\/a>\n\t\t\t\t\t<\/div>\n\t\t\t\t\t\n\t\t\t\t<\/div>\n\t\t\t<\/div>\n\t\t<\/div>\n\n\t\t\t\t<div class=\"members-item\">\n\t\t\t<div class=\"members-item__wrapper\">\n\t\t\t\t<div class=\"members-item__top\">\n\t\t\t\t\t<div class=\"members-item__image\">\n\t\t\t\t\t\t\t\t\t\t<div class=\"members-item__image--inner members-item__image--member\" style=\"background-image: url('https:\/\/www.ffpassau.de\/hauptwache\/wp-content\/uploads\/sites\/4\/2026\/04\/STIGGER_KORBINIAN-1-1.jpg');\"><\/div>\t\n\t\t\t\t\t\t\t\t\t\t<\/div>\n\n\n\t\t\t\t\t\t\t\t\t\t<div class=\"members-item__meta\">\n\t\t\t\t\t\tFeuerwehrmann\t\t\t\t\t<\/div>\n\t\t\t\t\t\t\n\t\t\t\t\t<div class=\"members-item__header\">\n\t\t\t\t\t\tKorbinian Stigger\t\t\t\t\t<\/div>\n\t\t\t\t\t\t\t\t\t\t<div class=\"members-item__dienst\">\n\t\t\t\t\t\tGruppe 1\t\t\t\t\t<\/div>\n\t\t\t\t\t\t\t\t\t\t\t\t\t\t\n\t\t\t\t\t\n\t\t\t\t\t\t\t\t\t\t\n\t\t\t\t<\/div>\n\t\t\t<\/div>\n\t\t<\/div>\n\n\t\t\t\t<div class=\"members-item\">\n\t\t\t<div class=\"members-item__wrapper\">\n\t\t\t\t<div class=\"members-item__top\">\n\t\t\t\t\t<div class=\"members-item__image\">\n\t\t\t\t\t\t\t\t\t\t<div class=\"members-item__image--inner members-item__image--member\" style=\"background-image: url('https:\/\/www.ffpassau.de\/hauptwache\/wp-content\/uploads\/sites\/4\/2026\/04\/VOLLMUTH_PAUL-2.jpg');\"><\/div>\t\n\t\t\t\t\t\t\t\t\t\t<\/div>\n\n\n\t\t\t\t\t\t\t\t\t\t<div class=\"members-item__meta\">\n\t\t\t\t\t\tFeuerwehranw\u00e4rter\t\t\t\t\t<\/div>\n\t\t\t\t\t\t\n\t\t\t\t\t<div class=\"members-item__header\">\n\t\t\t\t\t\tPaul Vollmuth\t\t\t\t\t<\/div>\n\t\t\t\t\t\t\t\t\t\t<div class=\"members-item__dienst\">\n\t\t\t\t\t\tJugendgruppe\t\t\t\t\t<\/div>\n\t\t\t\t\t\t\t\t\t\t\t\t\t\t\n\t\t\t\t\t\n\t\t\t\t\t\t\t\t\t\t\n\t\t\t\t<\/div>\n\t\t\t<\/div>\n\t\t<\/div>\n\n\t\t\t\t<div class=\"members-item\">\n\t\t\t<div class=\"members-item__wrapper\">\n\t\t\t\t<div class=\"members-item__top\">\n\t\t\t\t\t<div class=\"members-item__image\">\n\t\t\t\t\t\t\t\t\t\t<div class=\"members-item__image--inner members-item__image--member\" style=\"background-image: url('https:\/\/www.ffpassau.de\/hauptwache\/wp-content\/uploads\/sites\/4\/2022\/09\/Weidinger_Simon_1-e1728501925498.jpg');\"><\/div>\t\n\t\t\t\t\t\t\t\t\t\t<\/div>\n\n\n\t\t\t\t\t\t\t\t\t\t<div class=\"members-item__meta\">\n\t\t\t\t\t\tOberfeuerwehrmann\t\t\t\t\t<\/div>\n\t\t\t\t\t\t\n\t\t\t\t\t<div class=\"members-item__header\">\n\t\t\t\t\t\tSimon Weidinger\t\t\t\t\t<\/div>\n\t\t\t\t\t\t\t\t\t\t<div class=\"members-item__dienst\">\n\t\t\t\t\t\tGruppe 2\t\t\t\t\t<\/div>\n\t\t\t\t\t\t\t\t\t\t\t\t\t\t\n\t\t\t\t\t\t\t\t\t\t<div class=\"members-item__content\">\n\t\t\t\t\t\t<p>Kassier Feuerwehr Passau - L\u00f6schzug Hauptwache e.V.<\/p>\n\t\t\t\t\t<\/div>\n\t\t\t\t\t\n\t\t\t\t\t\t\t\t\t\t\t\t\t\t\t<div class=\"members-item__email\">\n\t\t\t\t\t<span class=\"lnr lnr-envelope\"><\/span> <a href=\"mailto:kasse.hfw@feuerwehr-passau.de\" target=\"_blank\">kasse.hfw@feuerwehr-passau.de<\/a>\n\t\t\t\t\t<\/div>\n\t\t\t\t\t\n\t\t\t\t<\/div>\n\t\t\t<\/div>\n\t\t<\/div>\n\n\t\t\t\t<div class=\"members-item\">\n\t\t\t<div class=\"members-item__wrapper\">\n\t\t\t\t<div class=\"members-item__top\">\n\t\t\t\t\t<div class=\"members-item__image\">\n\t\t\t\t\t\t\t\t\t\t<div class=\"members-item__image--inner members-item__image--member\" style=\"background-image: url('https:\/\/www.ffpassau.de\/hauptwache\/wp-content\/uploads\/sites\/4\/2024\/10\/Wetzel_M-scaled.jpg');\"><\/div>\t\n\t\t\t\t\t\t\t\t\t\t<\/div>\n\n\n\t\t\t\t\t\t\t\t\t\t<div class=\"members-item__meta\">\n\t\t\t\t\t\tFeuerwehrmann\t\t\t\t\t<\/div>\n\t\t\t\t\t\t\n\t\t\t\t\t<div class=\"members-item__header\">\n\t\t\t\t\t\tMagnus Wetzel\t\t\t\t\t<\/div>\n\t\t\t\t\t\t\t\t\t\t<div class=\"members-item__dienst\">\n\t\t\t\t\t\tGruppe 2\t\t\t\t\t<\/div>\n\t\t\t\t\t\t\t\t\t\t\t\t\t\t\n\t\t\t\t\t\t\t\t\t\t<div class=\"members-item__content\">\n\t\t\t\t\t\t<p>Vorsitzender der Feuerwehr Passau - Hochschulgruppe<\/p>\n\t\t\t\t\t<\/div>\n\t\t\t\t\t\n\t\t\t\t\t\t\t\t\t\t\t\t\t\t\t<div class=\"members-item__email\">\n\t\t\t\t\t<span class=\"lnr lnr-envelope\"><\/span> <a href=\"mailto:hsg@feuerwehr-passau.de\" target=\"_blank\">hsg@feuerwehr-passau.de<\/a>\n\t\t\t\t\t<\/div>\n\t\t\t\t\t\n\t\t\t\t<\/div>\n\t\t\t<\/div>\n\t\t<\/div>\n\n\t\t\t\t<div class=\"members-item\">\n\t\t\t<div class=\"members-item__wrapper\">\n\t\t\t\t<div class=\"members-item__top\">\n\t\t\t\t\t<div class=\"members-item__image\">\n\t\t\t\t\t\t\t\t\t\t<div class=\"members-item__image--inner members-item__image--member\" style=\"background-image: url('https:\/\/www.ffpassau.de\/hauptwache\/wp-content\/uploads\/sites\/4\/2025\/08\/Wigge_Sebastian-scaled.jpg');\"><\/div>\t\n\t\t\t\t\t\t\t\t\t\t<\/div>\n\n\n\t\t\t\t\t\t\t\t\t\t<div class=\"members-item__meta\">\n\t\t\t\t\t\tFeuerwehrmann\t\t\t\t\t<\/div>\n\t\t\t\t\t\t\n\t\t\t\t\t<div class=\"members-item__header\">\n\t\t\t\t\t\tSebastian Wigge\t\t\t\t\t<\/div>\n\t\t\t\t\t\t\t\t\t\t<div class=\"members-item__dienst\">\n\t\t\t\t\t\tGruppe 2\t\t\t\t\t<\/div>\n\t\t\t\t\t\t\t\t\t\t\t\t\t\t\n\t\t\t\t\t\n\t\t\t\t\t\t\t\t\t\t\n\t\t\t\t<\/div>\n\t\t\t<\/div>\n\t\t<\/div>\n\n\t\t\t\t<div class=\"members-item\">\n\t\t\t<div class=\"members-item__wrapper\">\n\t\t\t\t<div class=\"members-item__top\">\n\t\t\t\t\t<div class=\"members-item__image\">\n\t\t\t\t\t\t\t\t\t\t<div class=\"members-item__image--inner members-item__image--member\" style=\"background-image: url('https:\/\/www.ffpassau.de\/hauptwache\/wp-content\/uploads\/sites\/4\/2022\/09\/Anton_1-e1728502018780.jpg');\"><\/div>\t\n\t\t\t\t\t\t\t\t\t\t<\/div>\n\n\n\t\t\t\t\t\t\n\t\t\t\t\t<div class=\"members-item__header\">\n\t\t\t\t\t\tAnton\t\t\t\t\t<\/div>\n\t\t\t\t\t\t\t\t\t\t\t\t\t\t\n\t\t\t\t\t\n\t\t\t\t\t\t\t\t\t\t\n\t\t\t\t<\/div>\n\t\t\t<\/div>\n\t\t<\/div>\n\n\t\t\t\t<\/div>\n\n\n<\/div><\/div><\/div><\/div><\/div><\/div>","protected":false},"excerpt":{"rendered":"<p>Aktive Mannschaft Feuerwehr Passau L\u00f6schzug Hauptwache Wer in Passau den Notruf 112 w\u00e4hlt, bekommt innerhalb weniger Minuten Hilfe von der Feuerwehr. Dabei handelt es sich um freiwillige Kr\u00e4fte. Unsere vier Hauptziele sind: Retten, L\u00f6schen, Bergen, Sch\u00fctzen. Ohne diese Aktiven g\u00e4be es kein Ehrenamt Feuerwehr. &#8222;Pers\u00f6nlichkeiten werden nicht durch sch\u00f6ne Reden geformt, sondern durch Arbeit und eigene Leistung.&#8220; Albert Einstein<\/p>\n","protected":false},"author":1,"featured_media":0,"parent":0,"menu_order":0,"comment_status":"closed","ping_status":"closed","template":"","meta":{"footnotes":""},"class_list":["post-25","page","type-page","status-publish","hentry"],"yoast_head":"<!-- This site is optimized with the Yoast SEO plugin v24.3 - https:\/\/yoast.com\/wordpress\/plugins\/seo\/ -->\n<title>Aktive - Feuerwehr Passau - L\u00f6schzug Hauptwache<\/title>\n<meta name=\"robots\" content=\"index, follow, max-snippet:-1, max-image-preview:large, max-video-preview:-1\" \/>\n<link rel=\"canonical\" href=\"https:\/\/www.ffpassau.de\/hauptwache\/aktive\/\" \/>\n<meta property=\"og:locale\" content=\"de_DE\" \/>\n<meta property=\"og:type\" content=\"article\" \/>\n<meta property=\"og:title\" content=\"Aktive - Feuerwehr Passau - L\u00f6schzug Hauptwache\" \/>\n<meta property=\"og:description\" content=\"Aktive Mannschaft Feuerwehr Passau L\u00f6schzug Hauptwache Wer in Passau den Notruf 112 w\u00e4hlt, bekommt innerhalb weniger Minuten Hilfe von der Feuerwehr. Dabei handelt es sich um freiwillige Kr\u00e4fte. Unsere vier Hauptziele sind: Retten, L\u00f6schen, Bergen, Sch\u00fctzen. Ohne diese Aktiven g\u00e4be es kein Ehrenamt Feuerwehr. &#8222;Pers\u00f6nlichkeiten werden nicht durch sch\u00f6ne Reden geformt, sondern durch Arbeit und eigene Leistung.&#8220; Albert Einstein\" \/>\n<meta property=\"og:url\" content=\"https:\/\/www.ffpassau.de\/hauptwache\/aktive\/\" \/>\n<meta property=\"og:site_name\" content=\"Feuerwehr Passau - L\u00f6schzug Hauptwache\" \/>\n<meta property=\"article:modified_time\" content=\"2020-03-21T13:20:48+00:00\" \/>\n<meta name=\"twitter:card\" content=\"summary_large_image\" \/>\n<script type=\"application\/ld+json\" class=\"yoast-schema-graph\">{\"@context\":\"https:\/\/schema.org\",\"@graph\":[{\"@type\":\"WebPage\",\"@id\":\"https:\/\/www.ffpassau.de\/hauptwache\/aktive\/\",\"url\":\"https:\/\/www.ffpassau.de\/hauptwache\/aktive\/\",\"name\":\"Aktive - Feuerwehr Passau - L\u00f6schzug Hauptwache\",\"isPartOf\":{\"@id\":\"https:\/\/www.ffpassau.de\/hauptwache\/#website\"},\"datePublished\":\"2020-02-11T10:23:55+00:00\",\"dateModified\":\"2020-03-21T13:20:48+00:00\",\"breadcrumb\":{\"@id\":\"https:\/\/www.ffpassau.de\/hauptwache\/aktive\/#breadcrumb\"},\"inLanguage\":\"de\",\"potentialAction\":[{\"@type\":\"ReadAction\",\"target\":[\"https:\/\/www.ffpassau.de\/hauptwache\/aktive\/\"]}]},{\"@type\":\"BreadcrumbList\",\"@id\":\"https:\/\/www.ffpassau.de\/hauptwache\/aktive\/#breadcrumb\",\"itemListElement\":[{\"@type\":\"ListItem\",\"position\":1,\"name\":\"Startseite\",\"item\":\"https:\/\/www.ffpassau.de\/hauptwache\/\"},{\"@type\":\"ListItem\",\"position\":2,\"name\":\"Aktive\"}]},{\"@type\":\"WebSite\",\"@id\":\"https:\/\/www.ffpassau.de\/hauptwache\/#website\",\"url\":\"https:\/\/www.ffpassau.de\/hauptwache\/\",\"name\":\"Feuerwehr Passau - L\u00f6schzug Hauptwache\",\"description\":\"\",\"publisher\":{\"@id\":\"https:\/\/www.ffpassau.de\/hauptwache\/#organization\"},\"potentialAction\":[{\"@type\":\"SearchAction\",\"target\":{\"@type\":\"EntryPoint\",\"urlTemplate\":\"https:\/\/www.ffpassau.de\/hauptwache\/?s={search_term_string}\"},\"query-input\":{\"@type\":\"PropertyValueSpecification\",\"valueRequired\":true,\"valueName\":\"search_term_string\"}}],\"inLanguage\":\"de\"},{\"@type\":\"Organization\",\"@id\":\"https:\/\/www.ffpassau.de\/hauptwache\/#organization\",\"name\":\"Feuerwehr Passau - L\u00f6schzug Hauptwache\",\"url\":\"https:\/\/www.ffpassau.de\/hauptwache\/\",\"logo\":{\"@type\":\"ImageObject\",\"inLanguage\":\"de\",\"@id\":\"https:\/\/www.ffpassau.de\/hauptwache\/#\/schema\/logo\/image\/\",\"url\":\"https:\/\/www.ffpassau.de\/hauptwache\/wp-content\/uploads\/sites\/4\/2020\/02\/lz_hauptwache_logo.svg\",\"contentUrl\":\"https:\/\/www.ffpassau.de\/hauptwache\/wp-content\/uploads\/sites\/4\/2020\/02\/lz_hauptwache_logo.svg\",\"width\":1,\"height\":1,\"caption\":\"Feuerwehr Passau - L\u00f6schzug Hauptwache\"},\"image\":{\"@id\":\"https:\/\/www.ffpassau.de\/hauptwache\/#\/schema\/logo\/image\/\"}}]}<\/script>\n<!-- \/ Yoast SEO plugin. -->","yoast_head_json":{"title":"Aktive - Feuerwehr Passau - L\u00f6schzug Hauptwache","robots":{"index":"index","follow":"follow","max-snippet":"max-snippet:-1","max-image-preview":"max-image-preview:large","max-video-preview":"max-video-preview:-1"},"canonical":"https:\/\/www.ffpassau.de\/hauptwache\/aktive\/","og_locale":"de_DE","og_type":"article","og_title":"Aktive - Feuerwehr Passau - L\u00f6schzug Hauptwache","og_description":"Aktive Mannschaft Feuerwehr Passau L\u00f6schzug Hauptwache Wer in Passau den Notruf 112 w\u00e4hlt, bekommt innerhalb weniger Minuten Hilfe von der Feuerwehr. Dabei handelt es sich um freiwillige Kr\u00e4fte. Unsere vier Hauptziele sind: Retten, L\u00f6schen, Bergen, Sch\u00fctzen. Ohne diese Aktiven g\u00e4be es kein Ehrenamt Feuerwehr. &#8222;Pers\u00f6nlichkeiten werden nicht durch sch\u00f6ne Reden geformt, sondern durch Arbeit und eigene Leistung.&#8220; Albert Einstein","og_url":"https:\/\/www.ffpassau.de\/hauptwache\/aktive\/","og_site_name":"Feuerwehr Passau - L\u00f6schzug Hauptwache","article_modified_time":"2020-03-21T13:20:48+00:00","twitter_card":"summary_large_image","schema":{"@context":"https:\/\/schema.org","@graph":[{"@type":"WebPage","@id":"https:\/\/www.ffpassau.de\/hauptwache\/aktive\/","url":"https:\/\/www.ffpassau.de\/hauptwache\/aktive\/","name":"Aktive - Feuerwehr Passau - L\u00f6schzug Hauptwache","isPartOf":{"@id":"https:\/\/www.ffpassau.de\/hauptwache\/#website"},"datePublished":"2020-02-11T10:23:55+00:00","dateModified":"2020-03-21T13:20:48+00:00","breadcrumb":{"@id":"https:\/\/www.ffpassau.de\/hauptwache\/aktive\/#breadcrumb"},"inLanguage":"de","potentialAction":[{"@type":"ReadAction","target":["https:\/\/www.ffpassau.de\/hauptwache\/aktive\/"]}]},{"@type":"BreadcrumbList","@id":"https:\/\/www.ffpassau.de\/hauptwache\/aktive\/#breadcrumb","itemListElement":[{"@type":"ListItem","position":1,"name":"Startseite","item":"https:\/\/www.ffpassau.de\/hauptwache\/"},{"@type":"ListItem","position":2,"name":"Aktive"}]},{"@type":"WebSite","@id":"https:\/\/www.ffpassau.de\/hauptwache\/#website","url":"https:\/\/www.ffpassau.de\/hauptwache\/","name":"Feuerwehr Passau - L\u00f6schzug Hauptwache","description":"","publisher":{"@id":"https:\/\/www.ffpassau.de\/hauptwache\/#organization"},"potentialAction":[{"@type":"SearchAction","target":{"@type":"EntryPoint","urlTemplate":"https:\/\/www.ffpassau.de\/hauptwache\/?s={search_term_string}"},"query-input":{"@type":"PropertyValueSpecification","valueRequired":true,"valueName":"search_term_string"}}],"inLanguage":"de"},{"@type":"Organization","@id":"https:\/\/www.ffpassau.de\/hauptwache\/#organization","name":"Feuerwehr Passau - L\u00f6schzug Hauptwache","url":"https:\/\/www.ffpassau.de\/hauptwache\/","logo":{"@type":"ImageObject","inLanguage":"de","@id":"https:\/\/www.ffpassau.de\/hauptwache\/#\/schema\/logo\/image\/","url":"https:\/\/www.ffpassau.de\/hauptwache\/wp-content\/uploads\/sites\/4\/2020\/02\/lz_hauptwache_logo.svg","contentUrl":"https:\/\/www.ffpassau.de\/hauptwache\/wp-content\/uploads\/sites\/4\/2020\/02\/lz_hauptwache_logo.svg","width":1,"height":1,"caption":"Feuerwehr Passau - L\u00f6schzug Hauptwache"},"image":{"@id":"https:\/\/www.ffpassau.de\/hauptwache\/#\/schema\/logo\/image\/"}}]}},"_links":{"self":[{"href":"https:\/\/www.ffpassau.de\/hauptwache\/wp-json\/wp\/v2\/pages\/25","targetHints":{"allow":["GET"]}}],"collection":[{"href":"https:\/\/www.ffpassau.de\/hauptwache\/wp-json\/wp\/v2\/pages"}],"about":[{"href":"https:\/\/www.ffpassau.de\/hauptwache\/wp-json\/wp\/v2\/types\/page"}],"author":[{"embeddable":true,"href":"https:\/\/www.ffpassau.de\/hauptwache\/wp-json\/wp\/v2\/users\/1"}],"replies":[{"embeddable":true,"href":"https:\/\/www.ffpassau.de\/hauptwache\/wp-json\/wp\/v2\/comments?post=25"}],"version-history":[{"count":21,"href":"https:\/\/www.ffpassau.de\/hauptwache\/wp-json\/wp\/v2\/pages\/25\/revisions"}],"predecessor-version":[{"id":482,"href":"https:\/\/www.ffpassau.de\/hauptwache\/wp-json\/wp\/v2\/pages\/25\/revisions\/482"}],"wp:attachment":[{"href":"https:\/\/www.ffpassau.de\/hauptwache\/wp-json\/wp\/v2\/media?parent=25"}],"curies":[{"name":"wp","href":"https:\/\/api.w.org\/{rel}","templated":true}]}}