{"version":"1.0","provider_name":"Feuerwehr Passau - L\u00f6schzug Ilzstadt","provider_url":"https:\/\/www.ffpassau.de\/ilzstadt","author_name":"Feuerwehr Passau - L\u00f6schzug Ilzstadt","author_url":"https:\/\/www.ffpassau.de\/ilzstadt","title":"Kinderhort besucht den L\u00f6schzug Ilzstadt - Feuerwehr Passau - L\u00f6schzug Ilzstadt","type":"rich","width":600,"height":338,"html":"<blockquote class=\"wp-embedded-content\" data-secret=\"ek7Aad4nS1\"><a href=\"https:\/\/www.ffpassau.de\/ilzstadt\/2015\/08\/08\/kinderhort-besucht-den-loeschzug-ilzstadt\/\">Kinderhort besucht den L\u00f6schzug Ilzstadt<\/a><\/blockquote><iframe sandbox=\"allow-scripts\" security=\"restricted\" src=\"https:\/\/www.ffpassau.de\/ilzstadt\/2015\/08\/08\/kinderhort-besucht-den-loeschzug-ilzstadt\/embed\/#?secret=ek7Aad4nS1\" width=\"600\" height=\"338\" title=\"&#8222;Kinderhort besucht den L\u00f6schzug Ilzstadt&#8220; &#8211; Feuerwehr Passau - L\u00f6schzug Ilzstadt\" data-secret=\"ek7Aad4nS1\" frameborder=\"0\" marginwidth=\"0\" marginheight=\"0\" scrolling=\"no\" class=\"wp-embedded-content\"><\/iframe><script type=\"text\/javascript\">\n\/* <![CDATA[ *\/\n\/*! This file is auto-generated *\/\n!function(d,l){\"use strict\";l.querySelector&&d.addEventListener&&\"undefined\"!=typeof URL&&(d.wp=d.wp||{},d.wp.receiveEmbedMessage||(d.wp.receiveEmbedMessage=function(e){var t=e.data;if((t||t.secret||t.message||t.value)&&!\/[^a-zA-Z0-9]\/.test(t.secret)){for(var s,r,n,a=l.querySelectorAll('iframe[data-secret=\"'+t.secret+'\"]'),o=l.querySelectorAll('blockquote[data-secret=\"'+t.secret+'\"]'),c=new RegExp(\"^https?:$\",\"i\"),i=0;i<o.length;i++)o[i].style.display=\"none\";for(i=0;i<a.length;i++)s=a[i],e.source===s.contentWindow&&(s.removeAttribute(\"style\"),\"height\"===t.message?(1e3<(r=parseInt(t.value,10))?r=1e3:~~r<200&&(r=200),s.height=r):\"link\"===t.message&&(r=new URL(s.getAttribute(\"src\")),n=new URL(t.value),c.test(n.protocol))&&n.host===r.host&&l.activeElement===s&&(d.top.location.href=t.value))}},d.addEventListener(\"message\",d.wp.receiveEmbedMessage,!1),l.addEventListener(\"DOMContentLoaded\",function(){for(var e,t,s=l.querySelectorAll(\"iframe.wp-embedded-content\"),r=0;r<s.length;r++)(t=(e=s[r]).getAttribute(\"data-secret\"))||(t=Math.random().toString(36).substring(2,12),e.src+=\"#?secret=\"+t,e.setAttribute(\"data-secret\",t)),e.contentWindow.postMessage({message:\"ready\",secret:t},\"*\")},!1)))}(window,document);\n\/* ]]> *\/\n<\/script>\n","thumbnail_url":"https:\/\/www.ffpassau.de\/ilzstadt\/wp-content\/uploads\/sites\/3\/2020\/03\/Kinderhort-besucht-den-L\u00f6schzug-Ilzstadt-1.jpg","thumbnail_width":640,"thumbnail_height":423,"description":"Am Mittwoch, den 29.7.2015, machte sich der Kinderhort aus der Altstadtschule auf den Weg, um die Feuerwehr zu besuchen. In der Feuerwache des L\u00f6schzugs Ilzstadt, zu dessen Schutzgebiet die Altstadtschule geh\u00f6rt, wurden die 24 Jungen und M\u00e4dchen sowie ihre Betreuerinnen schon von Zugf\u00fchrer Florian Emmer und seiner Mannschaft erwartet. Hier lernten sie in verschiedenen Stationen die Aufgaben und die Ausr\u00fcstung der Feuerwehr kennen. An der ersten Station erkl\u00e4rte der stellv. Zugf\u00fchrer Armin Leeb die Feuerwehrautos und die technische Ausstattung. Einer der H\u00f6hepunkte des Tages war die Fahrt mit dem L\u00f6schgruppenfahrzeug. Bei der n\u00e4chsten Station stand die Kernaufgabe der Feuerwehr, das L\u00f6schen, im Vordergrund. Hier konnten die Kinder mit K\u00fcbelspritze und Strahlrohr selbst einen L\u00f6schversuch starten. Gro\u00dfes Staunen trat bei der Demonstration einer Fettexplosion ein, woraufhin ihnen von Gruppenf\u00fchrer Thomas Sittinger das richtige Verhalten bei einem derartigem Brand erkl\u00e4rt wurde. Zugf\u00fchrer [&hellip;]"}