{"version":"1.0","provider_name":"Feuerwehr Passau - L\u00f6schzug Ilzstadt","provider_url":"https:\/\/www.ffpassau.de\/ilzstadt","author_name":"Feuerwehr Passau - L\u00f6schzug Ilzstadt","author_url":"https:\/\/www.ffpassau.de\/ilzstadt","title":"L\u00f6schzug Ilzstadt besteht Leistungsabzeichen - Feuerwehr Passau - L\u00f6schzug Ilzstadt","type":"rich","width":600,"height":338,"html":"<blockquote class=\"wp-embedded-content\" data-secret=\"TT9kUKnFBh\"><a href=\"https:\/\/www.ffpassau.de\/ilzstadt\/2019\/01\/05\/loeschzug-ilzstadt-besteht-leistungsabzeichen\/\">L\u00f6schzug Ilzstadt besteht Leistungsabzeichen<\/a><\/blockquote><iframe sandbox=\"allow-scripts\" security=\"restricted\" src=\"https:\/\/www.ffpassau.de\/ilzstadt\/2019\/01\/05\/loeschzug-ilzstadt-besteht-leistungsabzeichen\/embed\/#?secret=TT9kUKnFBh\" width=\"600\" height=\"338\" title=\"&#8222;L\u00f6schzug Ilzstadt besteht Leistungsabzeichen&#8220; &#8211; Feuerwehr Passau - L\u00f6schzug Ilzstadt\" data-secret=\"TT9kUKnFBh\" frameborder=\"0\" marginwidth=\"0\" marginheight=\"0\" scrolling=\"no\" class=\"wp-embedded-content\"><\/iframe><script type=\"text\/javascript\">\n\/* <![CDATA[ *\/\n\/*! This file is auto-generated *\/\n!function(d,l){\"use strict\";l.querySelector&&d.addEventListener&&\"undefined\"!=typeof URL&&(d.wp=d.wp||{},d.wp.receiveEmbedMessage||(d.wp.receiveEmbedMessage=function(e){var t=e.data;if((t||t.secret||t.message||t.value)&&!\/[^a-zA-Z0-9]\/.test(t.secret)){for(var s,r,n,a=l.querySelectorAll('iframe[data-secret=\"'+t.secret+'\"]'),o=l.querySelectorAll('blockquote[data-secret=\"'+t.secret+'\"]'),c=new RegExp(\"^https?:$\",\"i\"),i=0;i<o.length;i++)o[i].style.display=\"none\";for(i=0;i<a.length;i++)s=a[i],e.source===s.contentWindow&&(s.removeAttribute(\"style\"),\"height\"===t.message?(1e3<(r=parseInt(t.value,10))?r=1e3:~~r<200&&(r=200),s.height=r):\"link\"===t.message&&(r=new URL(s.getAttribute(\"src\")),n=new URL(t.value),c.test(n.protocol))&&n.host===r.host&&l.activeElement===s&&(d.top.location.href=t.value))}},d.addEventListener(\"message\",d.wp.receiveEmbedMessage,!1),l.addEventListener(\"DOMContentLoaded\",function(){for(var e,t,s=l.querySelectorAll(\"iframe.wp-embedded-content\"),r=0;r<s.length;r++)(t=(e=s[r]).getAttribute(\"data-secret\"))||(t=Math.random().toString(36).substring(2,12),e.src+=\"#?secret=\"+t,e.setAttribute(\"data-secret\",t)),e.contentWindow.postMessage({message:\"ready\",secret:t},\"*\")},!1)))}(window,document);\n\/* ]]> *\/\n<\/script>\n","thumbnail_url":"https:\/\/www.ffpassau.de\/ilzstadt\/wp-content\/uploads\/sites\/3\/2020\/03\/7-Feuer-aus-scaled.jpg","thumbnail_width":2560,"thumbnail_height":1920,"description":"Das Leistungsabzeichden &#8222;Die Gruppe im l\u00f6scheinsatz&#8220; dient dazu, dass Feuerwehrdienstleistende die Handgriffe, die sie im Ernstfall beherschen m\u00fcssen unter Leistungsdruck \u00fcben.Dieser Pr\u00fcfung stellten sich die Kameradinnen und Kameraden des L\u00f6schzugs Ilzstadt unter den pr\u00fcfenden Augen der Schiedsrichter\u00a0Bernhard Kuisl\u00a0(FF Schalding l.d.D.),\u00a0Otto Neiss\u00a0(FF Grubweg) und\u00a0J\u00fcrgen Grotke\u00a0(FF Passau Lz. Hauptwache). &nbsp; Zu Beginn werden die Positionen, auf der jeder Feuerwehrmann und jede Feuerwehrfrau ihren Dienst verrichten muss ausgelost. W\u00e4hrend dann der Gruppenf\u00fchrer einen ganzen Fragenkatalog abarbeiten muss, um sein Fachwissen unter Beweis zu stellen, m\u00fcssen die \u00fcbrigen Pr\u00fcflinge dem Schiedgericht verschiedene Knoten und Stiche auf Zeit vorf\u00fchren. Daraufhin folgt die Einsatz\u00fcbung, bei der es darum geht, einen angenommenen Wohnungsbrand fehlerfrei und in mindestens 5 min unter Kontrolle zu bekommen. Hier machte sich das einw\u00f6chige Intensivtraining mit Ausbilder\u00a0David Stockbauer-Muhr\u00a0bezahlt. Als dritten Pr\u00fcfungsteil mussten Schlauch- und Wassertrupp dann noch die Saugleitung zur Wasserentnahme aus offenem [&hellip;]"}