{"version":"1.0","provider_name":"Feuerwehr Passau - L\u00f6schzug Ilzstadt","provider_url":"https:\/\/www.ffpassau.de\/ilzstadt","author_name":"florianemmer","author_url":"https:\/\/www.ffpassau.de\/ilzstadt\/author\/florianemmer\/","title":"Neue Winterjacken f\u00fcr Lz. Ilzstadt - Feuerwehr Passau - L\u00f6schzug Ilzstadt","type":"rich","width":600,"height":338,"html":"<blockquote class=\"wp-embedded-content\" data-secret=\"wyvZhho2ov\"><a href=\"https:\/\/www.ffpassau.de\/ilzstadt\/2022\/11\/20\/neue-winterjacken-fuer-lz-ilzstadt\/\">Neue Winterjacken f\u00fcr Lz. Ilzstadt<\/a><\/blockquote><iframe sandbox=\"allow-scripts\" security=\"restricted\" src=\"https:\/\/www.ffpassau.de\/ilzstadt\/2022\/11\/20\/neue-winterjacken-fuer-lz-ilzstadt\/embed\/#?secret=wyvZhho2ov\" width=\"600\" height=\"338\" title=\"&#8222;Neue Winterjacken f\u00fcr Lz. Ilzstadt&#8220; &#8211; Feuerwehr Passau - L\u00f6schzug Ilzstadt\" data-secret=\"wyvZhho2ov\" frameborder=\"0\" marginwidth=\"0\" marginheight=\"0\" scrolling=\"no\" class=\"wp-embedded-content\"><\/iframe><script type=\"text\/javascript\">\n\/* <![CDATA[ *\/\n\/*! This file is auto-generated *\/\n!function(d,l){\"use strict\";l.querySelector&&d.addEventListener&&\"undefined\"!=typeof URL&&(d.wp=d.wp||{},d.wp.receiveEmbedMessage||(d.wp.receiveEmbedMessage=function(e){var t=e.data;if((t||t.secret||t.message||t.value)&&!\/[^a-zA-Z0-9]\/.test(t.secret)){for(var s,r,n,a=l.querySelectorAll('iframe[data-secret=\"'+t.secret+'\"]'),o=l.querySelectorAll('blockquote[data-secret=\"'+t.secret+'\"]'),c=new RegExp(\"^https?:$\",\"i\"),i=0;i<o.length;i++)o[i].style.display=\"none\";for(i=0;i<a.length;i++)s=a[i],e.source===s.contentWindow&&(s.removeAttribute(\"style\"),\"height\"===t.message?(1e3<(r=parseInt(t.value,10))?r=1e3:~~r<200&&(r=200),s.height=r):\"link\"===t.message&&(r=new URL(s.getAttribute(\"src\")),n=new URL(t.value),c.test(n.protocol))&&n.host===r.host&&l.activeElement===s&&(d.top.location.href=t.value))}},d.addEventListener(\"message\",d.wp.receiveEmbedMessage,!1),l.addEventListener(\"DOMContentLoaded\",function(){for(var e,t,s=l.querySelectorAll(\"iframe.wp-embedded-content\"),r=0;r<s.length;r++)(t=(e=s[r]).getAttribute(\"data-secret\"))||(t=Math.random().toString(36).substring(2,12),e.src+=\"#?secret=\"+t,e.setAttribute(\"data-secret\",t)),e.contentWindow.postMessage({message:\"ready\",secret:t},\"*\")},!1)))}(window,document);\n\/* ]]> *\/\n<\/script>\n","thumbnail_url":"https:\/\/www.ffpassau.de\/ilzstadt\/wp-content\/uploads\/sites\/3\/2022\/11\/Foto_Jacken-scaled.jpg","thumbnail_width":2560,"thumbnail_height":1920,"description":"Die Mitglieder des L\u00f6schzugs Ilzstadt brauchen jetzt bei repr\u00e4sentativen T\u00e4tigkeiten w\u00e4hrend der kalten Jahreszeit nicht mehr frieren. Zu den Uniformen, die von der Stadt zur Verf\u00fcgung gestellt werden, kaufte der F\u00f6rderverein des L\u00f6schzugs 20 neu Texport-Feuerwehrjacken, die bei Veranstaltungen wie auch bei Sicherheitswachen getragen werden k\u00f6nnen und somit Schutz gegen Wind, Niederschlag und K\u00e4lte bieten. M\u00f6glich wurde diese Investition durch eine Spende der Fa. Knorr-Bremse aus deren Programm &#8222;KB Ehrenamt&#8220; in H\u00f6he von 4.500,-\u20ac. &nbsp;"}