{"id":17,"date":"2020-02-06T13:52:42","date_gmt":"2020-02-06T12:52:42","guid":{"rendered":"http:\/\/localhost\/ilzstadt\/?page_id=17"},"modified":"2024-12-14T17:59:06","modified_gmt":"2024-12-14T16:59:06","slug":"startseite","status":"publish","type":"page","link":"https:\/\/www.ffpassau.de\/ilzstadt\/","title":{"rendered":"Startseite"},"content":{"rendered":"<div id=\"pl-17\"  class=\"panel-layout\" ><div id=\"pg-17-0\"  class=\"panel-grid panel-no-style\" ><div id=\"pgc-17-0-0\"  class=\"panel-grid-cell\" ><div id=\"panel-17-0-0-0\" class=\"so-panel widget widget_sow-editor panel-first-child panel-last-child\" data-index=\"0\" ><div\n\t\t\t\n\t\t\tclass=\"so-widget-sow-editor so-widget-sow-editor-base\"\n\t\t\t\n\t\t>\n<div class=\"siteorigin-widget-tinymce textwidget\">\n\t<h1>Herzlich Willkommen bei der Feuerwehr Passau - L\u00f6schzug Ilzstadt<\/h1>\n<h1><\/h1>\n<\/div>\n<\/div><\/div><\/div><\/div><div id=\"pg-17-1\"  class=\"panel-grid panel-has-style\" ><div class=\"streched inverted padded panel-row-style panel-row-style-for-17-1\" ><div id=\"pgc-17-1-0\"  class=\"panel-grid-cell\" ><div id=\"panel-17-1-0-0\" class=\"widget_text so-panel widget widget_custom_html panel-first-child panel-last-child\" data-index=\"1\" ><div class=\"textwidget custom-html-widget\">\t<div class=\"row\">\n\t\t\t\t<div class=\"col-md-12\">\n\t\t\t\t<h2>\n\t\t\t\t\tNews und Aktuelles L\u00f6schzug Ilzstadt\n\t\t\t\t<\/h2>\n\t\t\t<\/div>\n\t<\/div>\n\n\n<div class=\"swiper-container-wrapper\">\n    <div class=\"swiper-container swiper-carousel\">\n        <div class=\"swiper-wrapper\">\n\t\t<div class=\"swiper-slide\">\n\t\t\t<div class=\"swiper-slide__wrapper\">\n\t\t\t\t<div class=\"swiper-slide__top\">\n\t\t\t\t\t<div class=\"swiper-slide__image\">\n\t\t\t\t\t\t\t\t\t\t\t\t\t<a href=\"https:\/\/www.ffpassau.de\/ilzstadt\/2026\/03\/22\/feuerwehr-minis-bauen-eigene-fahrzeuge\/\">\n\n\t\t\t\t\t\t\t<div class=\"swiper-slide__image--inner swiper-lazy\" data-background=\"https:\/\/www.ffpassau.de\/ilzstadt\/wp-content\/uploads\/sites\/3\/2026\/03\/Titelbild_Gruppenfoto-1024x768.jpg\"><\/div>\n\t\t\t\t\t\t\t<div class=\"swiper-slide__placeholder\"><\/div>\n\t\t\t\t\t\t\t<\/a>\n\t\t\t\t\t\t\t\t\t\t\t\t<\/div>\n\t\t\t\t\t<div class=\"swiper-slide__meta\">\n\t\t\t\t\t\t22. Mar. 2026\t\t\t\t\t\t\n\t\t\t\t\t<\/div>\n\t\t\t\t\t<div class=\"swiper-slide__header\">\n\t\t\t\t\t\t<a href=\"https:\/\/www.ffpassau.de\/ilzstadt\/2026\/03\/22\/feuerwehr-minis-bauen-eigene-fahrzeuge\/\">\n\t\t\t\t\t\t\tFeuerwehr-Minis bauen eigene Fahrzeuge\t\t\t\t\t\t<\/a>\n\t\t\t\t\t<\/div>\n\t\t\t\t\t<div class=\"swiper-slide__content\">\n\t\t\t\t\t\t\t\"Alltagskompetenzen erlernen, Spa\u00df haben, Gemeinschaft erleben, f\u00fcr Feuerwehr brennen\" - das sind die Leitgedanken, die hinter einer Kinde\t\t\t\t\t<\/div>\n\t\t\t\t<\/div>\n\t\t\t\t<div class=\"swiper-slide__bottom\">\n\t\t\t\t\t<div class=\"swiper-slide__footer\">\n\t\t\t\t\t\t<a href=\"https:\/\/www.ffpassau.de\/ilzstadt\/2026\/03\/22\/feuerwehr-minis-bauen-eigene-fahrzeuge\/\">Mehr lesen <span class=\"lnr lnr-arrow-right\"><\/span><\/a>\n\t\t\t\t\t\t\n\t\t\t\t\t<\/div>\t\n\t\t\t\t<\/div>\n\n\t\t\t<\/div>\n\t\t<\/div>\n\n\t\t\t\t<div class=\"swiper-slide\">\n\t\t\t<div class=\"swiper-slide__wrapper\">\n\t\t\t\t<div class=\"swiper-slide__top\">\n\t\t\t\t\t<div class=\"swiper-slide__image\">\n\t\t\t\t\t\t\t\t\t\t\t\t\t<a href=\"https:\/\/www.ffpassau.de\/ilzstadt\/2026\/02\/23\/jahreshauptversammlung-2026\/\">\n\n\t\t\t\t\t\t\t<div class=\"swiper-slide__image--inner swiper-lazy\" data-background=\"https:\/\/www.ffpassau.de\/ilzstadt\/wp-content\/uploads\/sites\/3\/2026\/02\/2026-02-28-Jahreshauptversammlung-1024x800.jpg\"><\/div>\n\t\t\t\t\t\t\t<div class=\"swiper-slide__placeholder\"><\/div>\n\t\t\t\t\t\t\t<\/a>\n\t\t\t\t\t\t\t\t\t\t\t\t<\/div>\n\t\t\t\t\t<div class=\"swiper-slide__meta\">\n\t\t\t\t\t\t23. Feb. 2026\t\t\t\t\t\t\n\t\t\t\t\t<\/div>\n\t\t\t\t\t<div class=\"swiper-slide__header\">\n\t\t\t\t\t\t<a href=\"https:\/\/www.ffpassau.de\/ilzstadt\/2026\/02\/23\/jahreshauptversammlung-2026\/\">\n\t\t\t\t\t\t\tL\u00f6schzug Ilzstadt blickt auf erfolgreiches Jahr zur\u00fcck\t\t\t\t\t\t<\/a>\n\t\t\t\t\t<\/div>\n\t\t\t\t\t<div class=\"swiper-slide__content\">\n\t\t\t\t\t\t\tNeuwahlen, Jahresr\u00fcckblick und Dank an engagierte Einsatzkr\u00e4fte bei der Dienst- und Mitgliederversammlung der Freiwilligen Feuerwehr Passa\t\t\t\t\t<\/div>\n\t\t\t\t<\/div>\n\t\t\t\t<div class=\"swiper-slide__bottom\">\n\t\t\t\t\t<div class=\"swiper-slide__footer\">\n\t\t\t\t\t\t<a href=\"https:\/\/www.ffpassau.de\/ilzstadt\/2026\/02\/23\/jahreshauptversammlung-2026\/\">Mehr lesen <span class=\"lnr lnr-arrow-right\"><\/span><\/a>\n\t\t\t\t\t\t\n\t\t\t\t\t<\/div>\t\n\t\t\t\t<\/div>\n\n\t\t\t<\/div>\n\t\t<\/div>\n\n\t\t\t\t<div class=\"swiper-slide\">\n\t\t\t<div class=\"swiper-slide__wrapper\">\n\t\t\t\t<div class=\"swiper-slide__top\">\n\t\t\t\t\t<div class=\"swiper-slide__image\">\n\t\t\t\t\t\t\t\t\t\t\t\t\t<a href=\"https:\/\/www.ffpassau.de\/ilzstadt\/2025\/12\/02\/christbaum-vorm-feuerwehrhaus-leuchtet-wieder\/\">\n\n\t\t\t\t\t\t\t<div class=\"swiper-slide__image--inner swiper-lazy\" data-background=\"https:\/\/www.ffpassau.de\/ilzstadt\/wp-content\/uploads\/sites\/3\/2025\/12\/Christbaumanzuenden-768x1024.jpg\"><\/div>\n\t\t\t\t\t\t\t<div class=\"swiper-slide__placeholder\"><\/div>\n\t\t\t\t\t\t\t<\/a>\n\t\t\t\t\t\t\t\t\t\t\t\t<\/div>\n\t\t\t\t\t<div class=\"swiper-slide__meta\">\n\t\t\t\t\t\t02. Dec. 2025\t\t\t\t\t\t\n\t\t\t\t\t<\/div>\n\t\t\t\t\t<div class=\"swiper-slide__header\">\n\t\t\t\t\t\t<a href=\"https:\/\/www.ffpassau.de\/ilzstadt\/2025\/12\/02\/christbaum-vorm-feuerwehrhaus-leuchtet-wieder\/\">\n\t\t\t\t\t\t\tChristbaum vorm Feuerwehrhaus leuchtet wieder\t\t\t\t\t\t<\/a>\n\t\t\t\t\t<\/div>\n\t\t\t\t\t<div class=\"swiper-slide__content\">\n\t\t\t\t\t\t\tUnter festlichen Kl\u00e4ngen von Blechbl\u00e4sern und beim Duft von Punsch, Pl\u00e4tzchen und Bratw\u00fcrsten wurde der Christbaum vor dem Ilzer Feuerwe\t\t\t\t\t<\/div>\n\t\t\t\t<\/div>\n\t\t\t\t<div class=\"swiper-slide__bottom\">\n\t\t\t\t\t<div class=\"swiper-slide__footer\">\n\t\t\t\t\t\t<a href=\"https:\/\/www.ffpassau.de\/ilzstadt\/2025\/12\/02\/christbaum-vorm-feuerwehrhaus-leuchtet-wieder\/\">Mehr lesen <span class=\"lnr lnr-arrow-right\"><\/span><\/a>\n\t\t\t\t\t\t\n\t\t\t\t\t<\/div>\t\n\t\t\t\t<\/div>\n\n\t\t\t<\/div>\n\t\t<\/div>\n\n\t\t\t\t<div class=\"swiper-slide\">\n\t\t\t<div class=\"swiper-slide__wrapper\">\n\t\t\t\t<div class=\"swiper-slide__top\">\n\t\t\t\t\t<div class=\"swiper-slide__image\">\n\t\t\t\t\t\t\t\t\t\t\t\t\t<a href=\"https:\/\/www.ffpassau.de\/ilzstadt\/2025\/11\/28\/schafkopfturnier-beim-loeschzug-ilzstadt-4\/\">\n\n\t\t\t\t\t\t\t<div class=\"swiper-slide__image--inner swiper-lazy\" data-background=\"https:\/\/www.ffpassau.de\/ilzstadt\/wp-content\/uploads\/sites\/3\/2025\/11\/2025-11-08-Schafkopfturnier-473x1024-1.jpg\"><\/div>\n\t\t\t\t\t\t\t<div class=\"swiper-slide__placeholder\"><\/div>\n\t\t\t\t\t\t\t<\/a>\n\t\t\t\t\t\t\t\t\t\t\t\t<\/div>\n\t\t\t\t\t<div class=\"swiper-slide__meta\">\n\t\t\t\t\t\t28. Nov. 2025\t\t\t\t\t\t\n\t\t\t\t\t<\/div>\n\t\t\t\t\t<div class=\"swiper-slide__header\">\n\t\t\t\t\t\t<a href=\"https:\/\/www.ffpassau.de\/ilzstadt\/2025\/11\/28\/schafkopfturnier-beim-loeschzug-ilzstadt-4\/\">\n\t\t\t\t\t\t\tSchafkopfturnier beim L\u00f6schzug Ilzstadt\t\t\t\t\t\t<\/a>\n\t\t\t\t\t<\/div>\n\t\t\t\t\t<div class=\"swiper-slide__content\">\n\t\t\t\t\t\t\tWieder einmal waren alle Pl\u00e4tze besetzt, beim 12. traditionellen Schafkopfturnier des L\u00f6schzugs Ilzstadt der Freiwilligen Feuerwehr Passau\t\t\t\t\t<\/div>\n\t\t\t\t<\/div>\n\t\t\t\t<div class=\"swiper-slide__bottom\">\n\t\t\t\t\t<div class=\"swiper-slide__footer\">\n\t\t\t\t\t\t<a href=\"https:\/\/www.ffpassau.de\/ilzstadt\/2025\/11\/28\/schafkopfturnier-beim-loeschzug-ilzstadt-4\/\">Mehr lesen <span class=\"lnr lnr-arrow-right\"><\/span><\/a>\n\t\t\t\t\t\t\n\t\t\t\t\t<\/div>\t\n\t\t\t\t<\/div>\n\n\t\t\t<\/div>\n\t\t<\/div>\n\n\t\t\t\t<div class=\"swiper-slide\">\n\t\t\t<div class=\"swiper-slide__wrapper\">\n\t\t\t\t<div class=\"swiper-slide__top\">\n\t\t\t\t\t<div class=\"swiper-slide__image\">\n\t\t\t\t\t\t\t\t\t\t\t\t\t<a href=\"https:\/\/www.ffpassau.de\/ilzstadt\/2025\/11\/28\/gedenken-an-verstorbene\/\">\n\n\t\t\t\t\t\t\t<div class=\"swiper-slide__image--inner swiper-lazy\" data-background=\"https:\/\/www.ffpassau.de\/ilzstadt\/wp-content\/uploads\/sites\/3\/2025\/11\/2025-11-15-Volkstraueratag-1024x768-1.jpg\"><\/div>\n\t\t\t\t\t\t\t<div class=\"swiper-slide__placeholder\"><\/div>\n\t\t\t\t\t\t\t<\/a>\n\t\t\t\t\t\t\t\t\t\t\t\t<\/div>\n\t\t\t\t\t<div class=\"swiper-slide__meta\">\n\t\t\t\t\t\t28. Nov. 2025\t\t\t\t\t\t\n\t\t\t\t\t<\/div>\n\t\t\t\t\t<div class=\"swiper-slide__header\">\n\t\t\t\t\t\t<a href=\"https:\/\/www.ffpassau.de\/ilzstadt\/2025\/11\/28\/gedenken-an-verstorbene\/\">\n\t\t\t\t\t\t\tGedenken an Verstorbene\t\t\t\t\t\t<\/a>\n\t\t\t\t\t<\/div>\n\t\t\t\t\t<div class=\"swiper-slide__content\">\n\t\t\t\t\t\t\tDer November ist der Monat des Gedenkens an die Verstorbenen. So waren jeweils eine gro\u00dfe Abordnung an Feuerwehrkameraden sowohl am Allerhe\t\t\t\t\t<\/div>\n\t\t\t\t<\/div>\n\t\t\t\t<div class=\"swiper-slide__bottom\">\n\t\t\t\t\t<div class=\"swiper-slide__footer\">\n\t\t\t\t\t\t<a href=\"https:\/\/www.ffpassau.de\/ilzstadt\/2025\/11\/28\/gedenken-an-verstorbene\/\">Mehr lesen <span class=\"lnr lnr-arrow-right\"><\/span><\/a>\n\t\t\t\t\t\t\n\t\t\t\t\t<\/div>\t\n\t\t\t\t<\/div>\n\n\t\t\t<\/div>\n\t\t<\/div>\n\n\t\t\t\t<div class=\"swiper-slide\">\n\t\t\t<div class=\"swiper-slide__wrapper\">\n\t\t\t\t<div class=\"swiper-slide__top\">\n\t\t\t\t\t<div class=\"swiper-slide__image\">\n\t\t\t\t\t\t\t\t\t\t\t\t\t<a href=\"https:\/\/www.ffpassau.de\/ilzstadt\/2025\/11\/28\/christbaum-anzuenden-2\/\">\n\n\t\t\t\t\t\t\t<div class=\"swiper-slide__image--inner swiper-lazy\" data-background=\"https:\/\/www.ffpassau.de\/ilzstadt\/wp-content\/uploads\/sites\/3\/2025\/11\/Plakat-Christbaumanzuenden.jpg\"><\/div>\n\t\t\t\t\t\t\t<div class=\"swiper-slide__placeholder\"><\/div>\n\t\t\t\t\t\t\t<\/a>\n\t\t\t\t\t\t\t\t\t\t\t\t<\/div>\n\t\t\t\t\t<div class=\"swiper-slide__meta\">\n\t\t\t\t\t\t28. Nov. 2025\t\t\t\t\t\t\n\t\t\t\t\t<\/div>\n\t\t\t\t\t<div class=\"swiper-slide__header\">\n\t\t\t\t\t\t<a href=\"https:\/\/www.ffpassau.de\/ilzstadt\/2025\/11\/28\/christbaum-anzuenden-2\/\">\n\t\t\t\t\t\t\tChristbaum anz\u00fcnden\t\t\t\t\t\t<\/a>\n\t\t\t\t\t<\/div>\n\t\t\t\t\t<div class=\"swiper-slide__content\">\n\t\t\t\t\t\t\t\"Alle Jahre wieder...\" startet der L\u00f6schzug Ilzstadt am Vorabend des 1. Advents in die Vorweihnachtszeit und illuminiert den festlich gesch\t\t\t\t\t<\/div>\n\t\t\t\t<\/div>\n\t\t\t\t<div class=\"swiper-slide__bottom\">\n\t\t\t\t\t<div class=\"swiper-slide__footer\">\n\t\t\t\t\t\t<a href=\"https:\/\/www.ffpassau.de\/ilzstadt\/2025\/11\/28\/christbaum-anzuenden-2\/\">Mehr lesen <span class=\"lnr lnr-arrow-right\"><\/span><\/a>\n\t\t\t\t\t\t\n\t\t\t\t\t<\/div>\t\n\t\t\t\t<\/div>\n\n\t\t\t<\/div>\n\t\t<\/div>\n\n\t\t\t\t<div class=\"swiper-slide\">\n\t\t\t<div class=\"swiper-slide__wrapper\">\n\t\t\t\t<div class=\"swiper-slide__top\">\n\t\t\t\t\t<div class=\"swiper-slide__image\">\n\t\t\t\t\t\t\t\t\t\t\t\t\t<a href=\"https:\/\/www.ffpassau.de\/ilzstadt\/2025\/06\/18\/alstadtkinderhort-bekommt-besuch-von-der-feuerwehr\/\">\n\n\t\t\t\t\t\t\t<div class=\"swiper-slide__image--inner swiper-lazy\" data-background=\"https:\/\/www.ffpassau.de\/ilzstadt\/wp-content\/uploads\/sites\/3\/2025\/06\/20241116_143547-462x1024.jpg\"><\/div>\n\t\t\t\t\t\t\t<div class=\"swiper-slide__placeholder\"><\/div>\n\t\t\t\t\t\t\t<\/a>\n\t\t\t\t\t\t\t\t\t\t\t\t<\/div>\n\t\t\t\t\t<div class=\"swiper-slide__meta\">\n\t\t\t\t\t\t18. Jun. 2025\t\t\t\t\t\t\n\t\t\t\t\t<\/div>\n\t\t\t\t\t<div class=\"swiper-slide__header\">\n\t\t\t\t\t\t<a href=\"https:\/\/www.ffpassau.de\/ilzstadt\/2025\/06\/18\/alstadtkinderhort-bekommt-besuch-von-der-feuerwehr\/\">\n\t\t\t\t\t\t\tAltstadtkinderhort bekommt Besuch von der Feuerwehr\t\t\t\t\t\t<\/a>\n\t\t\t\t\t<\/div>\n\t\t\t\t\t<div class=\"swiper-slide__content\">\n\t\t\t\t\t\t\tEinmal im Jahr bekommt der st\u00e4dtische Kinderhort an der Altstadtschule Besuch vom L\u00f6schzug Ilzstadt der Freiwilligen Feuerwehr Passau.\r\nDa\t\t\t\t\t<\/div>\n\t\t\t\t<\/div>\n\t\t\t\t<div class=\"swiper-slide__bottom\">\n\t\t\t\t\t<div class=\"swiper-slide__footer\">\n\t\t\t\t\t\t<a href=\"https:\/\/www.ffpassau.de\/ilzstadt\/2025\/06\/18\/alstadtkinderhort-bekommt-besuch-von-der-feuerwehr\/\">Mehr lesen <span class=\"lnr lnr-arrow-right\"><\/span><\/a>\n\t\t\t\t\t\t\n\t\t\t\t\t<\/div>\t\n\t\t\t\t<\/div>\n\n\t\t\t<\/div>\n\t\t<\/div>\n\n\t\t\t\t<div class=\"swiper-slide\">\n\t\t\t<div class=\"swiper-slide__wrapper\">\n\t\t\t\t<div class=\"swiper-slide__top\">\n\t\t\t\t\t<div class=\"swiper-slide__image\">\n\t\t\t\t\t\t\t\t\t\t\t\t\t<a href=\"https:\/\/www.ffpassau.de\/ilzstadt\/2025\/04\/12\/jahreshauptversammlung-beim-loeschzug-ilzstadt\/\">\n\n\t\t\t\t\t\t\t<div class=\"swiper-slide__image--inner swiper-lazy\" data-background=\"https:\/\/www.ffpassau.de\/ilzstadt\/wp-content\/uploads\/sites\/3\/2025\/04\/Gruppenfoto-JHV-Ilzstadt-1-1.jpeg\"><\/div>\n\t\t\t\t\t\t\t<div class=\"swiper-slide__placeholder\"><\/div>\n\t\t\t\t\t\t\t<\/a>\n\t\t\t\t\t\t\t\t\t\t\t\t<\/div>\n\t\t\t\t\t<div class=\"swiper-slide__meta\">\n\t\t\t\t\t\t12. Apr. 2025\t\t\t\t\t\t\n\t\t\t\t\t<\/div>\n\t\t\t\t\t<div class=\"swiper-slide__header\">\n\t\t\t\t\t\t<a href=\"https:\/\/www.ffpassau.de\/ilzstadt\/2025\/04\/12\/jahreshauptversammlung-beim-loeschzug-ilzstadt\/\">\n\t\t\t\t\t\t\tJahreshauptversammlung beim L\u00f6schzug Ilzstadt\t\t\t\t\t\t<\/a>\n\t\t\t\t\t<\/div>\n\t\t\t\t\t<div class=\"swiper-slide__content\">\n\t\t\t\t\t\t\tAndreas Auer und Alissa Hutwelker als neue Vorst\u00e4nde gew\u00e4hlt\r\n\r\nBei der Jahreshauptversammlung des L\u00f6schzug Ilzstadt w\u00e4hlten die zahlrei\t\t\t\t\t<\/div>\n\t\t\t\t<\/div>\n\t\t\t\t<div class=\"swiper-slide__bottom\">\n\t\t\t\t\t<div class=\"swiper-slide__footer\">\n\t\t\t\t\t\t<a href=\"https:\/\/www.ffpassau.de\/ilzstadt\/2025\/04\/12\/jahreshauptversammlung-beim-loeschzug-ilzstadt\/\">Mehr lesen <span class=\"lnr lnr-arrow-right\"><\/span><\/a>\n\t\t\t\t\t\t\n\t\t\t\t\t<\/div>\t\n\t\t\t\t<\/div>\n\n\t\t\t<\/div>\n\t\t<\/div>\n\n\t\t\t\t<div class=\"swiper-slide\">\n\t\t\t<div class=\"swiper-slide__wrapper\">\n\t\t\t\t<div class=\"swiper-slide__top\">\n\t\t\t\t\t<div class=\"swiper-slide__image\">\n\t\t\t\t\t\t\t\t\t\t\t\t\t<a href=\"https:\/\/www.ffpassau.de\/ilzstadt\/2025\/04\/12\/leistungspruefung-beim-loeschzug-ilzstadt\/\">\n\n\t\t\t\t\t\t\t<div class=\"swiper-slide__image--inner swiper-lazy\" data-background=\"https:\/\/www.ffpassau.de\/ilzstadt\/wp-content\/uploads\/sites\/3\/2025\/04\/2025-04-10_Gruppenfoto_Leistungsabzeichen-1024x768.jpeg\"><\/div>\n\t\t\t\t\t\t\t<div class=\"swiper-slide__placeholder\"><\/div>\n\t\t\t\t\t\t\t<\/a>\n\t\t\t\t\t\t\t\t\t\t\t\t<\/div>\n\t\t\t\t\t<div class=\"swiper-slide__meta\">\n\t\t\t\t\t\t12. Apr. 2025\t\t\t\t\t\t\n\t\t\t\t\t<\/div>\n\t\t\t\t\t<div class=\"swiper-slide__header\">\n\t\t\t\t\t\t<a href=\"https:\/\/www.ffpassau.de\/ilzstadt\/2025\/04\/12\/leistungspruefung-beim-loeschzug-ilzstadt\/\">\n\t\t\t\t\t\t\tLeistungspr\u00fcfung beim L\u00f6schzug Ilzstadt\t\t\t\t\t\t<\/a>\n\t\t\t\t\t<\/div>\n\t\t\t\t\t<div class=\"swiper-slide__content\">\n\t\t\t\t\t\t\tViele schauten verwundert, wenn sie die vergangenen 2 Wochen durch den neuen Fu\u00df- und Fahrradtunnel in die Ilzstadt kamen. Am Feuerwehrhaus\t\t\t\t\t<\/div>\n\t\t\t\t<\/div>\n\t\t\t\t<div class=\"swiper-slide__bottom\">\n\t\t\t\t\t<div class=\"swiper-slide__footer\">\n\t\t\t\t\t\t<a href=\"https:\/\/www.ffpassau.de\/ilzstadt\/2025\/04\/12\/leistungspruefung-beim-loeschzug-ilzstadt\/\">Mehr lesen <span class=\"lnr lnr-arrow-right\"><\/span><\/a>\n\t\t\t\t\t\t\n\t\t\t\t\t<\/div>\t\n\t\t\t\t<\/div>\n\n\t\t\t<\/div>\n\t\t<\/div>\n\n\t\t\t\t<div class=\"swiper-slide\">\n\t\t\t<div class=\"swiper-slide__wrapper\">\n\t\t\t\t<div class=\"swiper-slide__top\">\n\t\t\t\t\t<div class=\"swiper-slide__image\">\n\t\t\t\t\t\t\t\t\t\t\t\t\t<a href=\"https:\/\/www.ffpassau.de\/ilzstadt\/2024\/12\/11\/adventsfeier-beim-loeschzug-ilzstadt\/\">\n\n\t\t\t\t\t\t\t<div class=\"swiper-slide__image--inner swiper-lazy\" data-background=\"https:\/\/www.ffpassau.de\/ilzstadt\/wp-content\/uploads\/sites\/3\/2024\/12\/Adventskranz-768x1024.jpg\"><\/div>\n\t\t\t\t\t\t\t<div class=\"swiper-slide__placeholder\"><\/div>\n\t\t\t\t\t\t\t<\/a>\n\t\t\t\t\t\t\t\t\t\t\t\t<\/div>\n\t\t\t\t\t<div class=\"swiper-slide__meta\">\n\t\t\t\t\t\t11. Dec. 2024\t\t\t\t\t\t\n\t\t\t\t\t<\/div>\n\t\t\t\t\t<div class=\"swiper-slide__header\">\n\t\t\t\t\t\t<a href=\"https:\/\/www.ffpassau.de\/ilzstadt\/2024\/12\/11\/adventsfeier-beim-loeschzug-ilzstadt\/\">\n\t\t\t\t\t\t\tWeihnachtsfeier beim L\u00f6schzug Ilzstadt\t\t\t\t\t\t<\/a>\n\t\t\t\t\t<\/div>\n\t\t\t\t\t<div class=\"swiper-slide__content\">\n\t\t\t\t\t\t\t\"Alle Jahre wieder...\" wird am Samstag vor dem 2. Advent beim L\u00f6schzug Ilzstadt miteinander gefeiert.\r\nVorstand Max Enfellner begr\u00fc\u00dfte di\t\t\t\t\t<\/div>\n\t\t\t\t<\/div>\n\t\t\t\t<div class=\"swiper-slide__bottom\">\n\t\t\t\t\t<div class=\"swiper-slide__footer\">\n\t\t\t\t\t\t<a href=\"https:\/\/www.ffpassau.de\/ilzstadt\/2024\/12\/11\/adventsfeier-beim-loeschzug-ilzstadt\/\">Mehr lesen <span class=\"lnr lnr-arrow-right\"><\/span><\/a>\n\t\t\t\t\t\t\n\t\t\t\t\t<\/div>\t\n\t\t\t\t<\/div>\n\n\t\t\t<\/div>\n\t\t<\/div>\n\n\t\t\t\t<\/div>\n\t\t<div class=\"row\">\n\t\t\t<div class=\"col-md-12\">\n\t\t\t\t<div class=\"swiper-buttons\">\n\t\t\t\t\t<div class=\"swiper-buttons__next\"><\/div>\n\t\t\t\t\t<div class=\"swiper-buttons__prev\"><\/div>\n\t\t\t\t<\/div>\n\t\t\t<\/div>\n\t\t<\/div>\n\t<\/div>\n<\/div>\n\n<\/div><\/div><\/div><\/div><\/div><div id=\"pg-17-2\"  class=\"panel-grid panel-no-style\" ><div id=\"pgc-17-2-0\"  class=\"panel-grid-cell\" ><div id=\"panel-17-2-0-0\" class=\"so-panel widget widget_sow-editor panel-first-child\" data-index=\"2\" ><div\n\t\t\t\n\t\t\tclass=\"so-widget-sow-editor so-widget-sow-editor-base\"\n\t\t\t\n\t\t>\n<div class=\"siteorigin-widget-tinymce textwidget\">\n\t<h2>L\u00f6schzug<\/h2>\n<p>Das Schutzgebiet des L\u00f6schzugs Ilzstadt ist gepr\u00e4gt durch eine enge Altstadtbauweise, sowohl in der Altstadt, als auch in der Ilzstadt. Durchnitten wird das Schutzgebiet durch die Fl\u00fcsse Ilz und Donau und grenzt im S\u00fcden an den Inn. Der h\u00f6chste Punkt ist die Veste Oberhaus, der niedrigste die Ortspitze. Hauptverkehrswege stellen die B388 von Obernzell kommend, sowie dei B12 von Freyung bzw. Tschechien kommend und in die Stadt, am Anger f\u00fchrend, dar.<\/p>\n<p>Durch die Topographie ergibt sich, dass der L\u00f6schzug Ilzstadt ersteingesetzte Feuerwehr im Hochwasserfall ist. St\u00fcrme und Unwetter hingegen machen sich im Bereich des Oberhausberges durch umst\u00fcrzende B\u00e4ume eher selten bemerkbar. Starkregen kann jedoch zu Sturzb\u00e4chen im Bereich der Freyunger Stra\u00dfe f\u00fchren. H\u00e4ufig sind Verkehrsunf\u00e4lle durch Spurwechsel, die jedoch in der Regel keine gr\u00f6\u00dferen Ma\u00dfnahmen erfordern. Brandmeldeanlagen stellen durch die vielen gr\u00f6\u00dferen Objekte (Schulen, Universit\u00e4t, \u00f6ffentl. Verwaltung, Gro\u00dfgaragen) im Schutzgebiet einen weiteren Einsatzschwerpunkt dar. Br\u00e4nde sind inzwischen sehr selten geworden und werden dank Rauchwarnmelder sehr fr\u00fch erkannt. Sie stellen jedoch aufgrund mangelnder Brandabschnitte in der historischen Substanz und die Schwierigkeiten bei Anfahrt und L\u00f6schwasserversorgung immer eine Herausforderung dar. Ein breites Einsatzspektrum bieten die Fl\u00fcsse: sowohl Treibgut, als auch Personen im Wasser oder \u00d6l auf Gew\u00e4sser fordern die Ilzer des \u00d6fteren.<\/p>\n<\/div>\n<\/div><\/div><div id=\"panel-17-2-0-1\" class=\"widget_text so-panel widget widget_custom_html panel-last-child\" data-index=\"3\" ><div class=\"textwidget custom-html-widget\"><a href=\"\/ilzstadt\/aktive\/\" class=\"btn\"><span class=\"btn__text\">Aktive Mitglieder<\/span><\/a><\/div><\/div><\/div><div id=\"pgc-17-2-1\"  class=\"panel-grid-cell\" ><div id=\"panel-17-2-1-0\" class=\"so-panel widget widget_sow-editor panel-first-child\" data-index=\"4\" ><div\n\t\t\t\n\t\t\tclass=\"so-widget-sow-editor so-widget-sow-editor-base\"\n\t\t\t\n\t\t>\n<div class=\"siteorigin-widget-tinymce textwidget\">\n\t<h2>Freiwillige Feuerwehr Passau L\u00f6schzug Ilzstadt e.V.<\/h2>\n<p>Der Freiwillige Feuerwehr Passau L\u00f6schzug Ilzstadt e.V. wurde 2001 zus\u00e4tzlich zu dem bereits bestehenden Freiwillige Feuerwehr Passau e.V. speziell zur F\u00f6rderung des L\u00f6schzuges Ilzstadt gegr\u00fcndet. Die Aufgaben des Feuerwehrvereins bestehen in der finanziellen Unterst\u00fctzung des L\u00f6schzuges Ilzstadt f\u00fcr Ausr\u00fcstungsgegenst\u00e4nde, die \u00fcber den st\u00e4dtischen Haushaltsplan hinausgehen, der Planung und Umsetzung von Mitgliederwerbung, \u00d6ffentlichkeitsarbeit und der Kameradschaftspflege.<\/p>\n<div id=\"pgc-36-0-0\" class=\"panel-grid-cell panel-grid-cell-mobile-last\">\n<div id=\"panel-36-0-0-0\" class=\"so-panel widget widget_sow-editor panel-first-child panel-last-child\" data-index=\"0\">\n<div class=\"so-widget-sow-editor so-widget-sow-editor-base\">\n<div class=\"siteorigin-widget-tinymce textwidget\">\n<p>Die wichtigste Aufgabe des Feuerwehrvereins ist jedoch das Stellen der Mitglieder.<\/p>\n<p>Die Mitglieder unterscheiden sich wie folgt:<\/p>\n<ul>\n<li>Kinderfeuerwehr (im Alter zwischen 8 und 12 Jahren)<\/li>\n<li>Mitglieder der Jugendfeuerwehr (im Alter zwischen 12 und 17 Jahren)<\/li>\n<li>aktive Mitglieder im Alter zwischen 18 und 65\u00a0Jahren (Feuerwehrdienstleistende)<\/li>\n<li>passive Mitglieder mit erreichen der Altersgrenze<\/li>\n<li>F\u00f6rdernde Mitglieder<\/li>\n<li>Ehrenmitglieder<\/li>\n<\/ul>\n<p>Der Feuerwehrverein finanziert sich unter anderem durch Spenden, die wir z.B. bei der j\u00e4hrlichen Weihnachtssammlung und durch die Beitr\u00e4ge der F\u00f6rdermitglieder erhalten.<\/p>\n<\/div>\n<\/div>\n<\/div>\n<\/div>\n<p>&nbsp;<\/p>\n<\/div>\n<\/div><\/div><div id=\"panel-17-2-1-1\" class=\"widget_text so-panel widget widget_custom_html panel-last-child\" data-index=\"5\" ><div class=\"textwidget custom-html-widget\"><a href=\"\/ilzstadt\/verein\/\" class=\"btn\"><span class=\"btn__text\">Vorstandschaft<\/span><\/a><\/div><\/div><\/div><\/div><div id=\"pg-17-3\"  class=\"panel-grid panel-has-style\" ><div class=\"inverted streched padded panel-row-style panel-row-style-for-17-3\" ><div id=\"pgc-17-3-0\"  class=\"panel-grid-cell\" ><div id=\"panel-17-3-0-0\" class=\"widget_text so-panel widget widget_custom_html panel-first-child\" data-index=\"6\" ><div class=\"textwidget custom-html-widget\"><h2>Die letzten 5 Eins\u00e4tze<\/h2>\t \t \n\t\t\t\t\t<div class=\"commitments-header\">\n\t\t\t\t\t\t<div class=\"commitments-item\">\n\t\t\t\t\t\t\t<div class=\"commitments-item__category\">\n\t\t\t\t\t\t\tEinsatztyp\n\t\t\t\t\t\t\t<\/div>\n\t\t\t\t\t\t\t<div class=\"commitments-item__datetime\">\n\t\t\t\t\t\t\tDatum \/ Uhrzeit  \n\t\t\t\t\t\t\t<\/div>\n\t\t\t\t\t\t\t<div class=\"commitments-item__place\">\n\t\t\t\t\t\t\tEinsatzort\n\t\t\t\t\t\t\t<\/div>\n\t\t\t\t\t\t\t<div class=\"commitments-item__depts\">\n\t\t\t\t\t\t\tBeteiligte Feuerwehren\n\t\t\t\t\t\t\t<\/div>\n\t\t\t\t\t\t\t<div class=\"commitments-item__image\">\n\t\t\t\t\t\t\tBilder\n\t\t\t\t\t\t\t<\/div>\n\t\t\t\t\t\t\t<div class=\"commitments-item__link\">\n\t\t\t\t\t\t\t\tDetails\n\t\t\t\t\t\t\t<\/div>                \n\t\t\t\t\t\t<\/div>\n\t\t\t\t\t<\/div>\n\n\n\n\n\n<div class=\"commitments-wrapper\">\n    <div class=\"commitments-item\">\n        <div class=\"commitments-item__category\">\n          \n         \n                <span class=\"alert-type alert-type-blue\"><\/span> \n                        <a href=\"https:\/\/www.ffpassau.de\/?p=9517\">\n                Drehleiterrettung            <\/a>\n        \n        <\/div>\n\n\n        <div class=\"commitments-item__datetime\">\n            18.04.2026 16:52 Uhr        <\/div>\n        <div class=\"commitments-item__place\">\n            Gro\u00dfe Messergasse        <\/div>\n        <div class=\"commitments-item__depts\">\n            L\u00f6schzug Innstadt, L\u00f6schzug Ilzstadt        <\/div>\n        <div class=\"commitments-item__image\">\n                        <span class=\"lnr lnr-cross-circle\"><\/span> \n                    <\/div>\n        <div class=\"commitments-item__link\">\n        <a href=\"https:\/\/www.ffpassau.de\/?p=9517\"><span class=\"commitments-item__link-text\">Details ansehen<\/span><span class=\"lnr lnr-arrow-right\"><\/span><\/a>\n        <\/div>                \n    <\/div>\n<\/div>\n\n\n<div class=\"commitments-wrapper\">\n    <div class=\"commitments-item\">\n        <div class=\"commitments-item__category\">\n          \n         \n                <span class=\"alert-type alert-type-blue\"><\/span> \n                        <a href=\"https:\/\/www.ffpassau.de\/?p=9519\">\n                Taube aus Regenrinne befreit            <\/a>\n        \n        <\/div>\n\n\n        <div class=\"commitments-item__datetime\">\n            18.04.2026 16:00 Uhr        <\/div>\n        <div class=\"commitments-item__place\">\n            Br\u00e4ugasse        <\/div>\n        <div class=\"commitments-item__depts\">\n            L\u00f6schzug Ilzstadt        <\/div>\n        <div class=\"commitments-item__image\">\n                        <span class=\"lnr lnr-picture\"><\/span>\n                    <\/div>\n        <div class=\"commitments-item__link\">\n        <a href=\"https:\/\/www.ffpassau.de\/?p=9519\"><span class=\"commitments-item__link-text\">Details ansehen<\/span><span class=\"lnr lnr-arrow-right\"><\/span><\/a>\n        <\/div>                \n    <\/div>\n<\/div>\n\n\n<div class=\"commitments-wrapper\">\n    <div class=\"commitments-item\">\n        <div class=\"commitments-item__category\">\n          \n         \n                <span class=\"alert-type alert-type-blue\"><\/span> \n                        <a href=\"https:\/\/www.ffpassau.de\/?p=9516\">\n                Person im Wasser            <\/a>\n        \n        <\/div>\n\n\n        <div class=\"commitments-item__datetime\">\n            17.04.2026 19:21 Uhr        <\/div>\n        <div class=\"commitments-item__place\">\n            Donau        <\/div>\n        <div class=\"commitments-item__depts\">\n            L\u00f6schzug Hauptwache, L\u00f6schzug Ilzstadt        <\/div>\n        <div class=\"commitments-item__image\">\n                        <span class=\"lnr lnr-cross-circle\"><\/span> \n                    <\/div>\n        <div class=\"commitments-item__link\">\n        <a href=\"https:\/\/www.ffpassau.de\/?p=9516\"><span class=\"commitments-item__link-text\">Details ansehen<\/span><span class=\"lnr lnr-arrow-right\"><\/span><\/a>\n        <\/div>                \n    <\/div>\n<\/div>\n\n\n<div class=\"commitments-wrapper\">\n    <div class=\"commitments-item\">\n        <div class=\"commitments-item__category\">\n          \n         \n                <span class=\"alert-type alert-type-blue\"><\/span> \n                        <a href=\"https:\/\/www.ffpassau.de\/?p=9494\">\n                Verkehrsunfall            <\/a>\n        \n        <\/div>\n\n\n        <div class=\"commitments-item__datetime\">\n            07.04.2026 16:05 Uhr        <\/div>\n        <div class=\"commitments-item__place\">\n            Parkstra\u00dfe        <\/div>\n        <div class=\"commitments-item__depts\">\n            L\u00f6schzug Hauptwache, L\u00f6schzug Ilzstadt        <\/div>\n        <div class=\"commitments-item__image\">\n                        <span class=\"lnr lnr-cross-circle\"><\/span> \n                    <\/div>\n        <div class=\"commitments-item__link\">\n        <a href=\"https:\/\/www.ffpassau.de\/?p=9494\"><span class=\"commitments-item__link-text\">Details ansehen<\/span><span class=\"lnr lnr-arrow-right\"><\/span><\/a>\n        <\/div>                \n    <\/div>\n<\/div>\n\n\n<div class=\"commitments-wrapper\">\n    <div class=\"commitments-item\">\n        <div class=\"commitments-item__category\">\n          \n         \n                <span class=\"alert-type alert-type-blue\"><\/span> \n                        <a href=\"https:\/\/www.ffpassau.de\/?p=9443\">\n                Person in Wassernot            <\/a>\n        \n        <\/div>\n\n\n        <div class=\"commitments-item__datetime\">\n            01.04.2026 07:50 Uhr        <\/div>\n        <div class=\"commitments-item__place\">\n            Franz-Josef-Strau\u00df-Br\u00fccke        <\/div>\n        <div class=\"commitments-item__depts\">\n            L\u00f6schzug Ilzstadt, L\u00f6schzug Hauptwache        <\/div>\n        <div class=\"commitments-item__image\">\n                        <span class=\"lnr lnr-cross-circle\"><\/span> \n                    <\/div>\n        <div class=\"commitments-item__link\">\n        <a href=\"https:\/\/www.ffpassau.de\/?p=9443\"><span class=\"commitments-item__link-text\">Details ansehen<\/span><span class=\"lnr lnr-arrow-right\"><\/span><\/a>\n        <\/div>                \n    <\/div>\n<\/div>\n\n<\/div><\/div><div id=\"panel-17-3-0-1\" class=\"widget_text so-panel widget widget_custom_html panel-last-child\" data-index=\"7\" ><div class=\"textwidget custom-html-widget\"><div class=\"commitment-legend\">\n    <div class=\"commitment-legend__item\">\n    <span class=\"alert-type alert-type-green\"><\/span> Fehlalarm \n    <\/div>\n    <div class=\"commitment-legend__item\">\n     <span class=\"alert-type alert-type-red\"><\/span> Brandeinsatz   \n    <\/div>\t\n    <div class=\"commitment-legend__item\">\n     <span class=\"alert-type alert-type-blue\"><\/span> THL   \n    <\/div>\n    <div class=\"commitment-legend__item\">\n     <span class=\"alert-type alert-type-gray\"><\/span> Sicherheitswache   \n    <\/div>\t\n<\/div><\/div><\/div><\/div><\/div><\/div><\/div>","protected":false},"excerpt":{"rendered":"<p>Herzlich Willkommen bei der Feuerwehr Passau &#8211; L\u00f6schzug Ilzstadt L\u00f6schzug Das Schutzgebiet des L\u00f6schzugs Ilzstadt ist gepr\u00e4gt durch eine enge Altstadtbauweise, sowohl in der Altstadt, als auch in der Ilzstadt. Durchnitten wird das Schutzgebiet durch die Fl\u00fcsse Ilz und Donau und grenzt im S\u00fcden an den Inn. Der h\u00f6chste Punkt ist die Veste Oberhaus, der niedrigste die Ortspitze. Hauptverkehrswege stellen die B388 von Obernzell kommend, sowie dei B12 von Freyung bzw. Tschechien kommend und in die Stadt, am Anger f\u00fchrend, dar. Durch die Topographie ergibt sich, dass der L\u00f6schzug Ilzstadt ersteingesetzte Feuerwehr im Hochwasserfall ist. St\u00fcrme und Unwetter hingegen machen sich im Bereich des Oberhausberges durch umst\u00fcrzende B\u00e4ume eher selten bemerkbar. Starkregen kann jedoch zu Sturzb\u00e4chen im Bereich der Freyunger Stra\u00dfe f\u00fchren. H\u00e4ufig sind Verkehrsunf\u00e4lle durch Spurwechsel, die jedoch in der Regel keine gr\u00f6\u00dferen Ma\u00dfnahmen erfordern. Brandmeldeanlagen stellen durch die [&hellip;]<\/p>\n","protected":false},"author":1,"featured_media":0,"parent":0,"menu_order":0,"comment_status":"closed","ping_status":"closed","template":"page-home.php","meta":{"footnotes":""},"class_list":["post-17","page","type-page","status-publish","hentry"],"yoast_head":"<!-- This site is optimized with the Yoast SEO plugin v24.3 - https:\/\/yoast.com\/wordpress\/plugins\/seo\/ -->\n<title>Startseite - Feuerwehr Passau - L\u00f6schzug Ilzstadt<\/title>\n<meta name=\"robots\" content=\"index, follow, max-snippet:-1, max-image-preview:large, max-video-preview:-1\" \/>\n<link rel=\"canonical\" href=\"https:\/\/www.ffpassau.de\/ilzstadt\/\" \/>\n<meta property=\"og:locale\" content=\"de_DE\" \/>\n<meta property=\"og:type\" content=\"article\" \/>\n<meta property=\"og:title\" content=\"Startseite - Feuerwehr Passau - L\u00f6schzug Ilzstadt\" \/>\n<meta property=\"og:description\" content=\"Herzlich Willkommen bei der Feuerwehr Passau &#8211; L\u00f6schzug Ilzstadt L\u00f6schzug Das Schutzgebiet des L\u00f6schzugs Ilzstadt ist gepr\u00e4gt durch eine enge Altstadtbauweise, sowohl in der Altstadt, als auch in der Ilzstadt. Durchnitten wird das Schutzgebiet durch die Fl\u00fcsse Ilz und Donau und grenzt im S\u00fcden an den Inn. Der h\u00f6chste Punkt ist die Veste Oberhaus, der niedrigste die Ortspitze. Hauptverkehrswege stellen die B388 von Obernzell kommend, sowie dei B12 von Freyung bzw. Tschechien kommend und in die Stadt, am Anger f\u00fchrend, dar. Durch die Topographie ergibt sich, dass der L\u00f6schzug Ilzstadt ersteingesetzte Feuerwehr im Hochwasserfall ist. St\u00fcrme und Unwetter hingegen machen sich im Bereich des Oberhausberges durch umst\u00fcrzende B\u00e4ume eher selten bemerkbar. Starkregen kann jedoch zu Sturzb\u00e4chen im Bereich der Freyunger Stra\u00dfe f\u00fchren. H\u00e4ufig sind Verkehrsunf\u00e4lle durch Spurwechsel, die jedoch in der Regel keine gr\u00f6\u00dferen Ma\u00dfnahmen erfordern. Brandmeldeanlagen stellen durch die [&hellip;]\" \/>\n<meta property=\"og:url\" content=\"https:\/\/www.ffpassau.de\/ilzstadt\/\" \/>\n<meta property=\"og:site_name\" content=\"Feuerwehr Passau - L\u00f6schzug Ilzstadt\" \/>\n<meta property=\"article:modified_time\" content=\"2024-12-14T16:59:06+00:00\" \/>\n<meta name=\"twitter:card\" content=\"summary_large_image\" \/>\n<meta name=\"twitter:label1\" content=\"Gesch\u00e4tzte Lesezeit\" \/>\n\t<meta name=\"twitter:data1\" content=\"3\u00a0Minuten\" \/>\n<script type=\"application\/ld+json\" class=\"yoast-schema-graph\">{\"@context\":\"https:\/\/schema.org\",\"@graph\":[{\"@type\":\"WebPage\",\"@id\":\"https:\/\/www.ffpassau.de\/ilzstadt\/\",\"url\":\"https:\/\/www.ffpassau.de\/ilzstadt\/\",\"name\":\"Startseite - Feuerwehr Passau - L\u00f6schzug Ilzstadt\",\"isPartOf\":{\"@id\":\"https:\/\/www.ffpassau.de\/ilzstadt\/#website\"},\"datePublished\":\"2020-02-06T12:52:42+00:00\",\"dateModified\":\"2024-12-14T16:59:06+00:00\",\"breadcrumb\":{\"@id\":\"https:\/\/www.ffpassau.de\/ilzstadt\/#breadcrumb\"},\"inLanguage\":\"de\",\"potentialAction\":[{\"@type\":\"ReadAction\",\"target\":[\"https:\/\/www.ffpassau.de\/ilzstadt\/\"]}]},{\"@type\":\"BreadcrumbList\",\"@id\":\"https:\/\/www.ffpassau.de\/ilzstadt\/#breadcrumb\",\"itemListElement\":[{\"@type\":\"ListItem\",\"position\":1,\"name\":\"Startseite\",\"item\":\"https:\/\/www.ffpassau.de\/ilzstadt\/\"},{\"@type\":\"ListItem\",\"position\":2,\"name\":\"Startseite\"}]},{\"@type\":\"WebSite\",\"@id\":\"https:\/\/www.ffpassau.de\/ilzstadt\/#website\",\"url\":\"https:\/\/www.ffpassau.de\/ilzstadt\/\",\"name\":\"Feuerwehr Passau - L\u00f6schzug Ilztadt\",\"description\":\"\",\"publisher\":{\"@id\":\"https:\/\/www.ffpassau.de\/ilzstadt\/#organization\"},\"potentialAction\":[{\"@type\":\"SearchAction\",\"target\":{\"@type\":\"EntryPoint\",\"urlTemplate\":\"https:\/\/www.ffpassau.de\/ilzstadt\/?s={search_term_string}\"},\"query-input\":{\"@type\":\"PropertyValueSpecification\",\"valueRequired\":true,\"valueName\":\"search_term_string\"}}],\"inLanguage\":\"de\"},{\"@type\":\"Organization\",\"@id\":\"https:\/\/www.ffpassau.de\/ilzstadt\/#organization\",\"name\":\"Feuerwehr Passau - L\u00f6schzug Ilztadt\",\"url\":\"https:\/\/www.ffpassau.de\/ilzstadt\/\",\"logo\":{\"@type\":\"ImageObject\",\"inLanguage\":\"de\",\"@id\":\"https:\/\/www.ffpassau.de\/ilzstadt\/#\/schema\/logo\/image\/\",\"url\":\"https:\/\/www.ffpassau.de\/ilzstadt\/wp-content\/uploads\/sites\/3\/2020\/02\/lz_ilzstadt_logo.svg\",\"contentUrl\":\"https:\/\/www.ffpassau.de\/ilzstadt\/wp-content\/uploads\/sites\/3\/2020\/02\/lz_ilzstadt_logo.svg\",\"width\":1,\"height\":1,\"caption\":\"Feuerwehr Passau - L\u00f6schzug Ilztadt\"},\"image\":{\"@id\":\"https:\/\/www.ffpassau.de\/ilzstadt\/#\/schema\/logo\/image\/\"}}]}<\/script>\n<!-- \/ Yoast SEO plugin. -->","yoast_head_json":{"title":"Startseite - Feuerwehr Passau - L\u00f6schzug Ilzstadt","robots":{"index":"index","follow":"follow","max-snippet":"max-snippet:-1","max-image-preview":"max-image-preview:large","max-video-preview":"max-video-preview:-1"},"canonical":"https:\/\/www.ffpassau.de\/ilzstadt\/","og_locale":"de_DE","og_type":"article","og_title":"Startseite - Feuerwehr Passau - L\u00f6schzug Ilzstadt","og_description":"Herzlich Willkommen bei der Feuerwehr Passau &#8211; L\u00f6schzug Ilzstadt L\u00f6schzug Das Schutzgebiet des L\u00f6schzugs Ilzstadt ist gepr\u00e4gt durch eine enge Altstadtbauweise, sowohl in der Altstadt, als auch in der Ilzstadt. Durchnitten wird das Schutzgebiet durch die Fl\u00fcsse Ilz und Donau und grenzt im S\u00fcden an den Inn. Der h\u00f6chste Punkt ist die Veste Oberhaus, der niedrigste die Ortspitze. Hauptverkehrswege stellen die B388 von Obernzell kommend, sowie dei B12 von Freyung bzw. Tschechien kommend und in die Stadt, am Anger f\u00fchrend, dar. Durch die Topographie ergibt sich, dass der L\u00f6schzug Ilzstadt ersteingesetzte Feuerwehr im Hochwasserfall ist. St\u00fcrme und Unwetter hingegen machen sich im Bereich des Oberhausberges durch umst\u00fcrzende B\u00e4ume eher selten bemerkbar. Starkregen kann jedoch zu Sturzb\u00e4chen im Bereich der Freyunger Stra\u00dfe f\u00fchren. H\u00e4ufig sind Verkehrsunf\u00e4lle durch Spurwechsel, die jedoch in der Regel keine gr\u00f6\u00dferen Ma\u00dfnahmen erfordern. Brandmeldeanlagen stellen durch die [&hellip;]","og_url":"https:\/\/www.ffpassau.de\/ilzstadt\/","og_site_name":"Feuerwehr Passau - L\u00f6schzug Ilzstadt","article_modified_time":"2024-12-14T16:59:06+00:00","twitter_card":"summary_large_image","twitter_misc":{"Gesch\u00e4tzte Lesezeit":"3\u00a0Minuten"},"schema":{"@context":"https:\/\/schema.org","@graph":[{"@type":"WebPage","@id":"https:\/\/www.ffpassau.de\/ilzstadt\/","url":"https:\/\/www.ffpassau.de\/ilzstadt\/","name":"Startseite - Feuerwehr Passau - L\u00f6schzug Ilzstadt","isPartOf":{"@id":"https:\/\/www.ffpassau.de\/ilzstadt\/#website"},"datePublished":"2020-02-06T12:52:42+00:00","dateModified":"2024-12-14T16:59:06+00:00","breadcrumb":{"@id":"https:\/\/www.ffpassau.de\/ilzstadt\/#breadcrumb"},"inLanguage":"de","potentialAction":[{"@type":"ReadAction","target":["https:\/\/www.ffpassau.de\/ilzstadt\/"]}]},{"@type":"BreadcrumbList","@id":"https:\/\/www.ffpassau.de\/ilzstadt\/#breadcrumb","itemListElement":[{"@type":"ListItem","position":1,"name":"Startseite","item":"https:\/\/www.ffpassau.de\/ilzstadt\/"},{"@type":"ListItem","position":2,"name":"Startseite"}]},{"@type":"WebSite","@id":"https:\/\/www.ffpassau.de\/ilzstadt\/#website","url":"https:\/\/www.ffpassau.de\/ilzstadt\/","name":"Feuerwehr Passau - L\u00f6schzug Ilztadt","description":"","publisher":{"@id":"https:\/\/www.ffpassau.de\/ilzstadt\/#organization"},"potentialAction":[{"@type":"SearchAction","target":{"@type":"EntryPoint","urlTemplate":"https:\/\/www.ffpassau.de\/ilzstadt\/?s={search_term_string}"},"query-input":{"@type":"PropertyValueSpecification","valueRequired":true,"valueName":"search_term_string"}}],"inLanguage":"de"},{"@type":"Organization","@id":"https:\/\/www.ffpassau.de\/ilzstadt\/#organization","name":"Feuerwehr Passau - L\u00f6schzug Ilztadt","url":"https:\/\/www.ffpassau.de\/ilzstadt\/","logo":{"@type":"ImageObject","inLanguage":"de","@id":"https:\/\/www.ffpassau.de\/ilzstadt\/#\/schema\/logo\/image\/","url":"https:\/\/www.ffpassau.de\/ilzstadt\/wp-content\/uploads\/sites\/3\/2020\/02\/lz_ilzstadt_logo.svg","contentUrl":"https:\/\/www.ffpassau.de\/ilzstadt\/wp-content\/uploads\/sites\/3\/2020\/02\/lz_ilzstadt_logo.svg","width":1,"height":1,"caption":"Feuerwehr Passau - L\u00f6schzug Ilztadt"},"image":{"@id":"https:\/\/www.ffpassau.de\/ilzstadt\/#\/schema\/logo\/image\/"}}]}},"_links":{"self":[{"href":"https:\/\/www.ffpassau.de\/ilzstadt\/wp-json\/wp\/v2\/pages\/17","targetHints":{"allow":["GET"]}}],"collection":[{"href":"https:\/\/www.ffpassau.de\/ilzstadt\/wp-json\/wp\/v2\/pages"}],"about":[{"href":"https:\/\/www.ffpassau.de\/ilzstadt\/wp-json\/wp\/v2\/types\/page"}],"author":[{"embeddable":true,"href":"https:\/\/www.ffpassau.de\/ilzstadt\/wp-json\/wp\/v2\/users\/1"}],"replies":[{"embeddable":true,"href":"https:\/\/www.ffpassau.de\/ilzstadt\/wp-json\/wp\/v2\/comments?post=17"}],"version-history":[{"count":75,"href":"https:\/\/www.ffpassau.de\/ilzstadt\/wp-json\/wp\/v2\/pages\/17\/revisions"}],"predecessor-version":[{"id":956,"href":"https:\/\/www.ffpassau.de\/ilzstadt\/wp-json\/wp\/v2\/pages\/17\/revisions\/956"}],"wp:attachment":[{"href":"https:\/\/www.ffpassau.de\/ilzstadt\/wp-json\/wp\/v2\/media?parent=17"}],"curies":[{"name":"wp","href":"https:\/\/api.w.org\/{rel}","templated":true}]}}