{"version":"1.0","provider_name":"Feuerwehr Passau - L\u00f6schzug Innstadt","provider_url":"https:\/\/www.ffpassau.de\/innstadt","author_name":"Stefan Daller","author_url":"https:\/\/www.ffpassau.de\/innstadt\/author\/stefandaller\/","title":"\u00dcbung im Nadel\u00f6hr der Innstadt - Feuerwehr Passau - L\u00f6schzug Innstadt","type":"rich","width":600,"height":338,"html":"<blockquote class=\"wp-embedded-content\" data-secret=\"ZulIsNNi3K\"><a href=\"https:\/\/www.ffpassau.de\/innstadt\/2016\/09\/uebung-im-nadeloehr-der-innstadt\/\">\u00dcbung im Nadel\u00f6hr der Innstadt<\/a><\/blockquote><iframe sandbox=\"allow-scripts\" security=\"restricted\" src=\"https:\/\/www.ffpassau.de\/innstadt\/2016\/09\/uebung-im-nadeloehr-der-innstadt\/embed\/#?secret=ZulIsNNi3K\" width=\"600\" height=\"338\" title=\"&#8222;\u00dcbung im Nadel\u00f6hr der Innstadt&#8220; &#8211; Feuerwehr Passau - L\u00f6schzug Innstadt\" data-secret=\"ZulIsNNi3K\" frameborder=\"0\" marginwidth=\"0\" marginheight=\"0\" scrolling=\"no\" class=\"wp-embedded-content\"><\/iframe><script type=\"text\/javascript\">\n\/* <![CDATA[ *\/\n\/*! This file is auto-generated *\/\n!function(d,l){\"use strict\";l.querySelector&&d.addEventListener&&\"undefined\"!=typeof URL&&(d.wp=d.wp||{},d.wp.receiveEmbedMessage||(d.wp.receiveEmbedMessage=function(e){var t=e.data;if((t||t.secret||t.message||t.value)&&!\/[^a-zA-Z0-9]\/.test(t.secret)){for(var s,r,n,a=l.querySelectorAll('iframe[data-secret=\"'+t.secret+'\"]'),o=l.querySelectorAll('blockquote[data-secret=\"'+t.secret+'\"]'),c=new RegExp(\"^https?:$\",\"i\"),i=0;i<o.length;i++)o[i].style.display=\"none\";for(i=0;i<a.length;i++)s=a[i],e.source===s.contentWindow&&(s.removeAttribute(\"style\"),\"height\"===t.message?(1e3<(r=parseInt(t.value,10))?r=1e3:~~r<200&&(r=200),s.height=r):\"link\"===t.message&&(r=new URL(s.getAttribute(\"src\")),n=new URL(t.value),c.test(n.protocol))&&n.host===r.host&&l.activeElement===s&&(d.top.location.href=t.value))}},d.addEventListener(\"message\",d.wp.receiveEmbedMessage,!1),l.addEventListener(\"DOMContentLoaded\",function(){for(var e,t,s=l.querySelectorAll(\"iframe.wp-embedded-content\"),r=0;r<s.length;r++)(t=(e=s[r]).getAttribute(\"data-secret\"))||(t=Math.random().toString(36).substring(2,12),e.src+=\"#?secret=\"+t,e.setAttribute(\"data-secret\",t)),e.contentWindow.postMessage({message:\"ready\",secret:t},\"*\")},!1)))}(window,document);\n\/* ]]> *\/\n<\/script>\n","thumbnail_url":"https:\/\/www.ffpassau.de\/innstadt\/wp-content\/uploads\/sites\/2\/2020\/03\/Feuerwehr\u00fcbung_Neutorgraben_02.jpg","thumbnail_width":800,"thumbnail_height":450,"description":"Wohnhausbrand im vielbefahrenen Neutorgraben. So hie\u00df es am vergangenen Freitag f\u00fcr die Feuerwehr in der Innstadt im Rahmen einer gro\u00df angelegten \u00dcbung. Kurz nach 19 Uhr r\u00fcckten drei Fahrzeuge vom Ger\u00e4tehaus in der Jahnstra\u00dfe an den wenige hundert Meter entfernten Einsatzort vor. Dort wurde ein Brand im Keller eines Wohnhauses mit mehreren eingeschlossenen Personen simuliert. Zwei Atemschutztrupps machten sich in dem bereits erheblich verrauchten Geb\u00e4ude auf die Suche, w\u00e4hrend die Kameraden von drau\u00dfen Unterst\u00fctzung leisteten. Zwei Personen mit schweren Rauchvergiftungen wurden aus dem Keller geborgen, mittels Drehleiter und Rettungstrage konnte eine ebenfalls bereits bewusstlose Person aus dem Obergeschoss evakuiert werden. W\u00e4hrend der \u00dcbung war der gesamte Neutorgraben f\u00fcr den Verkehr gesperrt. Wer stadtausw\u00e4rts in Richtung Haibach fahren wollte, wurde \u00fcber die R\u00f6merstra\u00dfe und den Kapuzinerplatz umgeleitet. Infolgedessen bildete sich binnen kurzer Zeit ein R\u00fcckstau bis an die Gottfried-Sch\u00e4ffer-Stra\u00dfe. Die \u00dcbung [&hellip;]"}