{"version":"1.0","provider_name":"Feuerwehr Passau - L\u00f6schzug Innstadt","provider_url":"https:\/\/www.ffpassau.de\/innstadt","author_name":"Stefan Daller","author_url":"https:\/\/www.ffpassau.de\/innstadt\/author\/stefandaller\/","title":"Jahreshauptversammlung 2018 - Feuerwehr Passau - L\u00f6schzug Innstadt","type":"rich","width":600,"height":338,"html":"<blockquote class=\"wp-embedded-content\" data-secret=\"fWc7m0eI7s\"><a href=\"https:\/\/www.ffpassau.de\/innstadt\/2018\/03\/jahreshauptversammlung-2018\/\">Jahreshauptversammlung 2018<\/a><\/blockquote><iframe sandbox=\"allow-scripts\" security=\"restricted\" src=\"https:\/\/www.ffpassau.de\/innstadt\/2018\/03\/jahreshauptversammlung-2018\/embed\/#?secret=fWc7m0eI7s\" width=\"600\" height=\"338\" title=\"&#8222;Jahreshauptversammlung 2018&#8220; &#8211; Feuerwehr Passau - L\u00f6schzug Innstadt\" data-secret=\"fWc7m0eI7s\" frameborder=\"0\" marginwidth=\"0\" marginheight=\"0\" scrolling=\"no\" class=\"wp-embedded-content\"><\/iframe><script type=\"text\/javascript\">\n\/* <![CDATA[ *\/\n\/*! This file is auto-generated *\/\n!function(d,l){\"use strict\";l.querySelector&&d.addEventListener&&\"undefined\"!=typeof URL&&(d.wp=d.wp||{},d.wp.receiveEmbedMessage||(d.wp.receiveEmbedMessage=function(e){var t=e.data;if((t||t.secret||t.message||t.value)&&!\/[^a-zA-Z0-9]\/.test(t.secret)){for(var s,r,n,a=l.querySelectorAll('iframe[data-secret=\"'+t.secret+'\"]'),o=l.querySelectorAll('blockquote[data-secret=\"'+t.secret+'\"]'),c=new RegExp(\"^https?:$\",\"i\"),i=0;i<o.length;i++)o[i].style.display=\"none\";for(i=0;i<a.length;i++)s=a[i],e.source===s.contentWindow&&(s.removeAttribute(\"style\"),\"height\"===t.message?(1e3<(r=parseInt(t.value,10))?r=1e3:~~r<200&&(r=200),s.height=r):\"link\"===t.message&&(r=new URL(s.getAttribute(\"src\")),n=new URL(t.value),c.test(n.protocol))&&n.host===r.host&&l.activeElement===s&&(d.top.location.href=t.value))}},d.addEventListener(\"message\",d.wp.receiveEmbedMessage,!1),l.addEventListener(\"DOMContentLoaded\",function(){for(var e,t,s=l.querySelectorAll(\"iframe.wp-embedded-content\"),r=0;r<s.length;r++)(t=(e=s[r]).getAttribute(\"data-secret\"))||(t=Math.random().toString(36).substring(2,12),e.src+=\"#?secret=\"+t,e.setAttribute(\"data-secret\",t)),e.contentWindow.postMessage({message:\"ready\",secret:t},\"*\")},!1)))}(window,document);\n\/* ]]> *\/\n<\/script>\n","thumbnail_url":"https:\/\/www.ffpassau.de\/innstadt\/wp-content\/uploads\/sites\/2\/2020\/03\/jahreshauptversammlung-innstadt-2018.jpg","thumbnail_width":998,"thumbnail_height":606,"description":"In seiner Jahreshauptversammlung hat der L\u00f6schzug Innstadt auf das Jahr 2017 zur\u00fcckgeblickt. Zugf\u00fchrer J\u00fcrgen Haselgruber konnte dabei wieder eine beachtliche Einsatzstatistik pr\u00e4sentieren: Zu nicht weniger als 153 Eins\u00e4tzen r\u00fcckten in Summe knapp 1000 Feuerwehrfrauen und -m\u00e4nner aus. Wesentlichen Anteil an diesen Zahlen haben, wie bereits in den Vorjahren, die vielen Unwettereins\u00e4tze. Allerdings r\u00fcckten die Innst\u00e4dter nicht einmal im Hochwasserjahr 2013 zu derma\u00dfen vielen Eins\u00e4tzen aus \u2013 selbst damals waren insgesamt \u201enur\u201c 134 Alarmierungen. \u201eMan k\u00f6nnte meinen, dass es zur allj\u00e4hrlichen Regelm\u00e4\u00dfigkeit wird, dass wir zu Unwettereins\u00e4tzen wie Starkregen, Sturm oder Hochwasser alarmiert werden\u201c, attestierte Haselgruber. So verwundert es wenig, dass der \u00fcberwiegende Gro\u00dfteil der Alarmierungen auf Technische Hilfeleistungen zur\u00fcckgeht: Im Schnitt kam es 2017 zu 7 THL-Eins\u00e4tzen pro Monat, nur allein im August waren es stolze 34! In Summe wurden die 40 aktiven Mitglieder der Wehr 86-mal f\u00fcr die Beseitigung [&hellip;]"}