{"version":"1.0","provider_name":"Feuerwehr Passau - L\u00f6schzug Innstadt","provider_url":"https:\/\/www.ffpassau.de\/innstadt","author_name":"Stefan Daller","author_url":"https:\/\/www.ffpassau.de\/innstadt\/author\/stefandaller\/","title":"FFP2-Masken f\u00fcr alle Mitglieder - Feuerwehr Passau - L\u00f6schzug Innstadt","type":"rich","width":600,"height":338,"html":"<blockquote class=\"wp-embedded-content\" data-secret=\"fbaVOqjYuh\"><a href=\"https:\/\/www.ffpassau.de\/innstadt\/2021\/01\/ffp2-masken-fuer-alle-mitglieder\/\">FFP2-Masken f\u00fcr alle Mitglieder<\/a><\/blockquote><iframe sandbox=\"allow-scripts\" security=\"restricted\" src=\"https:\/\/www.ffpassau.de\/innstadt\/2021\/01\/ffp2-masken-fuer-alle-mitglieder\/embed\/#?secret=fbaVOqjYuh\" width=\"600\" height=\"338\" title=\"&#8222;FFP2-Masken f\u00fcr alle Mitglieder&#8220; &#8211; Feuerwehr Passau - L\u00f6schzug Innstadt\" data-secret=\"fbaVOqjYuh\" frameborder=\"0\" marginwidth=\"0\" marginheight=\"0\" scrolling=\"no\" class=\"wp-embedded-content\"><\/iframe><script type=\"text\/javascript\">\n\/* <![CDATA[ *\/\n\/*! This file is auto-generated *\/\n!function(d,l){\"use strict\";l.querySelector&&d.addEventListener&&\"undefined\"!=typeof URL&&(d.wp=d.wp||{},d.wp.receiveEmbedMessage||(d.wp.receiveEmbedMessage=function(e){var t=e.data;if((t||t.secret||t.message||t.value)&&!\/[^a-zA-Z0-9]\/.test(t.secret)){for(var s,r,n,a=l.querySelectorAll('iframe[data-secret=\"'+t.secret+'\"]'),o=l.querySelectorAll('blockquote[data-secret=\"'+t.secret+'\"]'),c=new RegExp(\"^https?:$\",\"i\"),i=0;i<o.length;i++)o[i].style.display=\"none\";for(i=0;i<a.length;i++)s=a[i],e.source===s.contentWindow&&(s.removeAttribute(\"style\"),\"height\"===t.message?(1e3<(r=parseInt(t.value,10))?r=1e3:~~r<200&&(r=200),s.height=r):\"link\"===t.message&&(r=new URL(s.getAttribute(\"src\")),n=new URL(t.value),c.test(n.protocol))&&n.host===r.host&&l.activeElement===s&&(d.top.location.href=t.value))}},d.addEventListener(\"message\",d.wp.receiveEmbedMessage,!1),l.addEventListener(\"DOMContentLoaded\",function(){for(var e,t,s=l.querySelectorAll(\"iframe.wp-embedded-content\"),r=0;r<s.length;r++)(t=(e=s[r]).getAttribute(\"data-secret\"))||(t=Math.random().toString(36).substring(2,12),e.src+=\"#?secret=\"+t,e.setAttribute(\"data-secret\",t)),e.contentWindow.postMessage({message:\"ready\",secret:t},\"*\")},!1)))}(window,document);\n\/* ]]> *\/\n<\/script>\n","thumbnail_url":"https:\/\/www.ffpassau.de\/innstadt\/wp-content\/uploads\/sites\/2\/2021\/01\/ffp2-masken-innstadt.jpg","thumbnail_width":1200,"thumbnail_height":900,"description":"Bei unseren Eins\u00e4tzen tragen wir bereits seit einiger Zeit ausschlie\u00dflich FFP2-Masken. Nachdem diese Woche im Freistaat Bayern eine versch\u00e4rfte Maskenpflicht in Kraft getreten ist, m\u00fcssen solche Masken nun auch im Alltag getragen werden: Das Einkaufen, Fahrten mit dem \u00d6PNV oder der Aufenthalt in \u00f6ffentlichen Geb\u00e4uden ist nur mehr mit einer FFP2- oder einer FFP3-Maske erlaubt. Gleiches gilt f\u00fcr Arzt- oder Gottesdienstbesuche. Damit der \u00dcbergang in diese strengere Maskenpflicht leichter f\u00e4llt, hat unser F\u00f6rderverein allen Mitgliedern je zwei FFP2-Masken zur privaten Nutzung zukommen lassen. Selbstverst\u00e4ndlich wurden sie von einer Innst\u00e4dter Apotheke bezogen und wir haben uns vorher von ihrer Qualit\u00e4t \u00fcberzeugen lassen. In den letzten Tagen wurden die Masken mit einem entsprechenden Begleitschreiben kontaktlos an alle aktiven Mitglieder, F\u00f6rdermitglieder und Ehrenmitglieder verteilt. Damit wollen wir uns auch f\u00fcr ihre Treue und Verbundenheit zu unserer Feuerwehr und dem F\u00f6rderverein bedanken, die gerade [&hellip;]"}