{"version":"1.0","provider_name":"Feuerwehr Passau - L\u00f6schzug Innstadt","provider_url":"https:\/\/www.ffpassau.de\/innstadt","author_name":"Stefan Daller","author_url":"https:\/\/www.ffpassau.de\/innstadt\/author\/stefandaller\/","title":"L\u00f6schzug Innstadt unter neuer F\u00fchrung - Feuerwehr Passau - L\u00f6schzug Innstadt","type":"rich","width":600,"height":338,"html":"<blockquote class=\"wp-embedded-content\" data-secret=\"DsZ4eDAgUF\"><a href=\"https:\/\/www.ffpassau.de\/innstadt\/2021\/11\/loeschzug-innstadt-unter-neuer-fuehrung\/\">L\u00f6schzug Innstadt unter neuer F\u00fchrung<\/a><\/blockquote><iframe sandbox=\"allow-scripts\" security=\"restricted\" src=\"https:\/\/www.ffpassau.de\/innstadt\/2021\/11\/loeschzug-innstadt-unter-neuer-fuehrung\/embed\/#?secret=DsZ4eDAgUF\" width=\"600\" height=\"338\" title=\"&#8222;L\u00f6schzug Innstadt unter neuer F\u00fchrung&#8220; &#8211; Feuerwehr Passau - L\u00f6schzug Innstadt\" data-secret=\"DsZ4eDAgUF\" frameborder=\"0\" marginwidth=\"0\" marginheight=\"0\" scrolling=\"no\" class=\"wp-embedded-content\"><\/iframe><script type=\"text\/javascript\">\n\/* <![CDATA[ *\/\n\/*! This file is auto-generated *\/\n!function(d,l){\"use strict\";l.querySelector&&d.addEventListener&&\"undefined\"!=typeof URL&&(d.wp=d.wp||{},d.wp.receiveEmbedMessage||(d.wp.receiveEmbedMessage=function(e){var t=e.data;if((t||t.secret||t.message||t.value)&&!\/[^a-zA-Z0-9]\/.test(t.secret)){for(var s,r,n,a=l.querySelectorAll('iframe[data-secret=\"'+t.secret+'\"]'),o=l.querySelectorAll('blockquote[data-secret=\"'+t.secret+'\"]'),c=new RegExp(\"^https?:$\",\"i\"),i=0;i<o.length;i++)o[i].style.display=\"none\";for(i=0;i<a.length;i++)s=a[i],e.source===s.contentWindow&&(s.removeAttribute(\"style\"),\"height\"===t.message?(1e3<(r=parseInt(t.value,10))?r=1e3:~~r<200&&(r=200),s.height=r):\"link\"===t.message&&(r=new URL(s.getAttribute(\"src\")),n=new URL(t.value),c.test(n.protocol))&&n.host===r.host&&l.activeElement===s&&(d.top.location.href=t.value))}},d.addEventListener(\"message\",d.wp.receiveEmbedMessage,!1),l.addEventListener(\"DOMContentLoaded\",function(){for(var e,t,s=l.querySelectorAll(\"iframe.wp-embedded-content\"),r=0;r<s.length;r++)(t=(e=s[r]).getAttribute(\"data-secret\"))||(t=Math.random().toString(36).substring(2,12),e.src+=\"#?secret=\"+t,e.setAttribute(\"data-secret\",t)),e.contentWindow.postMessage({message:\"ready\",secret:t},\"*\")},!1)))}(window,document);\n\/* ]]> *\/\n<\/script>\n","thumbnail_url":"https:\/\/www.ffpassau.de\/innstadt\/wp-content\/uploads\/sites\/2\/2021\/11\/Zugfuehrung-Innstadt-2021.jpg","thumbnail_width":1200,"thumbnail_height":800,"description":"Bei einer Dienstversammlung Ende Oktober w\u00e4hlten sich die Kameradinnen und Kameraden des L\u00f6schzugs Innstadt der Freiwilligen Feuerwehr Passau eine neue F\u00fchrung: Der bisherige stellvertretende Zugf\u00fchrer Thomas Pratsch wurde zum Nachfolger von J\u00fcrgen Haselgruber gew\u00e4hlt. Ihm zur Seite steht k\u00fcnftig Joseph Sieger. Oberb\u00fcrgermeister J\u00fcrgen Dupper und Stadtbrandrat Andreas Dittlmann gratulierten den beiden zur Wahl und w\u00fcnschten ihnen f\u00fcr ihre Aufgabe stets eine gl\u00fcckliche Hand und alles Gute. Die Neuwahl war notwendig geworden, nachdem der bisherige Zugf\u00fchrer J\u00fcrgen Haselgruber sein Amt niedergelegt hatte. Haselgruber f\u00fchrte die Innst\u00e4dter Wehr seit 2010 und erwarb sich insbesondere w\u00e4hrend des Hochwassers 2013 gro\u00dfe Verdienste."}