{"version":"1.0","provider_name":"Feuerwehr Passau - L\u00f6schzug Innstadt","provider_url":"https:\/\/www.ffpassau.de\/innstadt","author_name":"Stefan Daller","author_url":"https:\/\/www.ffpassau.de\/innstadt\/author\/stefandaller\/","title":"Zur\u00fcck in der Feuerwehr-Routine - Feuerwehr Passau - L\u00f6schzug Innstadt","type":"rich","width":600,"height":338,"html":"<blockquote class=\"wp-embedded-content\" data-secret=\"8ipKXKBch6\"><a href=\"https:\/\/www.ffpassau.de\/innstadt\/2023\/03\/zurueck-in-der-feuerwehr-routine\/\">Zur\u00fcck in der Feuerwehr-Routine<\/a><\/blockquote><iframe sandbox=\"allow-scripts\" security=\"restricted\" src=\"https:\/\/www.ffpassau.de\/innstadt\/2023\/03\/zurueck-in-der-feuerwehr-routine\/embed\/#?secret=8ipKXKBch6\" width=\"600\" height=\"338\" title=\"&#8222;Zur\u00fcck in der Feuerwehr-Routine&#8220; &#8211; Feuerwehr Passau - L\u00f6schzug Innstadt\" data-secret=\"8ipKXKBch6\" frameborder=\"0\" marginwidth=\"0\" marginheight=\"0\" scrolling=\"no\" class=\"wp-embedded-content\"><\/iframe><script type=\"text\/javascript\">\n\/* <![CDATA[ *\/\n\/*! This file is auto-generated *\/\n!function(d,l){\"use strict\";l.querySelector&&d.addEventListener&&\"undefined\"!=typeof URL&&(d.wp=d.wp||{},d.wp.receiveEmbedMessage||(d.wp.receiveEmbedMessage=function(e){var t=e.data;if((t||t.secret||t.message||t.value)&&!\/[^a-zA-Z0-9]\/.test(t.secret)){for(var s,r,n,a=l.querySelectorAll('iframe[data-secret=\"'+t.secret+'\"]'),o=l.querySelectorAll('blockquote[data-secret=\"'+t.secret+'\"]'),c=new RegExp(\"^https?:$\",\"i\"),i=0;i<o.length;i++)o[i].style.display=\"none\";for(i=0;i<a.length;i++)s=a[i],e.source===s.contentWindow&&(s.removeAttribute(\"style\"),\"height\"===t.message?(1e3<(r=parseInt(t.value,10))?r=1e3:~~r<200&&(r=200),s.height=r):\"link\"===t.message&&(r=new URL(s.getAttribute(\"src\")),n=new URL(t.value),c.test(n.protocol))&&n.host===r.host&&l.activeElement===s&&(d.top.location.href=t.value))}},d.addEventListener(\"message\",d.wp.receiveEmbedMessage,!1),l.addEventListener(\"DOMContentLoaded\",function(){for(var e,t,s=l.querySelectorAll(\"iframe.wp-embedded-content\"),r=0;r<s.length;r++)(t=(e=s[r]).getAttribute(\"data-secret\"))||(t=Math.random().toString(36).substring(2,12),e.src+=\"#?secret=\"+t,e.setAttribute(\"data-secret\",t)),e.contentWindow.postMessage({message:\"ready\",secret:t},\"*\")},!1)))}(window,document);\n\/* ]]> *\/\n<\/script>\n","thumbnail_url":"https:\/\/www.ffpassau.de\/innstadt\/wp-content\/uploads\/sites\/2\/2023\/03\/JHV-2023.jpg","thumbnail_width":1000,"thumbnail_height":750,"description":"Nach den beiden Pandemiejahren ist 2022 wieder der \u201enormale\u201c Feuerwehralltag zur\u00fcckgekehrt beim L\u00f6schzug Innstadt der Freiwilligen Feuerwehr Passau, so das Credo bei dessen Jahreshauptversammlung am 17. M\u00e4rz 2023. \u201eTats\u00e4chlich war 2022 ein recht normales Feuerwehrjahr\u201c, fasst Zugf\u00fchrer Thomas Pratsch zusammen. \u201eVom Gro\u00dfbrand bis zum Fehlalarm, von der \u00d6lspur bis zur Katze auf dem Baum hatten wir alles dabei.\u201c Von den insgesamt 113 Eins\u00e4tzen wird vor allem der Vollbrand eines Stallgeb\u00e4udes in Gschwendthannet im Mai in Erinnerung bleiben \u2013 ebenso wie die ein oder andere komplizierte Personenrettung, zu denen der L\u00f6schzug in der Regel mit seiner Drehleiter alarmiert wird. \u201eNach dem t\u00f6dlichen Unfall bei einem Rettungseinsatz mit Drehleiter im Juli im Landkreis Regensburg, ist die Sensibilit\u00e4t f\u00fcr solche Eins\u00e4tze nat\u00fcrlich nochmals eine ganz andere und man bereitet sich noch intensiver darauf vor\u201c, so Pratsch. Vor diesem Hintergrund ist der Zugf\u00fchrer besonders [&hellip;]"}