{"version":"1.0","provider_name":"Feuerwehr Passau - L\u00f6schzug Innstadt","provider_url":"https:\/\/www.ffpassau.de\/innstadt","author_name":"Stefan Daller","author_url":"https:\/\/www.ffpassau.de\/innstadt\/author\/stefandaller\/","title":"Florianifeier mit \u00dcbergabe des Fahnentr\u00e4ger-Amtes - Feuerwehr Passau - L\u00f6schzug Innstadt","type":"rich","width":600,"height":338,"html":"<blockquote class=\"wp-embedded-content\" data-secret=\"qMiofr1qXq\"><a href=\"https:\/\/www.ffpassau.de\/innstadt\/2024\/05\/florianifeier-mit-uebergabe-des-fahnentraeger-amtes\/\">Florianifeier mit \u00dcbergabe des Fahnentr\u00e4ger-Amtes<\/a><\/blockquote><iframe sandbox=\"allow-scripts\" security=\"restricted\" src=\"https:\/\/www.ffpassau.de\/innstadt\/2024\/05\/florianifeier-mit-uebergabe-des-fahnentraeger-amtes\/embed\/#?secret=qMiofr1qXq\" width=\"600\" height=\"338\" title=\"&#8222;Florianifeier mit \u00dcbergabe des Fahnentr\u00e4ger-Amtes&#8220; &#8211; Feuerwehr Passau - L\u00f6schzug Innstadt\" data-secret=\"qMiofr1qXq\" frameborder=\"0\" marginwidth=\"0\" marginheight=\"0\" scrolling=\"no\" class=\"wp-embedded-content\"><\/iframe><script type=\"text\/javascript\">\n\/* <![CDATA[ *\/\n\/*! This file is auto-generated *\/\n!function(d,l){\"use strict\";l.querySelector&&d.addEventListener&&\"undefined\"!=typeof URL&&(d.wp=d.wp||{},d.wp.receiveEmbedMessage||(d.wp.receiveEmbedMessage=function(e){var t=e.data;if((t||t.secret||t.message||t.value)&&!\/[^a-zA-Z0-9]\/.test(t.secret)){for(var s,r,n,a=l.querySelectorAll('iframe[data-secret=\"'+t.secret+'\"]'),o=l.querySelectorAll('blockquote[data-secret=\"'+t.secret+'\"]'),c=new RegExp(\"^https?:$\",\"i\"),i=0;i<o.length;i++)o[i].style.display=\"none\";for(i=0;i<a.length;i++)s=a[i],e.source===s.contentWindow&&(s.removeAttribute(\"style\"),\"height\"===t.message?(1e3<(r=parseInt(t.value,10))?r=1e3:~~r<200&&(r=200),s.height=r):\"link\"===t.message&&(r=new URL(s.getAttribute(\"src\")),n=new URL(t.value),c.test(n.protocol))&&n.host===r.host&&l.activeElement===s&&(d.top.location.href=t.value))}},d.addEventListener(\"message\",d.wp.receiveEmbedMessage,!1),l.addEventListener(\"DOMContentLoaded\",function(){for(var e,t,s=l.querySelectorAll(\"iframe.wp-embedded-content\"),r=0;r<s.length;r++)(t=(e=s[r]).getAttribute(\"data-secret\"))||(t=Math.random().toString(36).substring(2,12),e.src+=\"#?secret=\"+t,e.setAttribute(\"data-secret\",t)),e.contentWindow.postMessage({message:\"ready\",secret:t},\"*\")},!1)))}(window,document);\n\/* ]]> *\/\n<\/script>\n","thumbnail_url":"https:\/\/www.ffpassau.de\/innstadt\/wp-content\/uploads\/sites\/2\/2024\/05\/Florianifeier24-1.jpg","thumbnail_width":1200,"thumbnail_height":900,"description":"Zu Ehren seines Schutzpatrons hatte der L\u00f6schzug Innstadt am Freitag zur Florianifeier geladen. Der Festzug vom Ger\u00e4tehaus in der Jahnstra\u00dfe \u00fcber die Mariahilfstra\u00dfe bis zum Kirchenplatz wurde in diesem Jahr von der Musikkapelle aus dem benachbarten Freinberg angef\u00fchrt, die auch den anschlie\u00dfenden Gottesdienst in der St.-Gertraud-Kirche feierlich umrahmte. Zelebriert wurde die Messe erstmals gemeinschaftlich von Innstadtpfarrer Pater Jakob Zarzycki und Feuerwehrseelsorger Pfarrer Michael Brunn. In seiner Predigt sprach Pater Jakob von der Tugend der Solidarit\u00e4t, wie sie der Heilige Florian vorgelebt habe: \u201eNur gemeinsam sind Feuerwehrleute stark \u2013 und doch z\u00e4hlt jeder Einzelne. Denn Verantwortung l\u00e4sst sich nicht auf andere abschieben: Sie muss wahrgenommen und gelebt werden.\u201c Genau das t\u00e4ten alle Feuerwehrleute jeden Tag aufs Neue. Zur\u00fcck im Ger\u00e4tehaus begr\u00fc\u00dfte Zugf\u00fchrer Thomas Pratsch die rund 150 G\u00e4ste, darunter Oberb\u00fcrgermeister J\u00fcrgen Dupper mit den Stadtr\u00e4tinnen und Stadtr\u00e4ten Dr. Stefanie Wehner, Siegfried [&hellip;]"}