{"id":14,"date":"2020-01-29T09:46:48","date_gmt":"2020-01-29T08:46:48","guid":{"rendered":"http:\/\/localhost\/innstadt\/?page_id=14"},"modified":"2025-03-22T11:02:45","modified_gmt":"2025-03-22T10:02:45","slug":"verein","status":"publish","type":"page","link":"https:\/\/www.ffpassau.de\/innstadt\/verein\/","title":{"rendered":"Verein"},"content":{"rendered":"<div id=\"pl-14\"  class=\"panel-layout\" ><div id=\"pg-14-0\"  class=\"panel-grid panel-no-style\" ><div id=\"pgc-14-0-0\"  class=\"panel-grid-cell\" ><div id=\"panel-14-0-0-0\" class=\"so-panel widget widget_sow-editor panel-first-child panel-last-child\" data-index=\"0\" ><div\n\t\t\t\n\t\t\tclass=\"so-widget-sow-editor so-widget-sow-editor-base\"\n\t\t\t\n\t\t>\n<div class=\"siteorigin-widget-tinymce textwidget\">\n\t<h1>Freiwillige Feuerwehr Passau L\u00f6schzug Innstadt e.V.<\/h1>\n<\/div>\n<\/div><\/div><\/div><\/div><div id=\"pg-14-1\"  class=\"panel-grid panel-no-style\" ><div id=\"pgc-14-1-0\"  class=\"panel-grid-cell\" ><div id=\"panel-14-1-0-0\" class=\"so-panel widget widget_sow-editor panel-first-child\" data-index=\"1\" ><div\n\t\t\t\n\t\t\tclass=\"so-widget-sow-editor so-widget-sow-editor-base\"\n\t\t\t\n\t\t><h3 class=\"widget-title\">Aufgaben<\/h3>\n<div class=\"siteorigin-widget-tinymce textwidget\">\n\t<p>Der Freiwillige Feuerwehr Passau L\u00f6schzug Innstadt e.V. wurde im Jahr 2000 gegr\u00fcndet. Hauptaufgabe des gemeinn\u00fctzigen Vereins ist die F\u00f6rderung des L\u00f6schzugs Innstadt als Stadtteilfeuerwehr. Dies geschieht sowohl auf finanzielle, als auch auf ideelle Weise. So \u00fcbernimmt der Feuerwehrverein etwa Aufgaben in der Brandschutzerziehung und -aufkl\u00e4rung, betreibt \u00d6ffentlichkeitsarbeit und Mitgliederwerbung, organisiert vielf\u00e4ltige Veranstaltungen und pflegt die Kameradschaft \u2013 innerhalb des L\u00f6schzugs ebenso wie zu benachbarten Wehren und den beiden Patenfeuerwehren Grubweg und Schardenberg. Mit seinen Einnahmen bezuschusst der Feuerwehrverein unter anderem Ausr\u00fcstung und Ausstattung der aktiven Mannschaft.<\/p>\n<\/div>\n<\/div><\/div><div id=\"panel-14-1-0-1\" class=\"widget_text so-panel widget widget_custom_html panel-last-child\" data-index=\"2\" ><div class=\"textwidget custom-html-widget\"><a href=\"\/innstadt\/kontakt\/\" class=\"btn\"><span class=\"btn__text\">Mitglied werden<\/span><\/a><\/div><\/div><\/div><\/div><div id=\"pg-14-2\"  class=\"panel-grid panel-has-style\" ><div class=\"inverted padded streched panel-row-style panel-row-style-for-14-2\" ><div id=\"pgc-14-2-0\"  class=\"panel-grid-cell\" ><div id=\"panel-14-2-0-0\" class=\"so-panel widget widget_sow-editor panel-first-child\" data-index=\"3\" ><div\n\t\t\t\n\t\t\tclass=\"so-widget-sow-editor so-widget-sow-editor-base\"\n\t\t\t\n\t\t><h3 class=\"widget-title\">Vorstand<\/h3>\n<div class=\"siteorigin-widget-tinymce textwidget\">\n\t<p>Der Vorstand des Freiwillige Feuerwehr Passau L\u00f6schzug Innstadt e.V. besteht aus folgenden Personen:<\/p>\n<\/div>\n<\/div><\/div><div id=\"panel-14-2-0-1\" class=\"widget_text so-panel widget widget_custom_html panel-last-child\" data-index=\"4\" ><div class=\"textwidget custom-html-widget\">\n\n<div class=\"members-wrapper\">\n\n\t\t<div class=\"members-item\">\n\t\t\t<div class=\"members-item__wrapper\">\n\t\t\t\t<div class=\"members-item__top\">\n\t\t\t\t\t<div class=\"members-item__image\">\n\t\t\t\t\t\t\t\t\t\t<div class=\"members-item__image--inner members-item__image--member\" style=\"background-image: url('https:\/\/www.ffpassau.de\/innstadt\/wp-content\/uploads\/sites\/2\/2024\/04\/Daller_St.jpg');\"><\/div>\t\n\t\t\t\t\t\t\t\t\t\t<\/div>\n\n\n\t\t\t\t\t\t\n\t\t\t\t\t<div class=\"members-item__header\">\n\t\t\t\t\t\tStefan Daller\t\t\t\t\t<\/div>\n\t\t\t\t\t\t\t\t\t\t<div class=\"members-item__dienst\">\n\t\t\t\t\t\tVorsitzender\t\t\t\t\t<\/div>\n\t\t\t\t\t\t\t\t\t\t\t\t\t\t\n\t\t\t\t\t\t\t\t\t\t<div class=\"members-item__content\">\n\t\t\t\t\t\t<div class=\"members-item__content\">Freiwillige Feuerwehr Passau<br \/>\nL\u00f6schzug Innstadt e.V.<\/div>\n\t\t\t\t\t<\/div>\n\t\t\t\t\t\n\t\t\t\t\t\t\t\t\t\t\t\t\t\t\t<div class=\"members-item__email\">\n\t\t\t\t\t<span class=\"lnr lnr-envelope\"><\/span> <a href=\"mailto:daller@ffinnstadt.de \" target=\"_blank\">daller@ffinnstadt.de <\/a>\n\t\t\t\t\t<\/div>\n\t\t\t\t\t\n\t\t\t\t<\/div>\n\t\t\t<\/div>\n\t\t<\/div>\n\n\t\t\t\t<div class=\"members-item\">\n\t\t\t<div class=\"members-item__wrapper\">\n\t\t\t\t<div class=\"members-item__top\">\n\t\t\t\t\t<div class=\"members-item__image\">\n\t\t\t\t\t\t\t\t\t\t\t<div class=\"members-item__placeholder-member\"><\/div>\n\t\t\t\t\t\t\t\t\t\t<\/div>\n\n\n\t\t\t\t\t\t\n\t\t\t\t\t<div class=\"members-item__header\">\n\t\t\t\t\t\tArmin Leeb\t\t\t\t\t<\/div>\n\t\t\t\t\t\t\t\t\t\t<div class=\"members-item__dienst\">\n\t\t\t\t\t\tStv. Vorsitzender\t\t\t\t\t<\/div>\n\t\t\t\t\t\t\t\t\t\t\t\t\t\t\n\t\t\t\t\t\t\t\t\t\t<div class=\"members-item__content\">\n\t\t\t\t\t\t<p>Freiwillige Feuerwehr Passau<br \/>\nL\u00f6schzug Innstadt e.V.<\/p>\n\t\t\t\t\t<\/div>\n\t\t\t\t\t\n\t\t\t\t\t\t\t\t\t\t\t\t\t\t\t<div class=\"members-item__email\">\n\t\t\t\t\t<span class=\"lnr lnr-envelope\"><\/span> <a href=\"mailto:leeb@ffinnstadt.de \" target=\"_blank\">leeb@ffinnstadt.de <\/a>\n\t\t\t\t\t<\/div>\n\t\t\t\t\t\n\t\t\t\t<\/div>\n\t\t\t<\/div>\n\t\t<\/div>\n\n\t\t\t\t<div class=\"members-item\">\n\t\t\t<div class=\"members-item__wrapper\">\n\t\t\t\t<div class=\"members-item__top\">\n\t\t\t\t\t<div class=\"members-item__image\">\n\t\t\t\t\t\t\t\t\t\t<div class=\"members-item__image--inner members-item__image--member\" style=\"background-image: url('https:\/\/www.ffpassau.de\/innstadt\/wp-content\/uploads\/sites\/2\/2024\/04\/Itin_L.jpg');\"><\/div>\t\n\t\t\t\t\t\t\t\t\t\t<\/div>\n\n\n\t\t\t\t\t\t\n\t\t\t\t\t<div class=\"members-item__header\">\n\t\t\t\t\t\tLukas Itin\t\t\t\t\t<\/div>\n\t\t\t\t\t\t\t\t\t\t<div class=\"members-item__dienst\">\n\t\t\t\t\t\tSchriftf\u00fchrer\t\t\t\t\t<\/div>\n\t\t\t\t\t\t\t\t\t\t\t\t\t\t\n\t\t\t\t\t\t\t\t\t\t<div class=\"members-item__content\">\n\t\t\t\t\t\t<p>Freiwillige Feuerwehr Passau<br \/>\nL\u00f6schzug Innstadt e.V.<\/p>\n\t\t\t\t\t<\/div>\n\t\t\t\t\t\n\t\t\t\t\t\t\t\t\t\t\t\t\t\t\t<div class=\"members-item__email\">\n\t\t\t\t\t<span class=\"lnr lnr-envelope\"><\/span> <a href=\"mailto:itin@ffinnstadt.de \" target=\"_blank\">itin@ffinnstadt.de <\/a>\n\t\t\t\t\t<\/div>\n\t\t\t\t\t\n\t\t\t\t<\/div>\n\t\t\t<\/div>\n\t\t<\/div>\n\n\t\t\t\t<div class=\"members-item\">\n\t\t\t<div class=\"members-item__wrapper\">\n\t\t\t\t<div class=\"members-item__top\">\n\t\t\t\t\t<div class=\"members-item__image\">\n\t\t\t\t\t\t\t\t\t\t<div class=\"members-item__image--inner members-item__image--member\" style=\"background-image: url('https:\/\/www.ffpassau.de\/innstadt\/wp-content\/uploads\/sites\/2\/2020\/10\/Zitzelsberger_B.jpg');\"><\/div>\t\n\t\t\t\t\t\t\t\t\t\t<\/div>\n\n\n\t\t\t\t\t\t\n\t\t\t\t\t<div class=\"members-item__header\">\n\t\t\t\t\t\tBarbara Zitzelsberger\t\t\t\t\t<\/div>\n\t\t\t\t\t\t\t\t\t\t<div class=\"members-item__dienst\">\n\t\t\t\t\t\tKassier\t\t\t\t\t<\/div>\n\t\t\t\t\t\t\t\t\t\t\t\t\t\t\n\t\t\t\t\t\t\t\t\t\t<div class=\"members-item__content\">\n\t\t\t\t\t\t<div class=\"members-item__content\">Freiwillige Feuerwehr Passau<br \/>\nL\u00f6schzug Innstadt e.V.<\/div>\n\t\t\t\t\t<\/div>\n\t\t\t\t\t\n\t\t\t\t\t\t\t\t\t\t\t\t\t\t\t<div class=\"members-item__email\">\n\t\t\t\t\t<span class=\"lnr lnr-envelope\"><\/span> <a href=\"mailto:kassier@ffinnstadt.de \" target=\"_blank\">kassier@ffinnstadt.de <\/a>\n\t\t\t\t\t<\/div>\n\t\t\t\t\t\n\t\t\t\t<\/div>\n\t\t\t<\/div>\n\t\t<\/div>\n\n\t\t\t\t<div class=\"members-item\">\n\t\t\t<div class=\"members-item__wrapper\">\n\t\t\t\t<div class=\"members-item__top\">\n\t\t\t\t\t<div class=\"members-item__image\">\n\t\t\t\t\t\t\t\t\t\t<div class=\"members-item__image--inner members-item__image--member\" style=\"background-image: url('https:\/\/www.ffpassau.de\/innstadt\/wp-content\/uploads\/sites\/2\/2020\/10\/Kreis_M.jpg');\"><\/div>\t\n\t\t\t\t\t\t\t\t\t\t<\/div>\n\n\n\t\t\t\t\t\t\n\t\t\t\t\t<div class=\"members-item__header\">\n\t\t\t\t\t\tMartin Kreis\t\t\t\t\t<\/div>\n\t\t\t\t\t\t\t\t\t\t<div class=\"members-item__dienst\">\n\t\t\t\t\t\tChronist\t\t\t\t\t<\/div>\n\t\t\t\t\t\t\t\t\t\t\t\t\t\t\n\t\t\t\t\t\t\t\t\t\t<div class=\"members-item__content\">\n\t\t\t\t\t\t<p>Freiwillige Feuerwehr Passau<br \/>\nL\u00f6schzug Innstadt e.V.<\/p>\n\t\t\t\t\t<\/div>\n\t\t\t\t\t\n\t\t\t\t\t\t\t\t\t\t\t\t\t\t\t<div class=\"members-item__email\">\n\t\t\t\t\t<span class=\"lnr lnr-envelope\"><\/span> <a href=\"mailto:kreis@ffinnstadt.de\" target=\"_blank\">kreis@ffinnstadt.de<\/a>\n\t\t\t\t\t<\/div>\n\t\t\t\t\t\n\t\t\t\t<\/div>\n\t\t\t<\/div>\n\t\t<\/div>\n\n\t\t\t\t<div class=\"members-item\">\n\t\t\t<div class=\"members-item__wrapper\">\n\t\t\t\t<div class=\"members-item__top\">\n\t\t\t\t\t<div class=\"members-item__image\">\n\t\t\t\t\t\t\t\t\t\t<div class=\"members-item__image--inner members-item__image--member\" style=\"background-image: url('https:\/\/www.ffpassau.de\/innstadt\/wp-content\/uploads\/sites\/2\/2020\/10\/Graeber_R.jpg');\"><\/div>\t\n\t\t\t\t\t\t\t\t\t\t<\/div>\n\n\n\t\t\t\t\t\t\n\t\t\t\t\t<div class=\"members-item__header\">\n\t\t\t\t\t\tRudolf Gr\u00e4ber\t\t\t\t\t<\/div>\n\t\t\t\t\t\t\t\t\t\t<div class=\"members-item__dienst\">\n\t\t\t\t\t\tVergn\u00fcgungswart\t\t\t\t\t<\/div>\n\t\t\t\t\t\t\t\t\t\t\t\t\t\t\n\t\t\t\t\t\t\t\t\t\t<div class=\"members-item__content\">\n\t\t\t\t\t\t<div class=\"members-item__content\">Freiwillige Feuerwehr Passau<br \/>\nL\u00f6schzug Innstadt e.V.<\/div>\n\t\t\t\t\t<\/div>\n\t\t\t\t\t\n\t\t\t\t\t\t\t\t\t\t\n\t\t\t\t<\/div>\n\t\t\t<\/div>\n\t\t<\/div>\n\n\t\t\t\t<div class=\"members-item\">\n\t\t\t<div class=\"members-item__wrapper\">\n\t\t\t\t<div class=\"members-item__top\">\n\t\t\t\t\t<div class=\"members-item__image\">\n\t\t\t\t\t\t\t\t\t\t<div class=\"members-item__image--inner members-item__image--member\" style=\"background-image: url('https:\/\/www.ffpassau.de\/innstadt\/wp-content\/uploads\/sites\/2\/2020\/10\/Pratsch_Th.jpg');\"><\/div>\t\n\t\t\t\t\t\t\t\t\t\t<\/div>\n\n\n\t\t\t\t\t\t\n\t\t\t\t\t<div class=\"members-item__header\">\n\t\t\t\t\t\tThomas Pratsch\t\t\t\t\t<\/div>\n\t\t\t\t\t\t\t\t\t\t<div class=\"members-item__dienst\">\n\t\t\t\t\t\tZugf\u00fchrer\t\t\t\t\t<\/div>\n\t\t\t\t\t\t\t\t\t\t\t\t\t\t\n\t\t\t\t\t\t\t\t\t\t<div class=\"members-item__content\">\n\t\t\t\t\t\t<p>Freiwillige Feuerwehr Passau<br \/>\nL\u00f6schzug Innstadt e.V.<\/p>\n\t\t\t\t\t<\/div>\n\t\t\t\t\t\n\t\t\t\t\t\t\t\t\t\t\t\t\t\t\t<div class=\"members-item__email\">\n\t\t\t\t\t<span class=\"lnr lnr-envelope\"><\/span> <a href=\"mailto:pratsch@ffinnstadt.de \" target=\"_blank\">pratsch@ffinnstadt.de <\/a>\n\t\t\t\t\t<\/div>\n\t\t\t\t\t\n\t\t\t\t<\/div>\n\t\t\t<\/div>\n\t\t<\/div>\n\n\t\t\t\t<div class=\"members-item\">\n\t\t\t<div class=\"members-item__wrapper\">\n\t\t\t\t<div class=\"members-item__top\">\n\t\t\t\t\t<div class=\"members-item__image\">\n\t\t\t\t\t\t\t\t\t\t<div class=\"members-item__image--inner members-item__image--member\" style=\"background-image: url('https:\/\/www.ffpassau.de\/innstadt\/wp-content\/uploads\/sites\/2\/2024\/04\/Sieger_J.jpg');\"><\/div>\t\n\t\t\t\t\t\t\t\t\t\t<\/div>\n\n\n\t\t\t\t\t\t\n\t\t\t\t\t<div class=\"members-item__header\">\n\t\t\t\t\t\tJoseph Sieger\t\t\t\t\t<\/div>\n\t\t\t\t\t\t\t\t\t\t<div class=\"members-item__dienst\">\n\t\t\t\t\t\tStv. Zugf\u00fchrer\t\t\t\t\t<\/div>\n\t\t\t\t\t\t\t\t\t\t\t\t\t\t\n\t\t\t\t\t\t\t\t\t\t<div class=\"members-item__content\">\n\t\t\t\t\t\t<div class=\"members-item__content\">Freiwillige Feuerwehr Passau<br \/>\nL\u00f6schzug Innstadt e.V.<\/div>\n\t\t\t\t\t<\/div>\n\t\t\t\t\t\n\t\t\t\t\t\t\t\t\t\t\t\t\t\t\t<div class=\"members-item__email\">\n\t\t\t\t\t<span class=\"lnr lnr-envelope\"><\/span> <a href=\"mailto:sieger@ffinnstadt.de \" target=\"_blank\">sieger@ffinnstadt.de <\/a>\n\t\t\t\t\t<\/div>\n\t\t\t\t\t\n\t\t\t\t<\/div>\n\t\t\t<\/div>\n\t\t<\/div>\n\n\t\t\t\t<div class=\"members-item\">\n\t\t\t<div class=\"members-item__wrapper\">\n\t\t\t\t<div class=\"members-item__top\">\n\t\t\t\t\t<div class=\"members-item__image\">\n\t\t\t\t\t\t\t\t\t\t<div class=\"members-item__image--inner members-item__image--member\" style=\"background-image: url('https:\/\/www.ffpassau.de\/innstadt\/wp-content\/uploads\/sites\/2\/2024\/04\/Haselgruber_Fl.jpg');\"><\/div>\t\n\t\t\t\t\t\t\t\t\t\t<\/div>\n\n\n\t\t\t\t\t\t\n\t\t\t\t\t<div class=\"members-item__header\">\n\t\t\t\t\t\tFlorian Haselgruber\t\t\t\t\t<\/div>\n\t\t\t\t\t\t\t\t\t\t<div class=\"members-item__dienst\">\n\t\t\t\t\t\tJugendwart\t\t\t\t\t<\/div>\n\t\t\t\t\t\t\t\t\t\t\t\t\t\t\n\t\t\t\t\t\t\t\t\t\t<div class=\"members-item__content\">\n\t\t\t\t\t\t<div class=\"members-item__content\">Freiwillige Feuerwehr Passau<br \/>\nL\u00f6schzug Innstadt e.V.<\/div>\n\t\t\t\t\t<\/div>\n\t\t\t\t\t\n\t\t\t\t\t\t\t\t\t\t\t\t\t\t\t<div class=\"members-item__email\">\n\t\t\t\t\t<span class=\"lnr lnr-envelope\"><\/span> <a href=\"mailto:jugend@ffinnstadt.de\" target=\"_blank\">jugend@ffinnstadt.de<\/a>\n\t\t\t\t\t<\/div>\n\t\t\t\t\t\n\t\t\t\t<\/div>\n\t\t\t<\/div>\n\t\t<\/div>\n\n\t\t\t\t<div class=\"members-item\">\n\t\t\t<div class=\"members-item__wrapper\">\n\t\t\t\t<div class=\"members-item__top\">\n\t\t\t\t\t<div class=\"members-item__image\">\n\t\t\t\t\t\t\t\t\t\t<div class=\"members-item__image--inner members-item__image--member\" style=\"background-image: url('https:\/\/www.ffpassau.de\/innstadt\/wp-content\/uploads\/sites\/2\/2021\/11\/Loibl_S.jpg');\"><\/div>\t\n\t\t\t\t\t\t\t\t\t\t<\/div>\n\n\n\t\t\t\t\t\t\n\t\t\t\t\t<div class=\"members-item__header\">\n\t\t\t\t\t\tSimon Loibl\t\t\t\t\t<\/div>\n\t\t\t\t\t\t\t\t\t\t<div class=\"members-item__dienst\">\n\t\t\t\t\t\tStv. Jugendwart\t\t\t\t\t<\/div>\n\t\t\t\t\t\t\t\t\t\t\t\t\t\t\n\t\t\t\t\t\t\t\t\t\t<div class=\"members-item__content\">\n\t\t\t\t\t\t<div class=\"members-item__content\">Freiwillige Feuerwehr Passau<br \/>\nL\u00f6schzug Innstadt e.V.<\/div>\n\t\t\t\t\t<\/div>\n\t\t\t\t\t\n\t\t\t\t\t\t\t\t\t\t\t\t\t\t\t<div class=\"members-item__email\">\n\t\t\t\t\t<span class=\"lnr lnr-envelope\"><\/span> <a href=\"mailto:jugend@ffinnstadt.de\" target=\"_blank\">jugend@ffinnstadt.de<\/a>\n\t\t\t\t\t<\/div>\n\t\t\t\t\t\n\t\t\t\t<\/div>\n\t\t\t<\/div>\n\t\t<\/div>\n\n\t\t\t\t<div class=\"members-item\">\n\t\t\t<div class=\"members-item__wrapper\">\n\t\t\t\t<div class=\"members-item__top\">\n\t\t\t\t\t<div class=\"members-item__image\">\n\t\t\t\t\t\t\t\t\t\t<div class=\"members-item__image--inner members-item__image--member\" style=\"background-image: url('https:\/\/www.ffpassau.de\/innstadt\/wp-content\/uploads\/sites\/2\/2024\/04\/Haselgruber_A.jpg');\"><\/div>\t\n\t\t\t\t\t\t\t\t\t\t<\/div>\n\n\n\t\t\t\t\t\t\n\t\t\t\t\t<div class=\"members-item__header\">\n\t\t\t\t\t\tAndrea Haselgruber\t\t\t\t\t<\/div>\n\t\t\t\t\t\t\t\t\t\t<div class=\"members-item__dienst\">\n\t\t\t\t\t\tVertrauensfrau\t\t\t\t\t<\/div>\n\t\t\t\t\t\t\t\t\t\t\t\t\t\t\n\t\t\t\t\t\t\t\t\t\t<div class=\"members-item__content\">\n\t\t\t\t\t\t<div class=\"members-item__content\">Freiwillige Feuerwehr Passau<br \/>\nL\u00f6schzug Innstadt e.V.<\/div>\n\t\t\t\t\t<\/div>\n\t\t\t\t\t\n\t\t\t\t\t\t\t\t\t\t\t\t\t\t\t<div class=\"members-item__email\">\n\t\t\t\t\t<span class=\"lnr lnr-envelope\"><\/span> <a href=\"mailto:vertrauen@ffinnstadt.de\" target=\"_blank\">vertrauen@ffinnstadt.de<\/a>\n\t\t\t\t\t<\/div>\n\t\t\t\t\t\n\t\t\t\t<\/div>\n\t\t\t<\/div>\n\t\t<\/div>\n\n\t\t\t\t<div class=\"members-item\">\n\t\t\t<div class=\"members-item__wrapper\">\n\t\t\t\t<div class=\"members-item__top\">\n\t\t\t\t\t<div class=\"members-item__image\">\n\t\t\t\t\t\t\t\t\t\t<div class=\"members-item__image--inner members-item__image--member\" style=\"background-image: url('https:\/\/www.ffpassau.de\/innstadt\/wp-content\/uploads\/sites\/2\/2024\/04\/Kapfer_L.jpg');\"><\/div>\t\n\t\t\t\t\t\t\t\t\t\t<\/div>\n\n\n\t\t\t\t\t\t\n\t\t\t\t\t<div class=\"members-item__header\">\n\t\t\t\t\t\tLaurenz Kapfer\t\t\t\t\t<\/div>\n\t\t\t\t\t\t\t\t\t\t<div class=\"members-item__dienst\">\n\t\t\t\t\t\tVertrauensmann\t\t\t\t\t<\/div>\n\t\t\t\t\t\t\t\t\t\t\t\t\t\t\n\t\t\t\t\t\t\t\t\t\t<div class=\"members-item__content\">\n\t\t\t\t\t\t<div class=\"members-item__content\">Freiwillige Feuerwehr Passau<br \/>\nL\u00f6schzug Innstadt e.V.<\/div>\n\t\t\t\t\t<\/div>\n\t\t\t\t\t\n\t\t\t\t\t\t\t\t\t\t\t\t\t\t\t<div class=\"members-item__email\">\n\t\t\t\t\t<span class=\"lnr lnr-envelope\"><\/span> <a href=\"mailto:vertrauen@ffinnstadt.de\" target=\"_blank\">vertrauen@ffinnstadt.de<\/a>\n\t\t\t\t\t<\/div>\n\t\t\t\t\t\n\t\t\t\t<\/div>\n\t\t\t<\/div>\n\t\t<\/div>\n\n\t\t\t\t<\/div>\n\n\n<\/div><\/div><\/div><\/div><\/div><div id=\"pg-14-3\"  class=\"panel-grid panel-no-style\" ><div id=\"pgc-14-3-0\"  class=\"panel-grid-cell\" ><div id=\"panel-14-3-0-0\" class=\"so-panel widget widget_sow-editor panel-first-child\" data-index=\"5\" ><div\n\t\t\t\n\t\t\tclass=\"so-widget-sow-editor so-widget-sow-editor-base\"\n\t\t\t\n\t\t><h3 class=\"widget-title\">Ehrenfunktionen<\/h3>\n<div class=\"siteorigin-widget-tinymce textwidget\">\n\t<p>Folgende Personen bekleiden Ehrenfunktionen im Freiwillige Feuerwehr Passau L\u00f6schzug Innstadt e.V.:<\/p>\n<\/div>\n<\/div><\/div><div id=\"panel-14-3-0-1\" class=\"widget_text so-panel widget widget_custom_html panel-last-child\" data-index=\"6\" ><div class=\"textwidget custom-html-widget\">\n\n<div class=\"members-wrapper\">\n\n\t\t<div class=\"members-item\">\n\t\t\t<div class=\"members-item__wrapper\">\n\t\t\t\t<div class=\"members-item__top\">\n\t\t\t\t\t<div class=\"members-item__image\">\n\t\t\t\t\t\t\t\t\t\t<div class=\"members-item__image--inner members-item__image--member\" style=\"background-image: url('https:\/\/www.ffpassau.de\/innstadt\/wp-content\/uploads\/sites\/2\/2020\/10\/Vogl_E.jpg');\"><\/div>\t\n\t\t\t\t\t\t\t\t\t\t<\/div>\n\n\n\t\t\t\t\t\t\t\t\t\t<div class=\"members-item__meta\">\n\t\t\t\t\t\t\u2003\t\t\t\t\t<\/div>\n\t\t\t\t\t\t\n\t\t\t\t\t<div class=\"members-item__header\">\n\t\t\t\t\t\tElisabeth Vogl\t\t\t\t\t<\/div>\n\t\t\t\t\t\t\t\t\t\t<div class=\"members-item__dienst\">\n\t\t\t\t\t\tFahnenmutter\t\t\t\t\t<\/div>\n\t\t\t\t\t\t\t\t\t\t\t\t\t\t\n\t\t\t\t\t\t\t\t\t\t<div class=\"members-item__content\">\n\t\t\t\t\t\t<div class=\"members-item__content\">Freiwillige Feuerwehr Passau<br \/>\nL\u00f6schzug Innstadt e.V.<\/div>\n\t\t\t\t\t<\/div>\n\t\t\t\t\t\n\t\t\t\t\t\t\t\t\t\t\n\t\t\t\t<\/div>\n\t\t\t<\/div>\n\t\t<\/div>\n\n\t\t\t\t<div class=\"members-item\">\n\t\t\t<div class=\"members-item__wrapper\">\n\t\t\t\t<div class=\"members-item__top\">\n\t\t\t\t\t<div class=\"members-item__image\">\n\t\t\t\t\t\t\t\t\t\t<div class=\"members-item__image--inner members-item__image--member\" style=\"background-image: url('https:\/\/www.ffpassau.de\/innstadt\/wp-content\/uploads\/sites\/2\/2022\/06\/Woller_G_sen.jpg');\"><\/div>\t\n\t\t\t\t\t\t\t\t\t\t<\/div>\n\n\n\t\t\t\t\t\t\t\t\t\t<div class=\"members-item__meta\">\n\t\t\t\t\t\tBrandmeister\t\t\t\t\t<\/div>\n\t\t\t\t\t\t\n\t\t\t\t\t<div class=\"members-item__header\">\n\t\t\t\t\t\tGerhard Woller sen.\t\t\t\t\t<\/div>\n\t\t\t\t\t\t\t\t\t\t<div class=\"members-item__dienst\">\n\t\t\t\t\t\tEhrenzugf\u00fchrer\t\t\t\t\t<\/div>\n\t\t\t\t\t\t\t\t\t\t\t\t\t\t\n\t\t\t\t\t\t\t\t\t\t<div class=\"members-item__content\">\n\t\t\t\t\t\t<div class=\"members-item__content\">Freiwillige Feuerwehr Passau<br \/>\nL\u00f6schzug Innstadt e.V.<\/div>\n\t\t\t\t\t<\/div>\n\t\t\t\t\t\n\t\t\t\t\t\t\t\t\t\t\n\t\t\t\t<\/div>\n\t\t\t<\/div>\n\t\t<\/div>\n\n\t\t\t\t<div class=\"members-item\">\n\t\t\t<div class=\"members-item__wrapper\">\n\t\t\t\t<div class=\"members-item__top\">\n\t\t\t\t\t<div class=\"members-item__image\">\n\t\t\t\t\t\t\t\t\t\t<div class=\"members-item__image--inner members-item__image--member\" style=\"background-image: url('https:\/\/www.ffpassau.de\/innstadt\/wp-content\/uploads\/sites\/2\/2024\/04\/Pratsch_B.jpg');\"><\/div>\t\n\t\t\t\t\t\t\t\t\t\t<\/div>\n\n\n\t\t\t\t\t\t\t\t\t\t<div class=\"members-item__meta\">\n\t\t\t\t\t\tFeuerwehrmann\t\t\t\t\t<\/div>\n\t\t\t\t\t\t\n\t\t\t\t\t<div class=\"members-item__header\">\n\t\t\t\t\t\tBen Pratsch\t\t\t\t\t<\/div>\n\t\t\t\t\t\t\t\t\t\t<div class=\"members-item__dienst\">\n\t\t\t\t\t\t1. Fahnentr\u00e4ger\t\t\t\t\t<\/div>\n\t\t\t\t\t\t\t\t\t\t\t\t\t\t\n\t\t\t\t\t\t\t\t\t\t<div class=\"members-item__content\">\n\t\t\t\t\t\t<div class=\"members-item__content\">Freiwillige Feuerwehr Passau<br \/>\nL\u00f6schzug Innstadt e.V.<\/div>\n\t\t\t\t\t<\/div>\n\t\t\t\t\t\n\t\t\t\t\t\t\t\t\t\t\n\t\t\t\t<\/div>\n\t\t\t<\/div>\n\t\t<\/div>\n\n\t\t\t\t<div class=\"members-item\">\n\t\t\t<div class=\"members-item__wrapper\">\n\t\t\t\t<div class=\"members-item__top\">\n\t\t\t\t\t<div class=\"members-item__image\">\n\t\t\t\t\t\t\t\t\t\t<div class=\"members-item__image--inner members-item__image--member\" style=\"background-image: url('https:\/\/www.ffpassau.de\/innstadt\/wp-content\/uploads\/sites\/2\/2024\/04\/Bloch_J.jpg');\"><\/div>\t\n\t\t\t\t\t\t\t\t\t\t<\/div>\n\n\n\t\t\t\t\t\t\t\t\t\t<div class=\"members-item__meta\">\n\t\t\t\t\t\tFeuerwehrmann\t\t\t\t\t<\/div>\n\t\t\t\t\t\t\n\t\t\t\t\t<div class=\"members-item__header\">\n\t\t\t\t\t\tJakob Bloch\t\t\t\t\t<\/div>\n\t\t\t\t\t\t\t\t\t\t<div class=\"members-item__dienst\">\n\t\t\t\t\t\t2. Fahnentr\u00e4ger\t\t\t\t\t<\/div>\n\t\t\t\t\t\t\t\t\t\t\t\t\t\t\n\t\t\t\t\t\t\t\t\t\t<div class=\"members-item__content\">\n\t\t\t\t\t\t<p>Freiwillige Feuerwehr Passau<br \/>\nL\u00f6schzug Innstadt e.V.<\/p>\n\t\t\t\t\t<\/div>\n\t\t\t\t\t\n\t\t\t\t\t\t\t\t\t\t\n\t\t\t\t<\/div>\n\t\t\t<\/div>\n\t\t<\/div>\n\n\t\t\t\t<\/div>\n\n\n<\/div><\/div><\/div><\/div><\/div>","protected":false},"excerpt":{"rendered":"<p>Freiwillige Feuerwehr Passau L\u00f6schzug Innstadt e.V. Aufgaben Der Freiwillige Feuerwehr Passau L\u00f6schzug Innstadt e.V. wurde im Jahr 2000 gegr\u00fcndet. Hauptaufgabe des gemeinn\u00fctzigen Vereins ist die F\u00f6rderung des L\u00f6schzugs Innstadt als Stadtteilfeuerwehr. Dies geschieht sowohl auf finanzielle, als auch auf ideelle Weise. So \u00fcbernimmt der Feuerwehrverein etwa Aufgaben in der Brandschutzerziehung und -aufkl\u00e4rung, betreibt \u00d6ffentlichkeitsarbeit und Mitgliederwerbung, organisiert vielf\u00e4ltige Veranstaltungen und pflegt die Kameradschaft \u2013 innerhalb des L\u00f6schzugs ebenso wie zu benachbarten Wehren und den beiden Patenfeuerwehren Grubweg und Schardenberg. Mit seinen Einnahmen bezuschusst der Feuerwehrverein unter anderem Ausr\u00fcstung und Ausstattung der aktiven Mannschaft. Vorstand Der Vorstand des Freiwillige Feuerwehr Passau L\u00f6schzug Innstadt e.V. besteht aus folgenden Personen: Ehrenfunktionen Folgende Personen bekleiden Ehrenfunktionen im Freiwillige Feuerwehr Passau L\u00f6schzug Innstadt e.V.:<\/p>\n","protected":false},"author":1,"featured_media":0,"parent":0,"menu_order":0,"comment_status":"closed","ping_status":"closed","template":"","meta":{"footnotes":""},"class_list":["post-14","page","type-page","status-publish","hentry"],"yoast_head":"<!-- This site is optimized with the Yoast SEO plugin v24.3 - https:\/\/yoast.com\/wordpress\/plugins\/seo\/ -->\n<title>Verein - Feuerwehr Passau - L\u00f6schzug Innstadt<\/title>\n<meta name=\"robots\" content=\"index, follow, max-snippet:-1, max-image-preview:large, max-video-preview:-1\" \/>\n<link rel=\"canonical\" href=\"https:\/\/www.ffpassau.de\/innstadt\/verein\/\" \/>\n<meta property=\"og:locale\" content=\"de_DE\" \/>\n<meta property=\"og:type\" content=\"article\" \/>\n<meta property=\"og:title\" content=\"Verein - Feuerwehr Passau - L\u00f6schzug Innstadt\" \/>\n<meta property=\"og:description\" content=\"Freiwillige Feuerwehr Passau L\u00f6schzug Innstadt e.V. Aufgaben Der Freiwillige Feuerwehr Passau L\u00f6schzug Innstadt e.V. wurde im Jahr 2000 gegr\u00fcndet. Hauptaufgabe des gemeinn\u00fctzigen Vereins ist die F\u00f6rderung des L\u00f6schzugs Innstadt als Stadtteilfeuerwehr. Dies geschieht sowohl auf finanzielle, als auch auf ideelle Weise. So \u00fcbernimmt der Feuerwehrverein etwa Aufgaben in der Brandschutzerziehung und -aufkl\u00e4rung, betreibt \u00d6ffentlichkeitsarbeit und Mitgliederwerbung, organisiert vielf\u00e4ltige Veranstaltungen und pflegt die Kameradschaft \u2013 innerhalb des L\u00f6schzugs ebenso wie zu benachbarten Wehren und den beiden Patenfeuerwehren Grubweg und Schardenberg. Mit seinen Einnahmen bezuschusst der Feuerwehrverein unter anderem Ausr\u00fcstung und Ausstattung der aktiven Mannschaft. Vorstand Der Vorstand des Freiwillige Feuerwehr Passau L\u00f6schzug Innstadt e.V. besteht aus folgenden Personen: Ehrenfunktionen Folgende Personen bekleiden Ehrenfunktionen im Freiwillige Feuerwehr Passau L\u00f6schzug Innstadt e.V.:\" \/>\n<meta property=\"og:url\" content=\"https:\/\/www.ffpassau.de\/innstadt\/verein\/\" \/>\n<meta property=\"og:site_name\" content=\"Feuerwehr Passau - L\u00f6schzug Innstadt\" \/>\n<meta property=\"article:modified_time\" content=\"2025-03-22T10:02:45+00:00\" \/>\n<meta name=\"twitter:card\" content=\"summary_large_image\" \/>\n<meta name=\"twitter:label1\" content=\"Gesch\u00e4tzte Lesezeit\" \/>\n\t<meta name=\"twitter:data1\" content=\"1\u00a0Minute\" \/>\n<script type=\"application\/ld+json\" class=\"yoast-schema-graph\">{\"@context\":\"https:\/\/schema.org\",\"@graph\":[{\"@type\":\"WebPage\",\"@id\":\"https:\/\/www.ffpassau.de\/innstadt\/verein\/\",\"url\":\"https:\/\/www.ffpassau.de\/innstadt\/verein\/\",\"name\":\"Verein - Feuerwehr Passau - L\u00f6schzug Innstadt\",\"isPartOf\":{\"@id\":\"https:\/\/www.ffpassau.de\/innstadt\/#website\"},\"datePublished\":\"2020-01-29T08:46:48+00:00\",\"dateModified\":\"2025-03-22T10:02:45+00:00\",\"breadcrumb\":{\"@id\":\"https:\/\/www.ffpassau.de\/innstadt\/verein\/#breadcrumb\"},\"inLanguage\":\"de\",\"potentialAction\":[{\"@type\":\"ReadAction\",\"target\":[\"https:\/\/www.ffpassau.de\/innstadt\/verein\/\"]}]},{\"@type\":\"BreadcrumbList\",\"@id\":\"https:\/\/www.ffpassau.de\/innstadt\/verein\/#breadcrumb\",\"itemListElement\":[{\"@type\":\"ListItem\",\"position\":1,\"name\":\"L\u00f6schzug Innstadt Startseite\",\"item\":\"https:\/\/www.ffpassau.de\/innstadt\/\"},{\"@type\":\"ListItem\",\"position\":2,\"name\":\"Verein\"}]},{\"@type\":\"WebSite\",\"@id\":\"https:\/\/www.ffpassau.de\/innstadt\/#website\",\"url\":\"https:\/\/www.ffpassau.de\/innstadt\/\",\"name\":\"Feuerwehr Passau - L\u00f6schzug Innstadt\",\"description\":\"\",\"publisher\":{\"@id\":\"https:\/\/www.ffpassau.de\/innstadt\/#organization\"},\"potentialAction\":[{\"@type\":\"SearchAction\",\"target\":{\"@type\":\"EntryPoint\",\"urlTemplate\":\"https:\/\/www.ffpassau.de\/innstadt\/?s={search_term_string}\"},\"query-input\":{\"@type\":\"PropertyValueSpecification\",\"valueRequired\":true,\"valueName\":\"search_term_string\"}}],\"inLanguage\":\"de\"},{\"@type\":\"Organization\",\"@id\":\"https:\/\/www.ffpassau.de\/innstadt\/#organization\",\"name\":\"Feuerwehr Passau - L\u00f6schzug Innstadt\",\"url\":\"https:\/\/www.ffpassau.de\/innstadt\/\",\"logo\":{\"@type\":\"ImageObject\",\"inLanguage\":\"de\",\"@id\":\"https:\/\/www.ffpassau.de\/innstadt\/#\/schema\/logo\/image\/\",\"url\":\"https:\/\/www.ffpassau.de\/innstadt\/wp-content\/uploads\/sites\/2\/2020\/02\/lz_innstadt_logo.svg\",\"contentUrl\":\"https:\/\/www.ffpassau.de\/innstadt\/wp-content\/uploads\/sites\/2\/2020\/02\/lz_innstadt_logo.svg\",\"width\":1,\"height\":1,\"caption\":\"Feuerwehr Passau - L\u00f6schzug Innstadt\"},\"image\":{\"@id\":\"https:\/\/www.ffpassau.de\/innstadt\/#\/schema\/logo\/image\/\"}}]}<\/script>\n<!-- \/ Yoast SEO plugin. -->","yoast_head_json":{"title":"Verein - Feuerwehr Passau - L\u00f6schzug Innstadt","robots":{"index":"index","follow":"follow","max-snippet":"max-snippet:-1","max-image-preview":"max-image-preview:large","max-video-preview":"max-video-preview:-1"},"canonical":"https:\/\/www.ffpassau.de\/innstadt\/verein\/","og_locale":"de_DE","og_type":"article","og_title":"Verein - Feuerwehr Passau - L\u00f6schzug Innstadt","og_description":"Freiwillige Feuerwehr Passau L\u00f6schzug Innstadt e.V. Aufgaben Der Freiwillige Feuerwehr Passau L\u00f6schzug Innstadt e.V. wurde im Jahr 2000 gegr\u00fcndet. Hauptaufgabe des gemeinn\u00fctzigen Vereins ist die F\u00f6rderung des L\u00f6schzugs Innstadt als Stadtteilfeuerwehr. Dies geschieht sowohl auf finanzielle, als auch auf ideelle Weise. So \u00fcbernimmt der Feuerwehrverein etwa Aufgaben in der Brandschutzerziehung und -aufkl\u00e4rung, betreibt \u00d6ffentlichkeitsarbeit und Mitgliederwerbung, organisiert vielf\u00e4ltige Veranstaltungen und pflegt die Kameradschaft \u2013 innerhalb des L\u00f6schzugs ebenso wie zu benachbarten Wehren und den beiden Patenfeuerwehren Grubweg und Schardenberg. Mit seinen Einnahmen bezuschusst der Feuerwehrverein unter anderem Ausr\u00fcstung und Ausstattung der aktiven Mannschaft. Vorstand Der Vorstand des Freiwillige Feuerwehr Passau L\u00f6schzug Innstadt e.V. besteht aus folgenden Personen: Ehrenfunktionen Folgende Personen bekleiden Ehrenfunktionen im Freiwillige Feuerwehr Passau L\u00f6schzug Innstadt e.V.:","og_url":"https:\/\/www.ffpassau.de\/innstadt\/verein\/","og_site_name":"Feuerwehr Passau - L\u00f6schzug Innstadt","article_modified_time":"2025-03-22T10:02:45+00:00","twitter_card":"summary_large_image","twitter_misc":{"Gesch\u00e4tzte Lesezeit":"1\u00a0Minute"},"schema":{"@context":"https:\/\/schema.org","@graph":[{"@type":"WebPage","@id":"https:\/\/www.ffpassau.de\/innstadt\/verein\/","url":"https:\/\/www.ffpassau.de\/innstadt\/verein\/","name":"Verein - Feuerwehr Passau - L\u00f6schzug Innstadt","isPartOf":{"@id":"https:\/\/www.ffpassau.de\/innstadt\/#website"},"datePublished":"2020-01-29T08:46:48+00:00","dateModified":"2025-03-22T10:02:45+00:00","breadcrumb":{"@id":"https:\/\/www.ffpassau.de\/innstadt\/verein\/#breadcrumb"},"inLanguage":"de","potentialAction":[{"@type":"ReadAction","target":["https:\/\/www.ffpassau.de\/innstadt\/verein\/"]}]},{"@type":"BreadcrumbList","@id":"https:\/\/www.ffpassau.de\/innstadt\/verein\/#breadcrumb","itemListElement":[{"@type":"ListItem","position":1,"name":"L\u00f6schzug Innstadt Startseite","item":"https:\/\/www.ffpassau.de\/innstadt\/"},{"@type":"ListItem","position":2,"name":"Verein"}]},{"@type":"WebSite","@id":"https:\/\/www.ffpassau.de\/innstadt\/#website","url":"https:\/\/www.ffpassau.de\/innstadt\/","name":"Feuerwehr Passau - L\u00f6schzug Innstadt","description":"","publisher":{"@id":"https:\/\/www.ffpassau.de\/innstadt\/#organization"},"potentialAction":[{"@type":"SearchAction","target":{"@type":"EntryPoint","urlTemplate":"https:\/\/www.ffpassau.de\/innstadt\/?s={search_term_string}"},"query-input":{"@type":"PropertyValueSpecification","valueRequired":true,"valueName":"search_term_string"}}],"inLanguage":"de"},{"@type":"Organization","@id":"https:\/\/www.ffpassau.de\/innstadt\/#organization","name":"Feuerwehr Passau - L\u00f6schzug Innstadt","url":"https:\/\/www.ffpassau.de\/innstadt\/","logo":{"@type":"ImageObject","inLanguage":"de","@id":"https:\/\/www.ffpassau.de\/innstadt\/#\/schema\/logo\/image\/","url":"https:\/\/www.ffpassau.de\/innstadt\/wp-content\/uploads\/sites\/2\/2020\/02\/lz_innstadt_logo.svg","contentUrl":"https:\/\/www.ffpassau.de\/innstadt\/wp-content\/uploads\/sites\/2\/2020\/02\/lz_innstadt_logo.svg","width":1,"height":1,"caption":"Feuerwehr Passau - L\u00f6schzug Innstadt"},"image":{"@id":"https:\/\/www.ffpassau.de\/innstadt\/#\/schema\/logo\/image\/"}}]}},"_links":{"self":[{"href":"https:\/\/www.ffpassau.de\/innstadt\/wp-json\/wp\/v2\/pages\/14","targetHints":{"allow":["GET"]}}],"collection":[{"href":"https:\/\/www.ffpassau.de\/innstadt\/wp-json\/wp\/v2\/pages"}],"about":[{"href":"https:\/\/www.ffpassau.de\/innstadt\/wp-json\/wp\/v2\/types\/page"}],"author":[{"embeddable":true,"href":"https:\/\/www.ffpassau.de\/innstadt\/wp-json\/wp\/v2\/users\/1"}],"replies":[{"embeddable":true,"href":"https:\/\/www.ffpassau.de\/innstadt\/wp-json\/wp\/v2\/comments?post=14"}],"version-history":[{"count":41,"href":"https:\/\/www.ffpassau.de\/innstadt\/wp-json\/wp\/v2\/pages\/14\/revisions"}],"predecessor-version":[{"id":960,"href":"https:\/\/www.ffpassau.de\/innstadt\/wp-json\/wp\/v2\/pages\/14\/revisions\/960"}],"wp:attachment":[{"href":"https:\/\/www.ffpassau.de\/innstadt\/wp-json\/wp\/v2\/media?parent=14"}],"curies":[{"name":"wp","href":"https:\/\/api.w.org\/{rel}","templated":true}]}}