{"id":24,"date":"2020-01-29T09:51:56","date_gmt":"2020-01-29T08:51:56","guid":{"rendered":"http:\/\/localhost\/innstadt\/?page_id=24"},"modified":"2026-02-09T11:02:33","modified_gmt":"2026-02-09T10:02:33","slug":"impressum","status":"publish","type":"page","link":"https:\/\/www.ffpassau.de\/innstadt\/impressum\/","title":{"rendered":"Impressum"},"content":{"rendered":"<div id=\"pl-24\"  class=\"panel-layout\" ><div id=\"pg-24-0\"  class=\"panel-grid panel-no-style\" ><div id=\"pgc-24-0-0\"  class=\"panel-grid-cell\" ><div id=\"panel-24-0-0-0\" class=\"so-panel widget widget_sow-editor panel-first-child\" data-index=\"0\" ><div\n\t\t\t\n\t\t\tclass=\"so-widget-sow-editor so-widget-sow-editor-base\"\n\t\t\t\n\t\t>\n<div class=\"siteorigin-widget-tinymce textwidget\">\n\t<p class=\"widget-title\"><strong>Freiwillige Feuerwehr Passau\u00a0<\/strong><br \/>\n<strong>L\u00f6schzug Innstadt<\/strong><\/p>\n<p class=\"widget-title\">Jahnstra\u00dfe 1<br \/>\n94032 Passau<\/p>\n<p class=\"widget-title\">Telefon: +49 851 34902 (nicht st\u00e4ndig besetzt), in Notf\u00e4llen immer die <strong>112<br \/>\n<\/strong>E-Mail: <a href=\"mailto:info@ffinnstadt.de\">info@ffinnstadt.de<\/a><\/p>\n<p class=\"widget-title\"><strong>Gemeinschaftlich vertretungsbefugt:<\/strong><br \/>\nStefan Daller, 1. Vorsitzender<br \/>\nArmin Leeb, 2. Vorsitzender<\/p>\n<\/div>\n<\/div><\/div><div id=\"panel-24-0-0-1\" class=\"so-panel widget widget_sow-editor\" data-index=\"1\" ><div\n\t\t\t\n\t\t\tclass=\"so-widget-sow-editor so-widget-sow-editor-base\"\n\t\t\t\n\t\t>\n<div class=\"siteorigin-widget-tinymce textwidget\">\n\t<p><strong>Konzept, Design, Programmierung<\/strong><br \/>\nJerschabek GmbH - Digitale Business L\u00f6sungen<br \/>\nHermann-von-Moreau-Stra\u00dfe 6<br \/>\n94036 Passau<\/p>\n<p>E-Mail:\u00a0<a href=\"mailto:info@jerschabek-gmbh.de\">info@jerschabek-gmbh.de<\/a><br \/>\nWeb:\u00a0<a href=\"https:\/\/www.jerschabek-gmbh.de\/\" target=\"_blank\" rel=\"noopener noreferrer\">www.jerschabek-gmbh.de<\/a><\/p>\n<\/div>\n<\/div><\/div><div id=\"panel-24-0-0-2\" class=\"so-panel widget widget_sow-editor\" data-index=\"2\" ><div\n\t\t\t\n\t\t\tclass=\"so-widget-sow-editor so-widget-sow-editor-base\"\n\t\t\t\n\t\t>\n<div class=\"siteorigin-widget-tinymce textwidget\">\n\t<p><strong>Mannschaftsfotos<\/strong><br \/>\nDaniel Fenzl, <a href=\"https:\/\/www.danielfenzl.de\/\" target=\"_blank\" rel=\"noopener noreferrer\">www.danielfenzl.de<\/a><br \/>\nJulian Berger, <a href=\"https:\/\/www.julian-hoecher-media.com\/\" target=\"_blank\" rel=\"noopener noreferrer\">www.julian-hoecher-media.com<\/a><\/p>\n<\/div>\n<\/div><\/div><div id=\"panel-24-0-0-3\" class=\"so-panel widget widget_sow-editor panel-last-child\" data-index=\"3\" ><div\n\t\t\t\n\t\t\tclass=\"so-widget-sow-editor so-widget-sow-editor-base\"\n\t\t\t\n\t\t>\n<div class=\"siteorigin-widget-tinymce textwidget\">\n\t<p><strong>Streitschlichtung<br \/>\n<\/strong>Wir sind nicht bereit oder verpflichtet, an Streitbeilegungsverfahren vor einer Verbraucherschlichtungsstelle teilzunehmen.<strong><br \/>\n<\/strong><\/p>\n<p><strong>Haftung<\/strong><br \/>\nWir pr\u00fcfen und aktualisieren unsere Website sorgf\u00e4ltig.<br \/>\nDennoch k\u00f6nnen wir leider nicht garantieren, dass alle Informationen immer aktuell, richtig und vollst\u00e4ndig sind. Auf unserer Webseite finden Sie auch Links zu anderen Seiten im Internet.<br \/>\nWir m\u00f6chten Sie darauf hinweisen, dass wir keinen Einfluss auf die Gestaltung und den Inhalt dieser Seiten haben. Wir k\u00f6nnen daher auch keine Gew\u00e4hr f\u00fcr die Aktualit\u00e4t, Korrektheit, Vollst\u00e4ndigkeit oder Qualit\u00e4t der dort bereitgestellten Informationen \u00fcbernehmen.<\/p>\n<p><strong>Urheberrecht<br \/>\n<\/strong>Die durch die Seitenbetreiber erstellten Inhalte und Werke auf diesen Seiten unterliegen dem deutschen Urheberrecht. Die Vervielf\u00e4ltigung, Bearbeitung, Verbreitung und jede Art der Verwertung au\u00dferhalb der Grenzen des Urheberrechtes bed\u00fcrfen der schriftlichen Zustimmung des jeweiligen Autors bzw. Erstellers. Downloads und Kopien dieser Seite sind nur f\u00fcr den privaten, nicht kommerziellen Gebrauch gestattet.<\/p>\n<p>Soweit die Inhalte auf dieser Seite nicht vom Betreiber erstellt wurden, werden die Urheberrechte Dritter beachtet. Insbesondere werden Inhalte Dritter als solche gekennzeichnet. Sollten Sie trotzdem auf eine Urheberrechtsverletzung aufmerksam werden, bitten wir um einen entsprechenden Hinweis. Bei Bekanntwerden von Rechtsverletzungen werden wir derartige Inhalte umgehend entfernen.<\/p>\n<\/div>\n<\/div><\/div><\/div><\/div><\/div>","protected":false},"excerpt":{"rendered":"<p>Freiwillige Feuerwehr Passau\u00a0 L\u00f6schzug Innstadt Jahnstra\u00dfe 1 94032 Passau Telefon: +49 851 34902 (nicht st\u00e4ndig besetzt), in Notf\u00e4llen immer die 112 E-Mail: info@ffinnstadt.de Gemeinschaftlich vertretungsbefugt: Stefan Daller, 1. Vorsitzender Armin Leeb, 2. Vorsitzender Konzept, Design, Programmierung Jerschabek GmbH &#8211; Digitale Business L\u00f6sungen Hermann-von-Moreau-Stra\u00dfe 6 94036 Passau E-Mail:\u00a0info@jerschabek-gmbh.de Web:\u00a0www.jerschabek-gmbh.de Mannschaftsfotos Daniel Fenzl, www.danielfenzl.de Julian Berger, www.julian-hoecher-media.com Streitschlichtung Wir sind nicht bereit oder verpflichtet, an Streitbeilegungsverfahren vor einer Verbraucherschlichtungsstelle teilzunehmen. Haftung Wir pr\u00fcfen und aktualisieren unsere Website sorgf\u00e4ltig. Dennoch k\u00f6nnen wir leider nicht garantieren, dass alle Informationen immer aktuell, richtig und vollst\u00e4ndig sind. Auf unserer Webseite finden Sie auch Links zu anderen Seiten im Internet. Wir m\u00f6chten Sie darauf hinweisen, dass wir keinen Einfluss auf die Gestaltung und den Inhalt dieser Seiten haben. Wir k\u00f6nnen daher auch keine Gew\u00e4hr f\u00fcr die Aktualit\u00e4t, Korrektheit, Vollst\u00e4ndigkeit oder Qualit\u00e4t der dort bereitgestellten Informationen \u00fcbernehmen. Urheberrecht [&hellip;]<\/p>\n","protected":false},"author":1,"featured_media":0,"parent":0,"menu_order":0,"comment_status":"closed","ping_status":"closed","template":"","meta":{"footnotes":""},"class_list":["post-24","page","type-page","status-publish","hentry"],"yoast_head":"<!-- This site is optimized with the Yoast SEO plugin v24.3 - https:\/\/yoast.com\/wordpress\/plugins\/seo\/ -->\n<title>Impressum - Feuerwehr Passau - L\u00f6schzug Innstadt<\/title>\n<meta name=\"robots\" content=\"index, follow, max-snippet:-1, max-image-preview:large, max-video-preview:-1\" \/>\n<link rel=\"canonical\" href=\"https:\/\/www.ffpassau.de\/innstadt\/impressum\/\" \/>\n<meta property=\"og:locale\" content=\"de_DE\" \/>\n<meta property=\"og:type\" content=\"article\" \/>\n<meta property=\"og:title\" content=\"Impressum - Feuerwehr Passau - L\u00f6schzug Innstadt\" \/>\n<meta property=\"og:description\" content=\"Freiwillige Feuerwehr Passau\u00a0 L\u00f6schzug Innstadt Jahnstra\u00dfe 1 94032 Passau Telefon: +49 851 34902 (nicht st\u00e4ndig besetzt), in Notf\u00e4llen immer die 112 E-Mail: info@ffinnstadt.de Gemeinschaftlich vertretungsbefugt: Stefan Daller, 1. Vorsitzender Armin Leeb, 2. Vorsitzender Konzept, Design, Programmierung Jerschabek GmbH - Digitale Business L\u00f6sungen Hermann-von-Moreau-Stra\u00dfe 6 94036 Passau E-Mail:\u00a0info@jerschabek-gmbh.de Web:\u00a0www.jerschabek-gmbh.de Mannschaftsfotos Daniel Fenzl, www.danielfenzl.de Julian Berger, www.julian-hoecher-media.com Streitschlichtung Wir sind nicht bereit oder verpflichtet, an Streitbeilegungsverfahren vor einer Verbraucherschlichtungsstelle teilzunehmen. Haftung Wir pr\u00fcfen und aktualisieren unsere Website sorgf\u00e4ltig. Dennoch k\u00f6nnen wir leider nicht garantieren, dass alle Informationen immer aktuell, richtig und vollst\u00e4ndig sind. Auf unserer Webseite finden Sie auch Links zu anderen Seiten im Internet. Wir m\u00f6chten Sie darauf hinweisen, dass wir keinen Einfluss auf die Gestaltung und den Inhalt dieser Seiten haben. Wir k\u00f6nnen daher auch keine Gew\u00e4hr f\u00fcr die Aktualit\u00e4t, Korrektheit, Vollst\u00e4ndigkeit oder Qualit\u00e4t der dort bereitgestellten Informationen \u00fcbernehmen. Urheberrecht [&hellip;]\" \/>\n<meta property=\"og:url\" content=\"https:\/\/www.ffpassau.de\/innstadt\/impressum\/\" \/>\n<meta property=\"og:site_name\" content=\"Feuerwehr Passau - L\u00f6schzug Innstadt\" \/>\n<meta property=\"article:modified_time\" content=\"2026-02-09T10:02:33+00:00\" \/>\n<meta name=\"twitter:card\" content=\"summary_large_image\" \/>\n<meta name=\"twitter:label1\" content=\"Gesch\u00e4tzte Lesezeit\" \/>\n\t<meta name=\"twitter:data1\" content=\"2\u00a0Minuten\" \/>\n<script type=\"application\/ld+json\" class=\"yoast-schema-graph\">{\"@context\":\"https:\/\/schema.org\",\"@graph\":[{\"@type\":\"WebPage\",\"@id\":\"https:\/\/www.ffpassau.de\/innstadt\/impressum\/\",\"url\":\"https:\/\/www.ffpassau.de\/innstadt\/impressum\/\",\"name\":\"Impressum - Feuerwehr Passau - L\u00f6schzug Innstadt\",\"isPartOf\":{\"@id\":\"https:\/\/www.ffpassau.de\/innstadt\/#website\"},\"datePublished\":\"2020-01-29T08:51:56+00:00\",\"dateModified\":\"2026-02-09T10:02:33+00:00\",\"breadcrumb\":{\"@id\":\"https:\/\/www.ffpassau.de\/innstadt\/impressum\/#breadcrumb\"},\"inLanguage\":\"de\",\"potentialAction\":[{\"@type\":\"ReadAction\",\"target\":[\"https:\/\/www.ffpassau.de\/innstadt\/impressum\/\"]}]},{\"@type\":\"BreadcrumbList\",\"@id\":\"https:\/\/www.ffpassau.de\/innstadt\/impressum\/#breadcrumb\",\"itemListElement\":[{\"@type\":\"ListItem\",\"position\":1,\"name\":\"L\u00f6schzug Innstadt Startseite\",\"item\":\"https:\/\/www.ffpassau.de\/innstadt\/\"},{\"@type\":\"ListItem\",\"position\":2,\"name\":\"Impressum\"}]},{\"@type\":\"WebSite\",\"@id\":\"https:\/\/www.ffpassau.de\/innstadt\/#website\",\"url\":\"https:\/\/www.ffpassau.de\/innstadt\/\",\"name\":\"Feuerwehr Passau - L\u00f6schzug Innstadt\",\"description\":\"\",\"publisher\":{\"@id\":\"https:\/\/www.ffpassau.de\/innstadt\/#organization\"},\"potentialAction\":[{\"@type\":\"SearchAction\",\"target\":{\"@type\":\"EntryPoint\",\"urlTemplate\":\"https:\/\/www.ffpassau.de\/innstadt\/?s={search_term_string}\"},\"query-input\":{\"@type\":\"PropertyValueSpecification\",\"valueRequired\":true,\"valueName\":\"search_term_string\"}}],\"inLanguage\":\"de\"},{\"@type\":\"Organization\",\"@id\":\"https:\/\/www.ffpassau.de\/innstadt\/#organization\",\"name\":\"Feuerwehr Passau - L\u00f6schzug Innstadt\",\"url\":\"https:\/\/www.ffpassau.de\/innstadt\/\",\"logo\":{\"@type\":\"ImageObject\",\"inLanguage\":\"de\",\"@id\":\"https:\/\/www.ffpassau.de\/innstadt\/#\/schema\/logo\/image\/\",\"url\":\"https:\/\/www.ffpassau.de\/innstadt\/wp-content\/uploads\/sites\/2\/2020\/02\/lz_innstadt_logo.svg\",\"contentUrl\":\"https:\/\/www.ffpassau.de\/innstadt\/wp-content\/uploads\/sites\/2\/2020\/02\/lz_innstadt_logo.svg\",\"width\":1,\"height\":1,\"caption\":\"Feuerwehr Passau - L\u00f6schzug Innstadt\"},\"image\":{\"@id\":\"https:\/\/www.ffpassau.de\/innstadt\/#\/schema\/logo\/image\/\"}}]}<\/script>\n<!-- \/ Yoast SEO plugin. -->","yoast_head_json":{"title":"Impressum - Feuerwehr Passau - L\u00f6schzug Innstadt","robots":{"index":"index","follow":"follow","max-snippet":"max-snippet:-1","max-image-preview":"max-image-preview:large","max-video-preview":"max-video-preview:-1"},"canonical":"https:\/\/www.ffpassau.de\/innstadt\/impressum\/","og_locale":"de_DE","og_type":"article","og_title":"Impressum - Feuerwehr Passau - L\u00f6schzug Innstadt","og_description":"Freiwillige Feuerwehr Passau\u00a0 L\u00f6schzug Innstadt Jahnstra\u00dfe 1 94032 Passau Telefon: +49 851 34902 (nicht st\u00e4ndig besetzt), in Notf\u00e4llen immer die 112 E-Mail: info@ffinnstadt.de Gemeinschaftlich vertretungsbefugt: Stefan Daller, 1. Vorsitzender Armin Leeb, 2. Vorsitzender Konzept, Design, Programmierung Jerschabek GmbH - Digitale Business L\u00f6sungen Hermann-von-Moreau-Stra\u00dfe 6 94036 Passau E-Mail:\u00a0info@jerschabek-gmbh.de Web:\u00a0www.jerschabek-gmbh.de Mannschaftsfotos Daniel Fenzl, www.danielfenzl.de Julian Berger, www.julian-hoecher-media.com Streitschlichtung Wir sind nicht bereit oder verpflichtet, an Streitbeilegungsverfahren vor einer Verbraucherschlichtungsstelle teilzunehmen. Haftung Wir pr\u00fcfen und aktualisieren unsere Website sorgf\u00e4ltig. Dennoch k\u00f6nnen wir leider nicht garantieren, dass alle Informationen immer aktuell, richtig und vollst\u00e4ndig sind. Auf unserer Webseite finden Sie auch Links zu anderen Seiten im Internet. Wir m\u00f6chten Sie darauf hinweisen, dass wir keinen Einfluss auf die Gestaltung und den Inhalt dieser Seiten haben. Wir k\u00f6nnen daher auch keine Gew\u00e4hr f\u00fcr die Aktualit\u00e4t, Korrektheit, Vollst\u00e4ndigkeit oder Qualit\u00e4t der dort bereitgestellten Informationen \u00fcbernehmen. Urheberrecht [&hellip;]","og_url":"https:\/\/www.ffpassau.de\/innstadt\/impressum\/","og_site_name":"Feuerwehr Passau - L\u00f6schzug Innstadt","article_modified_time":"2026-02-09T10:02:33+00:00","twitter_card":"summary_large_image","twitter_misc":{"Gesch\u00e4tzte Lesezeit":"2\u00a0Minuten"},"schema":{"@context":"https:\/\/schema.org","@graph":[{"@type":"WebPage","@id":"https:\/\/www.ffpassau.de\/innstadt\/impressum\/","url":"https:\/\/www.ffpassau.de\/innstadt\/impressum\/","name":"Impressum - Feuerwehr Passau - L\u00f6schzug Innstadt","isPartOf":{"@id":"https:\/\/www.ffpassau.de\/innstadt\/#website"},"datePublished":"2020-01-29T08:51:56+00:00","dateModified":"2026-02-09T10:02:33+00:00","breadcrumb":{"@id":"https:\/\/www.ffpassau.de\/innstadt\/impressum\/#breadcrumb"},"inLanguage":"de","potentialAction":[{"@type":"ReadAction","target":["https:\/\/www.ffpassau.de\/innstadt\/impressum\/"]}]},{"@type":"BreadcrumbList","@id":"https:\/\/www.ffpassau.de\/innstadt\/impressum\/#breadcrumb","itemListElement":[{"@type":"ListItem","position":1,"name":"L\u00f6schzug Innstadt Startseite","item":"https:\/\/www.ffpassau.de\/innstadt\/"},{"@type":"ListItem","position":2,"name":"Impressum"}]},{"@type":"WebSite","@id":"https:\/\/www.ffpassau.de\/innstadt\/#website","url":"https:\/\/www.ffpassau.de\/innstadt\/","name":"Feuerwehr Passau - L\u00f6schzug Innstadt","description":"","publisher":{"@id":"https:\/\/www.ffpassau.de\/innstadt\/#organization"},"potentialAction":[{"@type":"SearchAction","target":{"@type":"EntryPoint","urlTemplate":"https:\/\/www.ffpassau.de\/innstadt\/?s={search_term_string}"},"query-input":{"@type":"PropertyValueSpecification","valueRequired":true,"valueName":"search_term_string"}}],"inLanguage":"de"},{"@type":"Organization","@id":"https:\/\/www.ffpassau.de\/innstadt\/#organization","name":"Feuerwehr Passau - L\u00f6schzug Innstadt","url":"https:\/\/www.ffpassau.de\/innstadt\/","logo":{"@type":"ImageObject","inLanguage":"de","@id":"https:\/\/www.ffpassau.de\/innstadt\/#\/schema\/logo\/image\/","url":"https:\/\/www.ffpassau.de\/innstadt\/wp-content\/uploads\/sites\/2\/2020\/02\/lz_innstadt_logo.svg","contentUrl":"https:\/\/www.ffpassau.de\/innstadt\/wp-content\/uploads\/sites\/2\/2020\/02\/lz_innstadt_logo.svg","width":1,"height":1,"caption":"Feuerwehr Passau - L\u00f6schzug Innstadt"},"image":{"@id":"https:\/\/www.ffpassau.de\/innstadt\/#\/schema\/logo\/image\/"}}]}},"_links":{"self":[{"href":"https:\/\/www.ffpassau.de\/innstadt\/wp-json\/wp\/v2\/pages\/24","targetHints":{"allow":["GET"]}}],"collection":[{"href":"https:\/\/www.ffpassau.de\/innstadt\/wp-json\/wp\/v2\/pages"}],"about":[{"href":"https:\/\/www.ffpassau.de\/innstadt\/wp-json\/wp\/v2\/types\/page"}],"author":[{"embeddable":true,"href":"https:\/\/www.ffpassau.de\/innstadt\/wp-json\/wp\/v2\/users\/1"}],"replies":[{"embeddable":true,"href":"https:\/\/www.ffpassau.de\/innstadt\/wp-json\/wp\/v2\/comments?post=24"}],"version-history":[{"count":17,"href":"https:\/\/www.ffpassau.de\/innstadt\/wp-json\/wp\/v2\/pages\/24\/revisions"}],"predecessor-version":[{"id":991,"href":"https:\/\/www.ffpassau.de\/innstadt\/wp-json\/wp\/v2\/pages\/24\/revisions\/991"}],"wp:attachment":[{"href":"https:\/\/www.ffpassau.de\/innstadt\/wp-json\/wp\/v2\/media?parent=24"}],"curies":[{"name":"wp","href":"https:\/\/api.w.org\/{rel}","templated":true}]}}