{"id":3,"date":"2020-01-21T11:46:29","date_gmt":"2020-01-21T10:46:29","guid":{"rendered":"http:\/\/localhost\/innstadt\/?page_id=3"},"modified":"2020-03-22T02:26:52","modified_gmt":"2020-03-22T01:26:52","slug":"startseite","status":"publish","type":"page","link":"https:\/\/www.ffpassau.de\/innstadt\/","title":{"rendered":"Startseite"},"content":{"rendered":"<div id=\"pl-3\"  class=\"panel-layout\" ><div id=\"pg-3-0\"  class=\"panel-grid panel-no-style\" ><div id=\"pgc-3-0-0\"  class=\"panel-grid-cell\" ><div id=\"panel-3-0-0-0\" class=\"so-panel widget widget_sow-editor panel-first-child panel-last-child\" data-index=\"0\" ><div\n\t\t\t\n\t\t\tclass=\"so-widget-sow-editor so-widget-sow-editor-base\"\n\t\t\t\n\t\t>\n<div class=\"siteorigin-widget-tinymce textwidget\">\n\t<h1>Herzlich Willkommen bei der Feuerwehr Passau L\u00f6schzug Innstadt<\/h1>\n<\/div>\n<\/div><\/div><\/div><\/div><div id=\"pg-3-1\"  class=\"panel-grid panel-has-style\" ><div class=\"streched inverted padded panel-row-style panel-row-style-for-3-1\" ><div id=\"pgc-3-1-0\"  class=\"panel-grid-cell\" ><div id=\"panel-3-1-0-0\" class=\"widget_text so-panel widget widget_custom_html panel-first-child panel-last-child\" data-index=\"1\" ><div class=\"textwidget custom-html-widget\">\t<div class=\"row\">\n\t\t\t\t<div class=\"col-md-12\">\n\t\t\t\t<h2>\n\t\t\t\t\tNews und Aktuelles\n\t\t\t\t<\/h2>\n\t\t\t<\/div>\n\t<\/div>\n\n\n<div class=\"swiper-container-wrapper\">\n    <div class=\"swiper-container swiper-carousel\">\n        <div class=\"swiper-wrapper\">\n\t\t<div class=\"swiper-slide\">\n\t\t\t<div class=\"swiper-slide__wrapper\">\n\t\t\t\t<div class=\"swiper-slide__top\">\n\t\t\t\t\t<div class=\"swiper-slide__image\">\n\t\t\t\t\t\t\t\t\t\t\t\t\t<a href=\"https:\/\/www.ffpassau.de\/innstadt\/2026\/04\/erste-objektuebung-in-2026\/\">\n\n\t\t\t\t\t\t\t<div class=\"swiper-slide__image--inner swiper-lazy\" data-background=\"https:\/\/www.ffpassau.de\/innstadt\/wp-content\/uploads\/sites\/2\/2026\/04\/Gambrinus26-1024x768.jpeg\"><\/div>\n\t\t\t\t\t\t\t<div class=\"swiper-slide__placeholder\"><\/div>\n\t\t\t\t\t\t\t<\/a>\n\t\t\t\t\t\t\t\t\t\t\t\t<\/div>\n\t\t\t\t\t<div class=\"swiper-slide__meta\">\n\t\t\t\t\t\t20. Apr. 2026\t\t\t\t\t\t\n\t\t\t\t\t<\/div>\n\t\t\t\t\t<div class=\"swiper-slide__header\">\n\t\t\t\t\t\t<a href=\"https:\/\/www.ffpassau.de\/innstadt\/2026\/04\/erste-objektuebung-in-2026\/\">\n\t\t\t\t\t\t\tErste Objekt\u00fcbung in 2026\t\t\t\t\t\t<\/a>\n\t\t\t\t\t<\/div>\n\t\t\t\t\t<div class=\"swiper-slide__content\">\n\t\t\t\t\t\t\tAm vergangenen Freitag fand bei sch\u00f6nem Wetter und fr\u00fchlingshaften Temperaturen die erste Objekt\u00fcbung vom L\u00f6schzug Innstadt in 2026 stat\t\t\t\t\t<\/div>\n\t\t\t\t<\/div>\n\t\t\t\t<div class=\"swiper-slide__bottom\">\n\t\t\t\t\t<div class=\"swiper-slide__footer\">\n\t\t\t\t\t\t<a href=\"https:\/\/www.ffpassau.de\/innstadt\/2026\/04\/erste-objektuebung-in-2026\/\">Mehr lesen <span class=\"lnr lnr-arrow-right\"><\/span><\/a>\n\t\t\t\t\t\t\n\t\t\t\t\t<\/div>\t\n\t\t\t\t<\/div>\n\n\t\t\t<\/div>\n\t\t<\/div>\n\n\t\t\t\t<div class=\"swiper-slide\">\n\t\t\t<div class=\"swiper-slide__wrapper\">\n\t\t\t\t<div class=\"swiper-slide__top\">\n\t\t\t\t\t<div class=\"swiper-slide__image\">\n\t\t\t\t\t\t\t\t\t\t\t\t\t<a href=\"https:\/\/www.ffpassau.de\/innstadt\/2025\/05\/beeindruckende-leistungspruefung\/\">\n\n\t\t\t\t\t\t\t<div class=\"swiper-slide__image--inner swiper-lazy\" data-background=\"https:\/\/www.ffpassau.de\/innstadt\/wp-content\/uploads\/sites\/2\/2025\/06\/leistungspruefung-innstadt-25-4-1024x683.jpg\"><\/div>\n\t\t\t\t\t\t\t<div class=\"swiper-slide__placeholder\"><\/div>\n\t\t\t\t\t\t\t<\/a>\n\t\t\t\t\t\t\t\t\t\t\t\t<\/div>\n\t\t\t\t\t<div class=\"swiper-slide__meta\">\n\t\t\t\t\t\t30. May. 2025\t\t\t\t\t\t\n\t\t\t\t\t<\/div>\n\t\t\t\t\t<div class=\"swiper-slide__header\">\n\t\t\t\t\t\t<a href=\"https:\/\/www.ffpassau.de\/innstadt\/2025\/05\/beeindruckende-leistungspruefung\/\">\n\t\t\t\t\t\t\tBeeindruckende Leistungspr\u00fcfung\t\t\t\t\t\t<\/a>\n\t\t\t\t\t<\/div>\n\t\t\t\t\t<div class=\"swiper-slide__content\">\n\t\t\t\t\t\t\tVier Feuerwehrfrauen und elf Feuerwehrm\u00e4nner des L\u00f6schzugs Innstadt stellten sich am Montag der Leistungspr\u00fcfung \u201eDie Gruppe im L\u00f6sche\t\t\t\t\t<\/div>\n\t\t\t\t<\/div>\n\t\t\t\t<div class=\"swiper-slide__bottom\">\n\t\t\t\t\t<div class=\"swiper-slide__footer\">\n\t\t\t\t\t\t<a href=\"https:\/\/www.ffpassau.de\/innstadt\/2025\/05\/beeindruckende-leistungspruefung\/\">Mehr lesen <span class=\"lnr lnr-arrow-right\"><\/span><\/a>\n\t\t\t\t\t\t\n\t\t\t\t\t<\/div>\t\n\t\t\t\t<\/div>\n\n\t\t\t<\/div>\n\t\t<\/div>\n\n\t\t\t\t<div class=\"swiper-slide\">\n\t\t\t<div class=\"swiper-slide__wrapper\">\n\t\t\t\t<div class=\"swiper-slide__top\">\n\t\t\t\t\t<div class=\"swiper-slide__image\">\n\t\t\t\t\t\t\t\t\t\t\t\t\t<a href=\"https:\/\/www.ffpassau.de\/innstadt\/2025\/03\/generationswechsel-in-der-innstadt\/\">\n\n\t\t\t\t\t\t\t<div class=\"swiper-slide__image--inner swiper-lazy\" data-background=\"https:\/\/www.ffpassau.de\/innstadt\/wp-content\/uploads\/sites\/2\/2025\/03\/jhv25-1024x683.jpg\"><\/div>\n\t\t\t\t\t\t\t<div class=\"swiper-slide__placeholder\"><\/div>\n\t\t\t\t\t\t\t<\/a>\n\t\t\t\t\t\t\t\t\t\t\t\t<\/div>\n\t\t\t\t\t<div class=\"swiper-slide__meta\">\n\t\t\t\t\t\t29. Mar. 2025\t\t\t\t\t\t\n\t\t\t\t\t<\/div>\n\t\t\t\t\t<div class=\"swiper-slide__header\">\n\t\t\t\t\t\t<a href=\"https:\/\/www.ffpassau.de\/innstadt\/2025\/03\/generationswechsel-in-der-innstadt\/\">\n\t\t\t\t\t\t\tGenerationswechsel in der Innstadt\t\t\t\t\t\t<\/a>\n\t\t\t\t\t<\/div>\n\t\t\t\t\t<div class=\"swiper-slide__content\">\n\t\t\t\t\t\t\tMit reichlich Emotionen gespickt war die Jahreshauptversammlung des L\u00f6schzugs Innstadt: Nach acht Jahren zog sich Gerhard Woller aus pers\u00f6\t\t\t\t\t<\/div>\n\t\t\t\t<\/div>\n\t\t\t\t<div class=\"swiper-slide__bottom\">\n\t\t\t\t\t<div class=\"swiper-slide__footer\">\n\t\t\t\t\t\t<a href=\"https:\/\/www.ffpassau.de\/innstadt\/2025\/03\/generationswechsel-in-der-innstadt\/\">Mehr lesen <span class=\"lnr lnr-arrow-right\"><\/span><\/a>\n\t\t\t\t\t\t\n\t\t\t\t\t<\/div>\t\n\t\t\t\t<\/div>\n\n\t\t\t<\/div>\n\t\t<\/div>\n\n\t\t\t\t<div class=\"swiper-slide\">\n\t\t\t<div class=\"swiper-slide__wrapper\">\n\t\t\t\t<div class=\"swiper-slide__top\">\n\t\t\t\t\t<div class=\"swiper-slide__image\">\n\t\t\t\t\t\t\t\t\t\t\t\t\t<a href=\"https:\/\/www.ffpassau.de\/innstadt\/2024\/05\/florianifeier-mit-uebergabe-des-fahnentraeger-amtes\/\">\n\n\t\t\t\t\t\t\t<div class=\"swiper-slide__image--inner swiper-lazy\" data-background=\"https:\/\/www.ffpassau.de\/innstadt\/wp-content\/uploads\/sites\/2\/2024\/05\/Florianifeier24-1-1024x768.jpg\"><\/div>\n\t\t\t\t\t\t\t<div class=\"swiper-slide__placeholder\"><\/div>\n\t\t\t\t\t\t\t<\/a>\n\t\t\t\t\t\t\t\t\t\t\t\t<\/div>\n\t\t\t\t\t<div class=\"swiper-slide__meta\">\n\t\t\t\t\t\t05. May. 2024\t\t\t\t\t\t\n\t\t\t\t\t<\/div>\n\t\t\t\t\t<div class=\"swiper-slide__header\">\n\t\t\t\t\t\t<a href=\"https:\/\/www.ffpassau.de\/innstadt\/2024\/05\/florianifeier-mit-uebergabe-des-fahnentraeger-amtes\/\">\n\t\t\t\t\t\t\tFlorianifeier mit \u00dcbergabe des Fahnentr\u00e4ger-Amtes\t\t\t\t\t\t<\/a>\n\t\t\t\t\t<\/div>\n\t\t\t\t\t<div class=\"swiper-slide__content\">\n\t\t\t\t\t\t\tZu Ehren seines Schutzpatrons hatte der L\u00f6schzug Innstadt am Freitag zur Florianifeier geladen. Der Festzug vom Ger\u00e4tehaus in der Jahnstra\t\t\t\t\t<\/div>\n\t\t\t\t<\/div>\n\t\t\t\t<div class=\"swiper-slide__bottom\">\n\t\t\t\t\t<div class=\"swiper-slide__footer\">\n\t\t\t\t\t\t<a href=\"https:\/\/www.ffpassau.de\/innstadt\/2024\/05\/florianifeier-mit-uebergabe-des-fahnentraeger-amtes\/\">Mehr lesen <span class=\"lnr lnr-arrow-right\"><\/span><\/a>\n\t\t\t\t\t\t\n\t\t\t\t\t<\/div>\t\n\t\t\t\t<\/div>\n\n\t\t\t<\/div>\n\t\t<\/div>\n\n\t\t\t\t<div class=\"swiper-slide\">\n\t\t\t<div class=\"swiper-slide__wrapper\">\n\t\t\t\t<div class=\"swiper-slide__top\">\n\t\t\t\t\t<div class=\"swiper-slide__image\">\n\t\t\t\t\t\t\t\t\t\t\t\t\t<a href=\"https:\/\/www.ffpassau.de\/innstadt\/2024\/03\/ganz-sicher-kein-normales-jahr\/\">\n\n\t\t\t\t\t\t\t<div class=\"swiper-slide__image--inner swiper-lazy\" data-background=\"https:\/\/www.ffpassau.de\/innstadt\/wp-content\/uploads\/sites\/2\/2024\/05\/jhv24-1024x683.jpg\"><\/div>\n\t\t\t\t\t\t\t<div class=\"swiper-slide__placeholder\"><\/div>\n\t\t\t\t\t\t\t<\/a>\n\t\t\t\t\t\t\t\t\t\t\t\t<\/div>\n\t\t\t\t\t<div class=\"swiper-slide__meta\">\n\t\t\t\t\t\t18. Mar. 2024\t\t\t\t\t\t\n\t\t\t\t\t<\/div>\n\t\t\t\t\t<div class=\"swiper-slide__header\">\n\t\t\t\t\t\t<a href=\"https:\/\/www.ffpassau.de\/innstadt\/2024\/03\/ganz-sicher-kein-normales-jahr\/\">\n\t\t\t\t\t\t\tGanz sicher kein normales Jahr\t\t\t\t\t\t<\/a>\n\t\t\t\t\t<\/div>\n\t\t\t\t\t<div class=\"swiper-slide__content\">\n\t\t\t\t\t\t\t\u201e2023 war f\u00fcr uns ein halbwegs normales Feuerwehrjahr\u201c, konstatierte Zugf\u00fchrer Thomas Pratsch in seinem Bericht auf der Jahreshauptver\t\t\t\t\t<\/div>\n\t\t\t\t<\/div>\n\t\t\t\t<div class=\"swiper-slide__bottom\">\n\t\t\t\t\t<div class=\"swiper-slide__footer\">\n\t\t\t\t\t\t<a href=\"https:\/\/www.ffpassau.de\/innstadt\/2024\/03\/ganz-sicher-kein-normales-jahr\/\">Mehr lesen <span class=\"lnr lnr-arrow-right\"><\/span><\/a>\n\t\t\t\t\t\t\n\t\t\t\t\t<\/div>\t\n\t\t\t\t<\/div>\n\n\t\t\t<\/div>\n\t\t<\/div>\n\n\t\t\t\t<div class=\"swiper-slide\">\n\t\t\t<div class=\"swiper-slide__wrapper\">\n\t\t\t\t<div class=\"swiper-slide__top\">\n\t\t\t\t\t<div class=\"swiper-slide__image\">\n\t\t\t\t\t\t\t\t\t\t\t\t\t<a href=\"https:\/\/www.ffpassau.de\/innstadt\/2023\/12\/eine-schoene-weihnachts-tradition-das-friedenslicht\/\">\n\n\t\t\t\t\t\t\t<div class=\"swiper-slide__image--inner swiper-lazy\" data-background=\"https:\/\/www.ffpassau.de\/innstadt\/wp-content\/uploads\/sites\/2\/2023\/12\/friedenslicht-uebergabe-2023.jpg\"><\/div>\n\t\t\t\t\t\t\t<div class=\"swiper-slide__placeholder\"><\/div>\n\t\t\t\t\t\t\t<\/a>\n\t\t\t\t\t\t\t\t\t\t\t\t<\/div>\n\t\t\t\t\t<div class=\"swiper-slide__meta\">\n\t\t\t\t\t\t24. Dec. 2023\t\t\t\t\t\t\n\t\t\t\t\t<\/div>\n\t\t\t\t\t<div class=\"swiper-slide__header\">\n\t\t\t\t\t\t<a href=\"https:\/\/www.ffpassau.de\/innstadt\/2023\/12\/eine-schoene-weihnachts-tradition-das-friedenslicht\/\">\n\t\t\t\t\t\t\tEine sch\u00f6ne Weihnachts-Tradition: das Friedenslicht\t\t\t\t\t\t<\/a>\n\t\t\t\t\t<\/div>\n\t\t\t\t\t<div class=\"swiper-slide__content\">\n\t\t\t\t\t\t\tSeit 17 Jahren \u00fcberbringen Kameraden der Freiwilligen Feuerwehr Schardenberg immer am Morgen des 24. Dezember das Friedenslicht aus Bethleh\t\t\t\t\t<\/div>\n\t\t\t\t<\/div>\n\t\t\t\t<div class=\"swiper-slide__bottom\">\n\t\t\t\t\t<div class=\"swiper-slide__footer\">\n\t\t\t\t\t\t<a href=\"https:\/\/www.ffpassau.de\/innstadt\/2023\/12\/eine-schoene-weihnachts-tradition-das-friedenslicht\/\">Mehr lesen <span class=\"lnr lnr-arrow-right\"><\/span><\/a>\n\t\t\t\t\t\t\n\t\t\t\t\t<\/div>\t\n\t\t\t\t<\/div>\n\n\t\t\t<\/div>\n\t\t<\/div>\n\n\t\t\t\t<div class=\"swiper-slide\">\n\t\t\t<div class=\"swiper-slide__wrapper\">\n\t\t\t\t<div class=\"swiper-slide__top\">\n\t\t\t\t\t<div class=\"swiper-slide__image\">\n\t\t\t\t\t\t\t\t\t\t\t\t\t<a href=\"https:\/\/www.ffpassau.de\/innstadt\/2023\/10\/starkes-ergebnis-bei-leistungspruefung\/\">\n\n\t\t\t\t\t\t\t<div class=\"swiper-slide__image--inner swiper-lazy\" data-background=\"https:\/\/www.ffpassau.de\/innstadt\/wp-content\/uploads\/sites\/2\/2023\/10\/Leistungsabzeichen-Innstadt-2023-1024x597.jpg\"><\/div>\n\t\t\t\t\t\t\t<div class=\"swiper-slide__placeholder\"><\/div>\n\t\t\t\t\t\t\t<\/a>\n\t\t\t\t\t\t\t\t\t\t\t\t<\/div>\n\t\t\t\t\t<div class=\"swiper-slide__meta\">\n\t\t\t\t\t\t24. Oct. 2023\t\t\t\t\t\t\n\t\t\t\t\t<\/div>\n\t\t\t\t\t<div class=\"swiper-slide__header\">\n\t\t\t\t\t\t<a href=\"https:\/\/www.ffpassau.de\/innstadt\/2023\/10\/starkes-ergebnis-bei-leistungspruefung\/\">\n\t\t\t\t\t\t\tStarkes Ergebnis bei Leistungspr\u00fcfung\t\t\t\t\t\t<\/a>\n\t\t\t\t\t<\/div>\n\t\t\t\t\t<div class=\"swiper-slide__content\">\n\t\t\t\t\t\t\tBeim L\u00f6schzug Innstadt hie\u00df es am Montagabend \u201eGruppe zur Leistungspr\u00fcfung antreten\u201c: Zw\u00f6lf Feuerwehrm\u00e4nner und eine Feuerwehrfrau \t\t\t\t\t<\/div>\n\t\t\t\t<\/div>\n\t\t\t\t<div class=\"swiper-slide__bottom\">\n\t\t\t\t\t<div class=\"swiper-slide__footer\">\n\t\t\t\t\t\t<a href=\"https:\/\/www.ffpassau.de\/innstadt\/2023\/10\/starkes-ergebnis-bei-leistungspruefung\/\">Mehr lesen <span class=\"lnr lnr-arrow-right\"><\/span><\/a>\n\t\t\t\t\t\t\n\t\t\t\t\t<\/div>\t\n\t\t\t\t<\/div>\n\n\t\t\t<\/div>\n\t\t<\/div>\n\n\t\t\t\t<div class=\"swiper-slide\">\n\t\t\t<div class=\"swiper-slide__wrapper\">\n\t\t\t\t<div class=\"swiper-slide__top\">\n\t\t\t\t\t<div class=\"swiper-slide__image\">\n\t\t\t\t\t\t\t\t\t\t\t\t\t<a href=\"https:\/\/www.ffpassau.de\/innstadt\/2023\/06\/fahrsicherheitstraining-fuer-einsatzfahrzeuge\/\">\n\n\t\t\t\t\t\t\t<div class=\"swiper-slide__image--inner swiper-lazy\" data-background=\"https:\/\/www.ffpassau.de\/innstadt\/wp-content\/uploads\/sites\/2\/2023\/06\/fahrsicherheitstraining2023.jpg\"><\/div>\n\t\t\t\t\t\t\t<div class=\"swiper-slide__placeholder\"><\/div>\n\t\t\t\t\t\t\t<\/a>\n\t\t\t\t\t\t\t\t\t\t\t\t<\/div>\n\t\t\t\t\t<div class=\"swiper-slide__meta\">\n\t\t\t\t\t\t06. Jun. 2023\t\t\t\t\t\t\n\t\t\t\t\t<\/div>\n\t\t\t\t\t<div class=\"swiper-slide__header\">\n\t\t\t\t\t\t<a href=\"https:\/\/www.ffpassau.de\/innstadt\/2023\/06\/fahrsicherheitstraining-fuer-einsatzfahrzeuge\/\">\n\t\t\t\t\t\t\tFahrsicherheitstraining f\u00fcr Einsatzfahrzeuge\t\t\t\t\t\t<\/a>\n\t\t\t\t\t<\/div>\n\t\t\t\t\t<div class=\"swiper-slide__content\">\n\t\t\t\t\t\t\tZwei Maschinisten des L\u00f6schzugs Innstadt durften zuletzt an einem Fahrsicherheitstraining f\u00fcr Einsatzfahrzeuge teilnehmen \u2013 und zwar mit\t\t\t\t\t<\/div>\n\t\t\t\t<\/div>\n\t\t\t\t<div class=\"swiper-slide__bottom\">\n\t\t\t\t\t<div class=\"swiper-slide__footer\">\n\t\t\t\t\t\t<a href=\"https:\/\/www.ffpassau.de\/innstadt\/2023\/06\/fahrsicherheitstraining-fuer-einsatzfahrzeuge\/\">Mehr lesen <span class=\"lnr lnr-arrow-right\"><\/span><\/a>\n\t\t\t\t\t\t\n\t\t\t\t\t<\/div>\t\n\t\t\t\t<\/div>\n\n\t\t\t<\/div>\n\t\t<\/div>\n\n\t\t\t\t<div class=\"swiper-slide\">\n\t\t\t<div class=\"swiper-slide__wrapper\">\n\t\t\t\t<div class=\"swiper-slide__top\">\n\t\t\t\t\t<div class=\"swiper-slide__image\">\n\t\t\t\t\t\t\t\t\t\t\t\t\t<a href=\"https:\/\/www.ffpassau.de\/innstadt\/2023\/03\/zurueck-in-der-feuerwehr-routine\/\">\n\n\t\t\t\t\t\t\t<div class=\"swiper-slide__image--inner swiper-lazy\" data-background=\"https:\/\/www.ffpassau.de\/innstadt\/wp-content\/uploads\/sites\/2\/2023\/03\/JHV-2023.jpg\"><\/div>\n\t\t\t\t\t\t\t<div class=\"swiper-slide__placeholder\"><\/div>\n\t\t\t\t\t\t\t<\/a>\n\t\t\t\t\t\t\t\t\t\t\t\t<\/div>\n\t\t\t\t\t<div class=\"swiper-slide__meta\">\n\t\t\t\t\t\t21. Mar. 2023\t\t\t\t\t\t\n\t\t\t\t\t<\/div>\n\t\t\t\t\t<div class=\"swiper-slide__header\">\n\t\t\t\t\t\t<a href=\"https:\/\/www.ffpassau.de\/innstadt\/2023\/03\/zurueck-in-der-feuerwehr-routine\/\">\n\t\t\t\t\t\t\tZur\u00fcck in der Feuerwehr-Routine\t\t\t\t\t\t<\/a>\n\t\t\t\t\t<\/div>\n\t\t\t\t\t<div class=\"swiper-slide__content\">\n\t\t\t\t\t\t\tNach den beiden Pandemiejahren ist 2022 wieder der \u201enormale\u201c Feuerwehralltag zur\u00fcckgekehrt beim L\u00f6schzug Innstadt der Freiwilligen Feu\t\t\t\t\t<\/div>\n\t\t\t\t<\/div>\n\t\t\t\t<div class=\"swiper-slide__bottom\">\n\t\t\t\t\t<div class=\"swiper-slide__footer\">\n\t\t\t\t\t\t<a href=\"https:\/\/www.ffpassau.de\/innstadt\/2023\/03\/zurueck-in-der-feuerwehr-routine\/\">Mehr lesen <span class=\"lnr lnr-arrow-right\"><\/span><\/a>\n\t\t\t\t\t\t\n\t\t\t\t\t<\/div>\t\n\t\t\t\t<\/div>\n\n\t\t\t<\/div>\n\t\t<\/div>\n\n\t\t\t\t<div class=\"swiper-slide\">\n\t\t\t<div class=\"swiper-slide__wrapper\">\n\t\t\t\t<div class=\"swiper-slide__top\">\n\t\t\t\t\t<div class=\"swiper-slide__image\">\n\t\t\t\t\t\t\t\t\t\t\t\t\t<a href=\"https:\/\/www.ffpassau.de\/innstadt\/2022\/10\/kameraden-ueberzeugen-bei-leistungspruefung\/\">\n\n\t\t\t\t\t\t\t<div class=\"swiper-slide__image--inner swiper-lazy\" data-background=\"https:\/\/www.ffpassau.de\/innstadt\/wp-content\/uploads\/sites\/2\/2022\/10\/Leistungsabzeichen-Innstadt-2022-1024x622.jpg\"><\/div>\n\t\t\t\t\t\t\t<div class=\"swiper-slide__placeholder\"><\/div>\n\t\t\t\t\t\t\t<\/a>\n\t\t\t\t\t\t\t\t\t\t\t\t<\/div>\n\t\t\t\t\t<div class=\"swiper-slide__meta\">\n\t\t\t\t\t\t24. Oct. 2022\t\t\t\t\t\t\n\t\t\t\t\t<\/div>\n\t\t\t\t\t<div class=\"swiper-slide__header\">\n\t\t\t\t\t\t<a href=\"https:\/\/www.ffpassau.de\/innstadt\/2022\/10\/kameraden-ueberzeugen-bei-leistungspruefung\/\">\n\t\t\t\t\t\t\tKameraden \u00fcberzeugen bei Leistungspr\u00fcfung\t\t\t\t\t\t<\/a>\n\t\t\t\t\t<\/div>\n\t\t\t\t\t<div class=\"swiper-slide__content\">\n\t\t\t\t\t\t\tBei der Leistungspr\u00fcfung \u201eDie Gruppe im L\u00f6scheinsatz\u201c demonstrierten am Samstag zwei Gruppen des L\u00f6schzugs Innstadt der Freiwilligen \t\t\t\t\t<\/div>\n\t\t\t\t<\/div>\n\t\t\t\t<div class=\"swiper-slide__bottom\">\n\t\t\t\t\t<div class=\"swiper-slide__footer\">\n\t\t\t\t\t\t<a href=\"https:\/\/www.ffpassau.de\/innstadt\/2022\/10\/kameraden-ueberzeugen-bei-leistungspruefung\/\">Mehr lesen <span class=\"lnr lnr-arrow-right\"><\/span><\/a>\n\t\t\t\t\t\t\n\t\t\t\t\t<\/div>\t\n\t\t\t\t<\/div>\n\n\t\t\t<\/div>\n\t\t<\/div>\n\n\t\t\t\t<\/div>\n\t\t<div class=\"row\">\n\t\t\t<div class=\"col-md-12\">\n\t\t\t\t<div class=\"swiper-buttons\">\n\t\t\t\t\t<div class=\"swiper-buttons__next\"><\/div>\n\t\t\t\t\t<div class=\"swiper-buttons__prev\"><\/div>\n\t\t\t\t<\/div>\n\t\t\t<\/div>\n\t\t<\/div>\n\t<\/div>\n<\/div>\n\n<\/div><\/div><\/div><\/div><\/div><div id=\"pg-3-2\"  class=\"panel-grid panel-no-style\" ><div id=\"pgc-3-2-0\"  class=\"panel-grid-cell\" ><div id=\"panel-3-2-0-0\" class=\"so-panel widget widget_sow-editor panel-first-child\" data-index=\"2\" ><div\n\t\t\t\n\t\t\tclass=\"so-widget-sow-editor so-widget-sow-editor-base\"\n\t\t\t\n\t\t>\n<div class=\"siteorigin-widget-tinymce textwidget\">\n\t<h2>Ehrenamt Feuerwehr<\/h2>\n<p>Die Feuerwehr ist ein Ehrenamt. Nur in wenigen Gro\u00dfst\u00e4dten gibt es Berufsfeuerwehren. Auch der L\u00f6schzug Innstadt besteht ausschlie\u00dflich aus ehrenamtlichen Mitgliedern. Das hei\u00dft unsere Aktiven \u00fcben den Feuerwehrdienst w\u00e4hrend ihrer Arbeits- oder Freizeit aus. Gerade tags\u00fcber kann es daher vorkommen, dass sich im Alarmfall nur wenige Freiwillige am Ger\u00e4tehaus einfinden, um anderen in Not zu helfen. Daher sind wir immer auf der Suche nach neuen Mitgliedern. Dabei sind nicht nur Jugendliche bei uns willkommen, sondern auch Erwachsene \u2013 egal ob mit oder ohne Vorerfahrung. Durch die Modulare Truppausbildung wird jeder schnell an das Tagesgesch\u00e4ft der Feuerwehr herangef\u00fchrt und entsprechend ausgebildet.<\/p>\n<p><strong>Trau dich und werde auch du ein Teil deiner Feuerwehr!<\/strong><\/p>\n<\/div>\n<\/div><\/div><div id=\"panel-3-2-0-1\" class=\"widget_text so-panel widget widget_custom_html panel-last-child\" data-index=\"3\" ><div class=\"textwidget custom-html-widget\"><a href=\"\/innstadt\/aktive\/\" class=\"btn\"><span class=\"btn__text\">Unser L\u00f6schzug<\/span><\/a><\/div><\/div><\/div><div id=\"pgc-3-2-1\"  class=\"panel-grid-cell\" ><div id=\"panel-3-2-1-0\" class=\"so-panel widget widget_sow-editor panel-first-child\" data-index=\"4\" ><div\n\t\t\t\n\t\t\tclass=\"so-widget-sow-editor so-widget-sow-editor-base\"\n\t\t\t\n\t\t>\n<div class=\"siteorigin-widget-tinymce textwidget\">\n\t<h2>Jede Unterst\u00fctzung z\u00e4hlt<\/h2>\n<p>Der Freiwillige Feuerwehr Passau L\u00f6schzug Innstadt e.V. unterst\u00fctzt den L\u00f6schzug Innstadt in seiner Arbeit. Die aktiven Mitglieder des L\u00f6schzugs sind gleichzeitig Mitglieder des Vereins. Aber auch jeder andere Interessierte kann im Verein mitwirken und damit letztlich die aktive Feuerwehrarbeit unterst\u00fctzen \u2013 ohne unbedingt gleich selbst ausr\u00fccken zu m\u00fcssen. Gerade die Spenden und Beitr\u00e4ge unserer F\u00f6rdermitglieder stellen f\u00fcr uns eine essenzielle St\u00fctze dar, mit der z. B. wichtige Ausr\u00fcstung bezuschusst werden kann. Mitmachen kann man bei uns auf ganz vielf\u00e4ltige Weise: in der Kinder- (8 bis 11 Jahre) und Jugendfeuerwehr (12 bis 17 Jahre), als aktive Mitglieder (18 bis 65 Jahre) oder eben als F\u00f6rdermitglied.<\/p>\n<p><strong>Unterst\u00fctzen Sie uns noch heute als F\u00f6rdermitglied!<\/strong><\/p>\n<\/div>\n<\/div><\/div><div id=\"panel-3-2-1-1\" class=\"widget_text so-panel widget widget_custom_html panel-last-child\" data-index=\"5\" ><div class=\"textwidget custom-html-widget\"><a href=\"\/innstadt\/verein\/\" class=\"btn\"><span class=\"btn__text\">Unser Feuerwehrverein<\/span><\/a><\/div><\/div><\/div><\/div><div id=\"pg-3-3\"  class=\"panel-grid panel-has-style\" ><div class=\"inverted padded streched panel-row-style panel-row-style-for-3-3\" ><div id=\"pgc-3-3-0\"  class=\"panel-grid-cell\" ><div id=\"panel-3-3-0-0\" class=\"widget_text so-panel widget widget_custom_html panel-first-child\" data-index=\"6\" ><div class=\"textwidget custom-html-widget\"><h2>Die letzten 5 Eins\u00e4tze<\/h2>\t \t \n\t\t\t\t\t<div class=\"commitments-header\">\n\t\t\t\t\t\t<div class=\"commitments-item\">\n\t\t\t\t\t\t\t<div class=\"commitments-item__category\">\n\t\t\t\t\t\t\tEinsatztyp\n\t\t\t\t\t\t\t<\/div>\n\t\t\t\t\t\t\t<div class=\"commitments-item__datetime\">\n\t\t\t\t\t\t\tDatum \/ Uhrzeit  \n\t\t\t\t\t\t\t<\/div>\n\t\t\t\t\t\t\t<div class=\"commitments-item__place\">\n\t\t\t\t\t\t\tEinsatzort\n\t\t\t\t\t\t\t<\/div>\n\t\t\t\t\t\t\t<div class=\"commitments-item__depts\">\n\t\t\t\t\t\t\tBeteiligte Feuerwehren\n\t\t\t\t\t\t\t<\/div>\n\t\t\t\t\t\t\t<div class=\"commitments-item__image\">\n\t\t\t\t\t\t\tBilder\n\t\t\t\t\t\t\t<\/div>\n\t\t\t\t\t\t\t<div class=\"commitments-item__link\">\n\t\t\t\t\t\t\t\tDetails\n\t\t\t\t\t\t\t<\/div>                \n\t\t\t\t\t\t<\/div>\n\t\t\t\t\t<\/div>\n\n\n\n\n\n<div class=\"commitments-wrapper\">\n    <div class=\"commitments-item\">\n        <div class=\"commitments-item__category\">\n          \n         \n                <span class=\"alert-type alert-type-blue\"><\/span> \n                        <a href=\"https:\/\/www.ffpassau.de\/?p=9522\">\n                Personenrettung            <\/a>\n        \n        <\/div>\n\n\n        <div class=\"commitments-item__datetime\">\n            20.04.2026 10:59 Uhr        <\/div>\n        <div class=\"commitments-item__place\">\n            Domplatz        <\/div>\n        <div class=\"commitments-item__depts\">\n            L\u00f6schzug Hauptwache, L\u00f6schzug Innstadt        <\/div>\n        <div class=\"commitments-item__image\">\n                        <span class=\"lnr lnr-cross-circle\"><\/span> \n                    <\/div>\n        <div class=\"commitments-item__link\">\n        <a href=\"https:\/\/www.ffpassau.de\/?p=9522\"><span class=\"commitments-item__link-text\">Details ansehen<\/span><span class=\"lnr lnr-arrow-right\"><\/span><\/a>\n        <\/div>                \n    <\/div>\n<\/div>\n\n\n<div class=\"commitments-wrapper\">\n    <div class=\"commitments-item\">\n        <div class=\"commitments-item__category\">\n          \n         \n                <span class=\"alert-type alert-type-gray\"><\/span> \n                        <a href=\"https:\/\/www.ffpassau.de\/?p=9518\">\n                Absicherung Domlauf            <\/a>\n        \n        <\/div>\n\n\n        <div class=\"commitments-item__datetime\">\n            19.04.2026 11:30 Uhr        <\/div>\n        <div class=\"commitments-item__place\">\n            Altstadtbereich        <\/div>\n        <div class=\"commitments-item__depts\">\n            L\u00f6schzug Innstadt        <\/div>\n        <div class=\"commitments-item__image\">\n                        <span class=\"lnr lnr-cross-circle\"><\/span> \n                    <\/div>\n        <div class=\"commitments-item__link\">\n        <a href=\"https:\/\/www.ffpassau.de\/?p=9518\"><span class=\"commitments-item__link-text\">Details ansehen<\/span><span class=\"lnr lnr-arrow-right\"><\/span><\/a>\n        <\/div>                \n    <\/div>\n<\/div>\n\n\n<div class=\"commitments-wrapper\">\n    <div class=\"commitments-item\">\n        <div class=\"commitments-item__category\">\n          \n         \n                <span class=\"alert-type alert-type-blue\"><\/span> \n                        <a href=\"https:\/\/www.ffpassau.de\/?p=9517\">\n                Drehleiterrettung            <\/a>\n        \n        <\/div>\n\n\n        <div class=\"commitments-item__datetime\">\n            18.04.2026 16:52 Uhr        <\/div>\n        <div class=\"commitments-item__place\">\n            Gro\u00dfe Messergasse        <\/div>\n        <div class=\"commitments-item__depts\">\n            L\u00f6schzug Innstadt, L\u00f6schzug Ilzstadt        <\/div>\n        <div class=\"commitments-item__image\">\n                        <span class=\"lnr lnr-cross-circle\"><\/span> \n                    <\/div>\n        <div class=\"commitments-item__link\">\n        <a href=\"https:\/\/www.ffpassau.de\/?p=9517\"><span class=\"commitments-item__link-text\">Details ansehen<\/span><span class=\"lnr lnr-arrow-right\"><\/span><\/a>\n        <\/div>                \n    <\/div>\n<\/div>\n\n\n<div class=\"commitments-wrapper\">\n    <div class=\"commitments-item\">\n        <div class=\"commitments-item__category\">\n          \n         \n                <span class=\"alert-type alert-type-green\"><\/span> \n                        <a href=\"https:\/\/www.ffpassau.de\/?p=9512\">\n                BMA-Alarm \/ Rauchmelder ausgel\u00f6st            <\/a>\n        \n        <\/div>\n\n\n        <div class=\"commitments-item__datetime\">\n            15.04.2026 08:56 Uhr        <\/div>\n        <div class=\"commitments-item__place\">\n            Nibelungenplatz        <\/div>\n        <div class=\"commitments-item__depts\">\n            L\u00f6schzug Innstadt        <\/div>\n        <div class=\"commitments-item__image\">\n                        <span class=\"lnr lnr-cross-circle\"><\/span> \n                    <\/div>\n        <div class=\"commitments-item__link\">\n        <a href=\"https:\/\/www.ffpassau.de\/?p=9512\"><span class=\"commitments-item__link-text\">Details ansehen<\/span><span class=\"lnr lnr-arrow-right\"><\/span><\/a>\n        <\/div>                \n    <\/div>\n<\/div>\n\n\n<div class=\"commitments-wrapper\">\n    <div class=\"commitments-item\">\n        <div class=\"commitments-item__category\">\n          \n         \n                <span class=\"alert-type alert-type-blue\"><\/span> \n                        <a href=\"https:\/\/www.ffpassau.de\/?p=9508\">\n                Verkehrsunfall mit Motorrad            <\/a>\n        \n        <\/div>\n\n\n        <div class=\"commitments-item__datetime\">\n            13.04.2026 08:30 Uhr        <\/div>\n        <div class=\"commitments-item__place\">\n            Marienbr\u00fccke        <\/div>\n        <div class=\"commitments-item__depts\">\n            L\u00f6schzug Innstadt        <\/div>\n        <div class=\"commitments-item__image\">\n                        <span class=\"lnr lnr-cross-circle\"><\/span> \n                    <\/div>\n        <div class=\"commitments-item__link\">\n        <a href=\"https:\/\/www.ffpassau.de\/?p=9508\"><span class=\"commitments-item__link-text\">Details ansehen<\/span><span class=\"lnr lnr-arrow-right\"><\/span><\/a>\n        <\/div>                \n    <\/div>\n<\/div>\n\n<\/div><\/div><div id=\"panel-3-3-0-1\" class=\"widget_text so-panel widget widget_custom_html panel-last-child\" data-index=\"7\" ><div class=\"textwidget custom-html-widget\"><div class=\"commitment-legend\">\n    <div class=\"commitment-legend__item\">\n    <span class=\"alert-type alert-type-green\"><\/span> Fehlalarm \n    <\/div>\n    <div class=\"commitment-legend__item\">\n     <span class=\"alert-type alert-type-red\"><\/span> Brandeinsatz   \n    <\/div>\t\n    <div class=\"commitment-legend__item\">\n     <span class=\"alert-type alert-type-blue\"><\/span> THL   \n    <\/div>\n    <div class=\"commitment-legend__item\">\n     <span class=\"alert-type alert-type-gray\"><\/span> Sicherheitswache   \n    <\/div>\t\n<\/div><\/div><\/div><\/div><\/div><\/div><\/div>","protected":false},"excerpt":{"rendered":"<p>Herzlich Willkommen bei der Feuerwehr Passau L\u00f6schzug Innstadt Ehrenamt Feuerwehr Die Feuerwehr ist ein Ehrenamt. Nur in wenigen Gro\u00dfst\u00e4dten gibt es Berufsfeuerwehren. Auch der L\u00f6schzug Innstadt besteht ausschlie\u00dflich aus ehrenamtlichen Mitgliedern. Das hei\u00dft unsere Aktiven \u00fcben den Feuerwehrdienst w\u00e4hrend ihrer Arbeits- oder Freizeit aus. Gerade tags\u00fcber kann es daher vorkommen, dass sich im Alarmfall nur wenige Freiwillige am Ger\u00e4tehaus einfinden, um anderen in Not zu helfen. Daher sind wir immer auf der Suche nach neuen Mitgliedern. Dabei sind nicht nur Jugendliche bei uns willkommen, sondern auch Erwachsene \u2013 egal ob mit oder ohne Vorerfahrung. Durch die Modulare Truppausbildung wird jeder schnell an das Tagesgesch\u00e4ft der Feuerwehr herangef\u00fchrt und entsprechend ausgebildet. Trau dich und werde auch du ein Teil deiner Feuerwehr! Jede Unterst\u00fctzung z\u00e4hlt Der Freiwillige Feuerwehr Passau L\u00f6schzug Innstadt e.V. unterst\u00fctzt den L\u00f6schzug Innstadt in seiner Arbeit. Die aktiven Mitglieder [&hellip;]<\/p>\n","protected":false},"author":1,"featured_media":0,"parent":0,"menu_order":0,"comment_status":"closed","ping_status":"closed","template":"page-home.php","meta":{"footnotes":""},"class_list":["post-3","page","type-page","status-publish","hentry"],"yoast_head":"<!-- This site is optimized with the Yoast SEO plugin v24.3 - https:\/\/yoast.com\/wordpress\/plugins\/seo\/ -->\n<title>Startseite - Feuerwehr Passau - L\u00f6schzug Innstadt<\/title>\n<meta name=\"robots\" content=\"index, follow, max-snippet:-1, max-image-preview:large, max-video-preview:-1\" \/>\n<link rel=\"canonical\" href=\"https:\/\/www.ffpassau.de\/innstadt\/\" \/>\n<meta property=\"og:locale\" content=\"de_DE\" \/>\n<meta property=\"og:type\" content=\"article\" \/>\n<meta property=\"og:title\" content=\"Startseite - Feuerwehr Passau - L\u00f6schzug Innstadt\" \/>\n<meta property=\"og:description\" content=\"Herzlich Willkommen bei der Feuerwehr Passau L\u00f6schzug Innstadt Ehrenamt Feuerwehr Die Feuerwehr ist ein Ehrenamt. Nur in wenigen Gro\u00dfst\u00e4dten gibt es Berufsfeuerwehren. Auch der L\u00f6schzug Innstadt besteht ausschlie\u00dflich aus ehrenamtlichen Mitgliedern. Das hei\u00dft unsere Aktiven \u00fcben den Feuerwehrdienst w\u00e4hrend ihrer Arbeits- oder Freizeit aus. Gerade tags\u00fcber kann es daher vorkommen, dass sich im Alarmfall nur wenige Freiwillige am Ger\u00e4tehaus einfinden, um anderen in Not zu helfen. Daher sind wir immer auf der Suche nach neuen Mitgliedern. Dabei sind nicht nur Jugendliche bei uns willkommen, sondern auch Erwachsene \u2013 egal ob mit oder ohne Vorerfahrung. Durch die Modulare Truppausbildung wird jeder schnell an das Tagesgesch\u00e4ft der Feuerwehr herangef\u00fchrt und entsprechend ausgebildet. Trau dich und werde auch du ein Teil deiner Feuerwehr! Jede Unterst\u00fctzung z\u00e4hlt Der Freiwillige Feuerwehr Passau L\u00f6schzug Innstadt e.V. unterst\u00fctzt den L\u00f6schzug Innstadt in seiner Arbeit. Die aktiven Mitglieder [&hellip;]\" \/>\n<meta property=\"og:url\" content=\"https:\/\/www.ffpassau.de\/innstadt\/\" \/>\n<meta property=\"og:site_name\" content=\"Feuerwehr Passau - L\u00f6schzug Innstadt\" \/>\n<meta property=\"article:modified_time\" content=\"2020-03-22T01:26:52+00:00\" \/>\n<meta name=\"twitter:card\" content=\"summary_large_image\" \/>\n<meta name=\"twitter:label1\" content=\"Gesch\u00e4tzte Lesezeit\" \/>\n\t<meta name=\"twitter:data1\" content=\"2\u00a0Minuten\" \/>\n<script type=\"application\/ld+json\" class=\"yoast-schema-graph\">{\"@context\":\"https:\/\/schema.org\",\"@graph\":[{\"@type\":\"WebPage\",\"@id\":\"https:\/\/www.ffpassau.de\/innstadt\/\",\"url\":\"https:\/\/www.ffpassau.de\/innstadt\/\",\"name\":\"Startseite - Feuerwehr Passau - L\u00f6schzug Innstadt\",\"isPartOf\":{\"@id\":\"https:\/\/www.ffpassau.de\/innstadt\/#website\"},\"datePublished\":\"2020-01-21T10:46:29+00:00\",\"dateModified\":\"2020-03-22T01:26:52+00:00\",\"breadcrumb\":{\"@id\":\"https:\/\/www.ffpassau.de\/innstadt\/#breadcrumb\"},\"inLanguage\":\"de\",\"potentialAction\":[{\"@type\":\"ReadAction\",\"target\":[\"https:\/\/www.ffpassau.de\/innstadt\/\"]}]},{\"@type\":\"BreadcrumbList\",\"@id\":\"https:\/\/www.ffpassau.de\/innstadt\/#breadcrumb\",\"itemListElement\":[{\"@type\":\"ListItem\",\"position\":1,\"name\":\"L\u00f6schzug Innstadt Startseite\",\"item\":\"https:\/\/www.ffpassau.de\/innstadt\/\"},{\"@type\":\"ListItem\",\"position\":2,\"name\":\"Startseite\"}]},{\"@type\":\"WebSite\",\"@id\":\"https:\/\/www.ffpassau.de\/innstadt\/#website\",\"url\":\"https:\/\/www.ffpassau.de\/innstadt\/\",\"name\":\"Feuerwehr Passau - L\u00f6schzug Innstadt\",\"description\":\"\",\"publisher\":{\"@id\":\"https:\/\/www.ffpassau.de\/innstadt\/#organization\"},\"potentialAction\":[{\"@type\":\"SearchAction\",\"target\":{\"@type\":\"EntryPoint\",\"urlTemplate\":\"https:\/\/www.ffpassau.de\/innstadt\/?s={search_term_string}\"},\"query-input\":{\"@type\":\"PropertyValueSpecification\",\"valueRequired\":true,\"valueName\":\"search_term_string\"}}],\"inLanguage\":\"de\"},{\"@type\":\"Organization\",\"@id\":\"https:\/\/www.ffpassau.de\/innstadt\/#organization\",\"name\":\"Feuerwehr Passau - L\u00f6schzug Innstadt\",\"url\":\"https:\/\/www.ffpassau.de\/innstadt\/\",\"logo\":{\"@type\":\"ImageObject\",\"inLanguage\":\"de\",\"@id\":\"https:\/\/www.ffpassau.de\/innstadt\/#\/schema\/logo\/image\/\",\"url\":\"https:\/\/www.ffpassau.de\/innstadt\/wp-content\/uploads\/sites\/2\/2020\/02\/lz_innstadt_logo.svg\",\"contentUrl\":\"https:\/\/www.ffpassau.de\/innstadt\/wp-content\/uploads\/sites\/2\/2020\/02\/lz_innstadt_logo.svg\",\"width\":1,\"height\":1,\"caption\":\"Feuerwehr Passau - L\u00f6schzug Innstadt\"},\"image\":{\"@id\":\"https:\/\/www.ffpassau.de\/innstadt\/#\/schema\/logo\/image\/\"}}]}<\/script>\n<!-- \/ Yoast SEO plugin. -->","yoast_head_json":{"title":"Startseite - Feuerwehr Passau - L\u00f6schzug Innstadt","robots":{"index":"index","follow":"follow","max-snippet":"max-snippet:-1","max-image-preview":"max-image-preview:large","max-video-preview":"max-video-preview:-1"},"canonical":"https:\/\/www.ffpassau.de\/innstadt\/","og_locale":"de_DE","og_type":"article","og_title":"Startseite - Feuerwehr Passau - L\u00f6schzug Innstadt","og_description":"Herzlich Willkommen bei der Feuerwehr Passau L\u00f6schzug Innstadt Ehrenamt Feuerwehr Die Feuerwehr ist ein Ehrenamt. Nur in wenigen Gro\u00dfst\u00e4dten gibt es Berufsfeuerwehren. Auch der L\u00f6schzug Innstadt besteht ausschlie\u00dflich aus ehrenamtlichen Mitgliedern. Das hei\u00dft unsere Aktiven \u00fcben den Feuerwehrdienst w\u00e4hrend ihrer Arbeits- oder Freizeit aus. Gerade tags\u00fcber kann es daher vorkommen, dass sich im Alarmfall nur wenige Freiwillige am Ger\u00e4tehaus einfinden, um anderen in Not zu helfen. Daher sind wir immer auf der Suche nach neuen Mitgliedern. Dabei sind nicht nur Jugendliche bei uns willkommen, sondern auch Erwachsene \u2013 egal ob mit oder ohne Vorerfahrung. Durch die Modulare Truppausbildung wird jeder schnell an das Tagesgesch\u00e4ft der Feuerwehr herangef\u00fchrt und entsprechend ausgebildet. Trau dich und werde auch du ein Teil deiner Feuerwehr! Jede Unterst\u00fctzung z\u00e4hlt Der Freiwillige Feuerwehr Passau L\u00f6schzug Innstadt e.V. unterst\u00fctzt den L\u00f6schzug Innstadt in seiner Arbeit. Die aktiven Mitglieder [&hellip;]","og_url":"https:\/\/www.ffpassau.de\/innstadt\/","og_site_name":"Feuerwehr Passau - L\u00f6schzug Innstadt","article_modified_time":"2020-03-22T01:26:52+00:00","twitter_card":"summary_large_image","twitter_misc":{"Gesch\u00e4tzte Lesezeit":"2\u00a0Minuten"},"schema":{"@context":"https:\/\/schema.org","@graph":[{"@type":"WebPage","@id":"https:\/\/www.ffpassau.de\/innstadt\/","url":"https:\/\/www.ffpassau.de\/innstadt\/","name":"Startseite - Feuerwehr Passau - L\u00f6schzug Innstadt","isPartOf":{"@id":"https:\/\/www.ffpassau.de\/innstadt\/#website"},"datePublished":"2020-01-21T10:46:29+00:00","dateModified":"2020-03-22T01:26:52+00:00","breadcrumb":{"@id":"https:\/\/www.ffpassau.de\/innstadt\/#breadcrumb"},"inLanguage":"de","potentialAction":[{"@type":"ReadAction","target":["https:\/\/www.ffpassau.de\/innstadt\/"]}]},{"@type":"BreadcrumbList","@id":"https:\/\/www.ffpassau.de\/innstadt\/#breadcrumb","itemListElement":[{"@type":"ListItem","position":1,"name":"L\u00f6schzug Innstadt Startseite","item":"https:\/\/www.ffpassau.de\/innstadt\/"},{"@type":"ListItem","position":2,"name":"Startseite"}]},{"@type":"WebSite","@id":"https:\/\/www.ffpassau.de\/innstadt\/#website","url":"https:\/\/www.ffpassau.de\/innstadt\/","name":"Feuerwehr Passau - L\u00f6schzug Innstadt","description":"","publisher":{"@id":"https:\/\/www.ffpassau.de\/innstadt\/#organization"},"potentialAction":[{"@type":"SearchAction","target":{"@type":"EntryPoint","urlTemplate":"https:\/\/www.ffpassau.de\/innstadt\/?s={search_term_string}"},"query-input":{"@type":"PropertyValueSpecification","valueRequired":true,"valueName":"search_term_string"}}],"inLanguage":"de"},{"@type":"Organization","@id":"https:\/\/www.ffpassau.de\/innstadt\/#organization","name":"Feuerwehr Passau - L\u00f6schzug Innstadt","url":"https:\/\/www.ffpassau.de\/innstadt\/","logo":{"@type":"ImageObject","inLanguage":"de","@id":"https:\/\/www.ffpassau.de\/innstadt\/#\/schema\/logo\/image\/","url":"https:\/\/www.ffpassau.de\/innstadt\/wp-content\/uploads\/sites\/2\/2020\/02\/lz_innstadt_logo.svg","contentUrl":"https:\/\/www.ffpassau.de\/innstadt\/wp-content\/uploads\/sites\/2\/2020\/02\/lz_innstadt_logo.svg","width":1,"height":1,"caption":"Feuerwehr Passau - L\u00f6schzug Innstadt"},"image":{"@id":"https:\/\/www.ffpassau.de\/innstadt\/#\/schema\/logo\/image\/"}}]}},"_links":{"self":[{"href":"https:\/\/www.ffpassau.de\/innstadt\/wp-json\/wp\/v2\/pages\/3","targetHints":{"allow":["GET"]}}],"collection":[{"href":"https:\/\/www.ffpassau.de\/innstadt\/wp-json\/wp\/v2\/pages"}],"about":[{"href":"https:\/\/www.ffpassau.de\/innstadt\/wp-json\/wp\/v2\/types\/page"}],"author":[{"embeddable":true,"href":"https:\/\/www.ffpassau.de\/innstadt\/wp-json\/wp\/v2\/users\/1"}],"replies":[{"embeddable":true,"href":"https:\/\/www.ffpassau.de\/innstadt\/wp-json\/wp\/v2\/comments?post=3"}],"version-history":[{"count":70,"href":"https:\/\/www.ffpassau.de\/innstadt\/wp-json\/wp\/v2\/pages\/3\/revisions"}],"predecessor-version":[{"id":507,"href":"https:\/\/www.ffpassau.de\/innstadt\/wp-json\/wp\/v2\/pages\/3\/revisions\/507"}],"wp:attachment":[{"href":"https:\/\/www.ffpassau.de\/innstadt\/wp-json\/wp\/v2\/media?parent=3"}],"curies":[{"name":"wp","href":"https:\/\/api.w.org\/{rel}","templated":true}]}}